{"id":205,"date":"2014-04-01T08:38:02","date_gmt":"2014-04-01T08:38:02","guid":{"rendered":"http:\/\/www.nasetcentes.info\/?page_id=205"},"modified":"2026-04-21T14:50:07","modified_gmt":"2026-04-21T14:50:07","slug":"castellano-2","status":"publish","type":"page","link":"https:\/\/www.nasetcentes.info\/?page_id=205","title":{"rendered":"Castellano"},"content":{"rendered":"\n<p>Agroturismo Na Set Centes, <\/p>\n\n\n\n<p>Carretera Art\u00e0 \u2013 Canyamel, Km. 2,7, (Carretera Ma-4042) 07570 Art\u00e0 Mallorca.<\/p>\n\n\n\n<p> Web: &nbsp; <a href=\"http:\/\/www.nasetcentes.com\">www.nasetcentes.com<\/a> &nbsp;Email: <a href=\"mailto:finca@nasetcentes.com\">finca@nasetcentes.com<\/a><\/p>\n\n\n<p><a href=\"https:\/\/www.nasetcentes.info\/wp-content\/uploads\/20240419_132756-Morer-Na-Set-Centes-scaled.jpg\"><img loading=\"lazy\" decoding=\"async\" class=\"aligncenter size-large wp-image-1564\" src=\"https:\/\/www.nasetcentes.info\/wp-content\/uploads\/20240419_132756-Morer-Na-Set-Centes-1024x722.jpg\" alt=\"\" width=\"1024\" height=\"722\" srcset=\"https:\/\/www.nasetcentes.info\/wp-content\/uploads\/20240419_132756-Morer-Na-Set-Centes-1024x722.jpg 1024w, https:\/\/www.nasetcentes.info\/wp-content\/uploads\/20240419_132756-Morer-Na-Set-Centes-300x212.jpg 300w, https:\/\/www.nasetcentes.info\/wp-content\/uploads\/20240419_132756-Morer-Na-Set-Centes-768x542.jpg 768w, https:\/\/www.nasetcentes.info\/wp-content\/uploads\/20240419_132756-Morer-Na-Set-Centes-1536x1083.jpg 1536w, https:\/\/www.nasetcentes.info\/wp-content\/uploads\/20240419_132756-Morer-Na-Set-Centes-2048x1444.jpg 2048w\" sizes=\"auto, (max-width: 1024px) 100vw, 1024px\" \/><\/a><\/p>\n<p>Como siempre, recomendamos visitar nuestra p\u00e1gina web para ver qu\u00e9 tipo de Agroturismo es Na Set Centes, cuantas habitaciones ofrecemos, qu\u00e9 actividades se pueden realizar en los alrededores, etc.<\/p>\n<p>Y tambi\u00e9n se puede reservar directamente con nosotros.<\/p>\n<p>Agroturismo Na Set Centes. Web: \u00a0 <a href=\"http:\/\/www.nasetcentes.com\">www.nasetcentes.com<\/a> \u00a0Email:<a href=\"mailto:finca@nasetcentes.com\">finca@nasetcentes.com<\/a><\/p>\n<p>21.04.26<\/p>\n<p><a href=\"https:\/\/www.nasetcentes.info\/wp-content\/uploads\/Fachada-con-persianas-relucientes-Agroturismo-Na-Set-Centes-Arta-Mallorca-scaled.jpg\"><img loading=\"lazy\" decoding=\"async\" class=\"aligncenter size-large wp-image-2006\" src=\"https:\/\/www.nasetcentes.info\/wp-content\/uploads\/Fachada-con-persianas-relucientes-Agroturismo-Na-Set-Centes-Arta-Mallorca-1024x461.jpg\" alt=\"\" width=\"1024\" height=\"461\" srcset=\"https:\/\/www.nasetcentes.info\/wp-content\/uploads\/Fachada-con-persianas-relucientes-Agroturismo-Na-Set-Centes-Arta-Mallorca-1024x461.jpg 1024w, https:\/\/www.nasetcentes.info\/wp-content\/uploads\/Fachada-con-persianas-relucientes-Agroturismo-Na-Set-Centes-Arta-Mallorca-300x135.jpg 300w, https:\/\/www.nasetcentes.info\/wp-content\/uploads\/Fachada-con-persianas-relucientes-Agroturismo-Na-Set-Centes-Arta-Mallorca-768x346.jpg 768w, https:\/\/www.nasetcentes.info\/wp-content\/uploads\/Fachada-con-persianas-relucientes-Agroturismo-Na-Set-Centes-Arta-Mallorca-1536x691.jpg 1536w, https:\/\/www.nasetcentes.info\/wp-content\/uploads\/Fachada-con-persianas-relucientes-Agroturismo-Na-Set-Centes-Arta-Mallorca-2048x922.jpg 2048w\" sizes=\"auto, (max-width: 1024px) 100vw, 1024px\" \/><\/a><\/p>\n<p>Al ofrecer solamente cinco habitaciones, Na Set Centes ofrece individualidad y privacidad. Es como un hotel muy peque\u00f1o en el campo. Pero es m\u00e1s que un hotel. De hecho nuestros hu\u00e9spedes frecuentemente son personas que han probado muchos hoteles de cuatro y cinco estrellas y para sus vacaciones ahora buscan tranquilidad, as\u00ed como la hospitalidad de una familia aut\u00e9nticamente mallorquina.<\/p>\n<p>Agroturisme Na Set Centes<\/p>\n<p>Carretera Art\u00e0 \u2013 Canyamel, Km. 2,7 (Carretera Ma-4042) 07570 Art\u00e0 Mallorca<\/p>\n<p><a href=\"http:\/\/www.nasetcentes.com\">www.nasetcentes.com<\/a><\/p>\n<p>20.04.26<\/p>\n<p><a href=\"https:\/\/www.nasetcentes.info\/wp-content\/uploads\/Tables-for-breakfast-area-in-summer-and-pool-Agroturismo-Na-Set-Centes-Arta-Mallorca-April-26-scaled.jpg\"><img loading=\"lazy\" decoding=\"async\" class=\"aligncenter size-large wp-image-2002\" src=\"https:\/\/www.nasetcentes.info\/wp-content\/uploads\/Tables-for-breakfast-area-in-summer-and-pool-Agroturismo-Na-Set-Centes-Arta-Mallorca-April-26-1024x461.jpg\" alt=\"\" width=\"1024\" height=\"461\" srcset=\"https:\/\/www.nasetcentes.info\/wp-content\/uploads\/Tables-for-breakfast-area-in-summer-and-pool-Agroturismo-Na-Set-Centes-Arta-Mallorca-April-26-1024x461.jpg 1024w, https:\/\/www.nasetcentes.info\/wp-content\/uploads\/Tables-for-breakfast-area-in-summer-and-pool-Agroturismo-Na-Set-Centes-Arta-Mallorca-April-26-300x135.jpg 300w, https:\/\/www.nasetcentes.info\/wp-content\/uploads\/Tables-for-breakfast-area-in-summer-and-pool-Agroturismo-Na-Set-Centes-Arta-Mallorca-April-26-768x346.jpg 768w, https:\/\/www.nasetcentes.info\/wp-content\/uploads\/Tables-for-breakfast-area-in-summer-and-pool-Agroturismo-Na-Set-Centes-Arta-Mallorca-April-26-1536x691.jpg 1536w, https:\/\/www.nasetcentes.info\/wp-content\/uploads\/Tables-for-breakfast-area-in-summer-and-pool-Agroturismo-Na-Set-Centes-Arta-Mallorca-April-26-2048x922.jpg 2048w\" sizes=\"auto, (max-width: 1024px) 100vw, 1024px\" \/><\/a>Estamos en Abril. Pero el tiempo es tan bueno que parce Junio.<\/p>\n<p>Agroturisme Na Set Centes<\/p>\n<p>Carretera Art\u00e0 \u2013 Canyamel, Km. 2,7 (Carretera Ma-4042) 07570 Art\u00e0 Mallorca<\/p>\n<p><a href=\"http:\/\/www.nasetcentes.com\">www.nasetcentes.com<\/a><\/p>\n<p>15.04.26<\/p>\n<p><a href=\"https:\/\/www.nasetcentes.info\/wp-content\/uploads\/Spring-flowers-with-swimming-pool-and-garden-area-Agroturismo-Na-Set-Centes-Arta-Mallorca-scaled.jpg\"><img loading=\"lazy\" decoding=\"async\" class=\"aligncenter size-large wp-image-1997\" src=\"https:\/\/www.nasetcentes.info\/wp-content\/uploads\/Spring-flowers-with-swimming-pool-and-garden-area-Agroturismo-Na-Set-Centes-Arta-Mallorca-1024x461.jpg\" alt=\"\" width=\"1024\" height=\"461\" srcset=\"https:\/\/www.nasetcentes.info\/wp-content\/uploads\/Spring-flowers-with-swimming-pool-and-garden-area-Agroturismo-Na-Set-Centes-Arta-Mallorca-1024x461.jpg 1024w, https:\/\/www.nasetcentes.info\/wp-content\/uploads\/Spring-flowers-with-swimming-pool-and-garden-area-Agroturismo-Na-Set-Centes-Arta-Mallorca-300x135.jpg 300w, https:\/\/www.nasetcentes.info\/wp-content\/uploads\/Spring-flowers-with-swimming-pool-and-garden-area-Agroturismo-Na-Set-Centes-Arta-Mallorca-768x346.jpg 768w, https:\/\/www.nasetcentes.info\/wp-content\/uploads\/Spring-flowers-with-swimming-pool-and-garden-area-Agroturismo-Na-Set-Centes-Arta-Mallorca-1536x691.jpg 1536w, https:\/\/www.nasetcentes.info\/wp-content\/uploads\/Spring-flowers-with-swimming-pool-and-garden-area-Agroturismo-Na-Set-Centes-Arta-Mallorca-2048x922.jpg 2048w\" sizes=\"auto, (max-width: 1024px) 100vw, 1024px\" \/><\/a>Agroturismo Na Set Centes, Carretera Art\u00e0 \u2013 Canyamel Km, 2,7, 07570 Art\u00e0, Mallorca<a href=\"http:\/\/www.nasetcentes.com\"><br \/>www.nasetcentes.com<\/a> \u00a0Email: <a href=\"mailto:finca@nasetcentes.com\">finca@nasetcentes.com<\/a><\/p>\n<p><a href=\"https:\/\/www.nasetcentes.info\/wp-content\/uploads\/It-is-spring-Agroturismo-Na-Set-Centes-Arta-Mallorca-scaled.jpg\"><img loading=\"lazy\" decoding=\"async\" class=\"aligncenter size-large wp-image-1992\" src=\"https:\/\/www.nasetcentes.info\/wp-content\/uploads\/It-is-spring-Agroturismo-Na-Set-Centes-Arta-Mallorca-1024x461.jpg\" alt=\"\" width=\"1024\" height=\"461\" srcset=\"https:\/\/www.nasetcentes.info\/wp-content\/uploads\/It-is-spring-Agroturismo-Na-Set-Centes-Arta-Mallorca-1024x461.jpg 1024w, https:\/\/www.nasetcentes.info\/wp-content\/uploads\/It-is-spring-Agroturismo-Na-Set-Centes-Arta-Mallorca-300x135.jpg 300w, https:\/\/www.nasetcentes.info\/wp-content\/uploads\/It-is-spring-Agroturismo-Na-Set-Centes-Arta-Mallorca-768x346.jpg 768w, https:\/\/www.nasetcentes.info\/wp-content\/uploads\/It-is-spring-Agroturismo-Na-Set-Centes-Arta-Mallorca-1536x691.jpg 1536w, https:\/\/www.nasetcentes.info\/wp-content\/uploads\/It-is-spring-Agroturismo-Na-Set-Centes-Arta-Mallorca-2048x922.jpg 2048w\" sizes=\"auto, (max-width: 1024px) 100vw, 1024px\" \/><\/a>Flores del jard\u00edn con sombrillas al fondo<\/p>\n<p>03.03.26<\/p>\n<p><a href=\"https:\/\/www.nasetcentes.info\/wp-content\/uploads\/Fresias-2026-Agroturismo-Na-Set-Centes-Arta-Mallorca-scaled.jpg\"><img loading=\"lazy\" decoding=\"async\" class=\"aligncenter size-large wp-image-1980\" src=\"https:\/\/www.nasetcentes.info\/wp-content\/uploads\/Fresias-2026-Agroturismo-Na-Set-Centes-Arta-Mallorca-1024x461.jpg\" alt=\"\" width=\"1024\" height=\"461\" srcset=\"https:\/\/www.nasetcentes.info\/wp-content\/uploads\/Fresias-2026-Agroturismo-Na-Set-Centes-Arta-Mallorca-1024x461.jpg 1024w, https:\/\/www.nasetcentes.info\/wp-content\/uploads\/Fresias-2026-Agroturismo-Na-Set-Centes-Arta-Mallorca-300x135.jpg 300w, https:\/\/www.nasetcentes.info\/wp-content\/uploads\/Fresias-2026-Agroturismo-Na-Set-Centes-Arta-Mallorca-768x346.jpg 768w, https:\/\/www.nasetcentes.info\/wp-content\/uploads\/Fresias-2026-Agroturismo-Na-Set-Centes-Arta-Mallorca-1536x691.jpg 1536w, https:\/\/www.nasetcentes.info\/wp-content\/uploads\/Fresias-2026-Agroturismo-Na-Set-Centes-Arta-Mallorca-2048x922.jpg 2048w\" sizes=\"auto, (max-width: 1024px) 100vw, 1024px\" \/><\/a><\/p>\n<p>Fresias en flor. Preanuncio de la primavera.<\/p>\n<p>Agroturismo Na Set Centes, Carretera Art\u00e0 \u2013 Canyamel Km, 2,7, 07570 Art\u00e0, Mallorca<a href=\"http:\/\/www.nasetcentes.com\"><br \/>www.nasetcentes.com<\/a> \u00a0Email: <a href=\"mailto:finca@nasetcentes.com\">finca@nasetcentes.com<\/a><\/p>\n<p>20.02.26<\/p>\n<p><a href=\"https:\/\/www.nasetcentes.info\/wp-content\/uploads\/Working-in-the-garden-16.02.26-scaled.jpg\"><img loading=\"lazy\" decoding=\"async\" class=\"aligncenter size-large wp-image-1968\" src=\"https:\/\/www.nasetcentes.info\/wp-content\/uploads\/Working-in-the-garden-16.02.26-1024x461.jpg\" alt=\"\" width=\"1024\" height=\"461\" srcset=\"https:\/\/www.nasetcentes.info\/wp-content\/uploads\/Working-in-the-garden-16.02.26-1024x461.jpg 1024w, https:\/\/www.nasetcentes.info\/wp-content\/uploads\/Working-in-the-garden-16.02.26-300x135.jpg 300w, https:\/\/www.nasetcentes.info\/wp-content\/uploads\/Working-in-the-garden-16.02.26-768x346.jpg 768w, https:\/\/www.nasetcentes.info\/wp-content\/uploads\/Working-in-the-garden-16.02.26-1536x691.jpg 1536w, https:\/\/www.nasetcentes.info\/wp-content\/uploads\/Working-in-the-garden-16.02.26-2048x922.jpg 2048w\" sizes=\"auto, (max-width: 1024px) 100vw, 1024px\" \/><\/a>Cielo azul, buena temperatura. Tiempo \u00f3ptimo para trabajar en el jard\u00edn.<\/p>\n<p>Agroturismo Na Set Centes, Carretera Art\u00e0 \u2013 Canyamel Km, 2,7, 07570 Art\u00e0, Mallorca<a href=\"http:\/\/www.nasetcentes.com\"><br \/>www.nasetcentes.com<\/a> \u00a0Email: <a href=\"mailto:finca@nasetcentes.com\">finca@nasetcentes.com<\/a><\/p>\n<p>16.02.26<\/p>\n<p><a href=\"https:\/\/www.nasetcentes.info\/wp-content\/uploads\/Na-Set-Centes-February-Febrer-Febrero-February-2026-scaled.jpg\"><img loading=\"lazy\" decoding=\"async\" class=\"aligncenter size-large wp-image-1966\" src=\"https:\/\/www.nasetcentes.info\/wp-content\/uploads\/Na-Set-Centes-February-Febrer-Febrero-February-2026-1024x461.jpg\" alt=\"\" width=\"1024\" height=\"461\" srcset=\"https:\/\/www.nasetcentes.info\/wp-content\/uploads\/Na-Set-Centes-February-Febrer-Febrero-February-2026-1024x461.jpg 1024w, https:\/\/www.nasetcentes.info\/wp-content\/uploads\/Na-Set-Centes-February-Febrer-Febrero-February-2026-300x135.jpg 300w, https:\/\/www.nasetcentes.info\/wp-content\/uploads\/Na-Set-Centes-February-Febrer-Febrero-February-2026-768x346.jpg 768w, https:\/\/www.nasetcentes.info\/wp-content\/uploads\/Na-Set-Centes-February-Febrer-Febrero-February-2026-1536x691.jpg 1536w, https:\/\/www.nasetcentes.info\/wp-content\/uploads\/Na-Set-Centes-February-Febrer-Febrero-February-2026-2048x922.jpg 2048w\" sizes=\"auto, (max-width: 1024px) 100vw, 1024px\" \/><\/a><\/p>\n<p>Tiempo fabuloso.\u00a0<\/p>\n<p>Agroturismo Na Set Centes, Carretera Art\u00e0 \u2013 Canyamel Km, 2,7, 07570 Art\u00e0, Mallorca<a href=\"http:\/\/www.nasetcentes.com\"><br \/>www.nasetcentes.com<\/a> \u00a0Email: <a href=\"mailto:finca@nasetcentes.com\">finca@nasetcentes.com<\/a><\/p>\n<p>&nbsp;<\/p>\n<p>02.02.26<\/p>\n<p><a href=\"https:\/\/www.nasetcentes.info\/wp-content\/uploads\/A-sunny-day-in-February-Agroturisme-Na-Set-Centes-Arta-Mallorca-scaled.jpg\"><img loading=\"lazy\" decoding=\"async\" class=\"aligncenter size-large wp-image-1959\" src=\"https:\/\/www.nasetcentes.info\/wp-content\/uploads\/A-sunny-day-in-February-Agroturisme-Na-Set-Centes-Arta-Mallorca-1024x461.jpg\" alt=\"\" width=\"1024\" height=\"461\" srcset=\"https:\/\/www.nasetcentes.info\/wp-content\/uploads\/A-sunny-day-in-February-Agroturisme-Na-Set-Centes-Arta-Mallorca-1024x461.jpg 1024w, https:\/\/www.nasetcentes.info\/wp-content\/uploads\/A-sunny-day-in-February-Agroturisme-Na-Set-Centes-Arta-Mallorca-300x135.jpg 300w, https:\/\/www.nasetcentes.info\/wp-content\/uploads\/A-sunny-day-in-February-Agroturisme-Na-Set-Centes-Arta-Mallorca-768x346.jpg 768w, https:\/\/www.nasetcentes.info\/wp-content\/uploads\/A-sunny-day-in-February-Agroturisme-Na-Set-Centes-Arta-Mallorca-1536x691.jpg 1536w, https:\/\/www.nasetcentes.info\/wp-content\/uploads\/A-sunny-day-in-February-Agroturisme-Na-Set-Centes-Arta-Mallorca-2048x922.jpg 2048w\" sizes=\"auto, (max-width: 1024px) 100vw, 1024px\" \/><\/a>En pleno invierno, de repente un d\u00edas soleado y preprimaveral. Como el del primero de febrero.<\/p>\n<p>Agroturismo Na Set Centes, Carretera Art\u00e0 \u2013 Canyamel Km, 2,7, 07570 Art\u00e0, Mallorca<a href=\"http:\/\/www.nasetcentes.com\"><br \/>www.nasetcentes.com<\/a> \u00a0Email: <a href=\"mailto:finca@nasetcentes.com\">finca@nasetcentes.com<\/a><\/p>\n<p>30.01.26<\/p>\n<p><a href=\"https:\/\/www.nasetcentes.info\/wp-content\/uploads\/Mandelblute-Januar-2026-Agroturismo-Na-Set-Centes-Mallorca-scaled.jpg\"><img loading=\"lazy\" decoding=\"async\" class=\"aligncenter size-large wp-image-1948\" src=\"https:\/\/www.nasetcentes.info\/wp-content\/uploads\/Mandelblute-Januar-2026-Agroturismo-Na-Set-Centes-Mallorca-1024x461.jpg\" alt=\"\" width=\"1024\" height=\"461\" srcset=\"https:\/\/www.nasetcentes.info\/wp-content\/uploads\/Mandelblute-Januar-2026-Agroturismo-Na-Set-Centes-Mallorca-1024x461.jpg 1024w, https:\/\/www.nasetcentes.info\/wp-content\/uploads\/Mandelblute-Januar-2026-Agroturismo-Na-Set-Centes-Mallorca-300x135.jpg 300w, https:\/\/www.nasetcentes.info\/wp-content\/uploads\/Mandelblute-Januar-2026-Agroturismo-Na-Set-Centes-Mallorca-768x346.jpg 768w, https:\/\/www.nasetcentes.info\/wp-content\/uploads\/Mandelblute-Januar-2026-Agroturismo-Na-Set-Centes-Mallorca-1536x691.jpg 1536w, https:\/\/www.nasetcentes.info\/wp-content\/uploads\/Mandelblute-Januar-2026-Agroturismo-Na-Set-Centes-Mallorca-2048x922.jpg 2048w\" sizes=\"auto, (max-width: 1024px) 100vw, 1024px\" \/><\/a>Los almendros empiezan a florecer en Mallorca\u00a0<\/p>\n<p>Agroturismo Na Set Centes, Carretera Art\u00e0 \u2013 Canyamel Km, 2,7, 07570 Art\u00e0, Mallorca<a href=\"http:\/\/www.nasetcentes.com\"><br \/>www.nasetcentes.com<\/a> \u00a0Email: <a href=\"mailto:finca@nasetcentes.com\">finca@nasetcentes.com<\/a><\/p>\n<p>12.01.26<\/p>\n<p><a href=\"https:\/\/www.nasetcentes.info\/wp-content\/uploads\/Sol-de-enero-Sunny-days-in-January-26-Agroturismo-Na-Set-Centes-Arta-Mallorca-scaled.jpg\"><img loading=\"lazy\" decoding=\"async\" class=\"aligncenter size-large wp-image-1941\" src=\"https:\/\/www.nasetcentes.info\/wp-content\/uploads\/Sol-de-enero-Sunny-days-in-January-26-Agroturismo-Na-Set-Centes-Arta-Mallorca-1024x461.jpg\" alt=\"\" width=\"1024\" height=\"461\" srcset=\"https:\/\/www.nasetcentes.info\/wp-content\/uploads\/Sol-de-enero-Sunny-days-in-January-26-Agroturismo-Na-Set-Centes-Arta-Mallorca-1024x461.jpg 1024w, https:\/\/www.nasetcentes.info\/wp-content\/uploads\/Sol-de-enero-Sunny-days-in-January-26-Agroturismo-Na-Set-Centes-Arta-Mallorca-300x135.jpg 300w, https:\/\/www.nasetcentes.info\/wp-content\/uploads\/Sol-de-enero-Sunny-days-in-January-26-Agroturismo-Na-Set-Centes-Arta-Mallorca-768x346.jpg 768w, https:\/\/www.nasetcentes.info\/wp-content\/uploads\/Sol-de-enero-Sunny-days-in-January-26-Agroturismo-Na-Set-Centes-Arta-Mallorca-1536x691.jpg 1536w, https:\/\/www.nasetcentes.info\/wp-content\/uploads\/Sol-de-enero-Sunny-days-in-January-26-Agroturismo-Na-Set-Centes-Arta-Mallorca-2048x922.jpg 2048w\" sizes=\"auto, (max-width: 1024px) 100vw, 1024px\" \/><\/a><\/p>\n<p>Las calmas de enero son d\u00edas tranquilos y soleados en Enero. Esta semana estamos disfrutando de ellas. El fin de semana pasado ya no llovi\u00f3, pero hizo mucho viento. Por la ma\u00f1ana hace fr\u00edo, unos 6\u00ba C, pero hacia el mediod\u00eda, las temperaturas suben a unos 14\u00ba &#8211; 16\u00ba C.<\/p>\n<p>Agroturismo Na Set Centes, Art\u00e0, Mallorca <a href=\"http:\/\/www.nasetcentes.com\">www.nasetcentes.com<\/a><\/p>\n<p>07.01.26<\/p>\n<p><a href=\"https:\/\/www.nasetcentes.info\/wp-content\/uploads\/Agroturismo-Na-Set-Centes-dias-soleado-de-enero-26-scaled.jpg\"><img loading=\"lazy\" decoding=\"async\" class=\"aligncenter size-large wp-image-1930\" src=\"https:\/\/www.nasetcentes.info\/wp-content\/uploads\/Agroturismo-Na-Set-Centes-dias-soleado-de-enero-26-1024x461.jpg\" alt=\"\" width=\"1024\" height=\"461\" srcset=\"https:\/\/www.nasetcentes.info\/wp-content\/uploads\/Agroturismo-Na-Set-Centes-dias-soleado-de-enero-26-1024x461.jpg 1024w, https:\/\/www.nasetcentes.info\/wp-content\/uploads\/Agroturismo-Na-Set-Centes-dias-soleado-de-enero-26-300x135.jpg 300w, https:\/\/www.nasetcentes.info\/wp-content\/uploads\/Agroturismo-Na-Set-Centes-dias-soleado-de-enero-26-768x346.jpg 768w, https:\/\/www.nasetcentes.info\/wp-content\/uploads\/Agroturismo-Na-Set-Centes-dias-soleado-de-enero-26-1536x691.jpg 1536w, https:\/\/www.nasetcentes.info\/wp-content\/uploads\/Agroturismo-Na-Set-Centes-dias-soleado-de-enero-26-2048x922.jpg 2048w\" sizes=\"auto, (max-width: 1024px) 100vw, 1024px\" \/><\/a><\/p>\n<p>Noviembre y diciembre fueron lluviosos e invernales. A\u00fan as\u00ed, siempre hay d\u00edas soleados con cielo azul. Las temperaturas a principio de enero son fr\u00edas por la ma\u00f1ana, pero luego suben. Recomendamos consultar el pron\u00f3stico del tiempo y si el pron\u00f3stico meteorol\u00f3gico indica buen tiempo, siempre es un buen momento para visitar Mallorca. \u00a0Agroturismo Na Set Centes, Art\u00e0, Mallorca <a href=\"http:\/\/www.nasetcentes.com\">www.nasetcentes.com<\/a><\/p>\n<p><a href=\"https:\/\/www.nasetcentes.info\/wp-content\/uploads\/20251208_110130-scaled.jpg\"><img loading=\"lazy\" decoding=\"async\" class=\"aligncenter size-large wp-image-1917\" src=\"https:\/\/www.nasetcentes.info\/wp-content\/uploads\/20251208_110130-1024x461.jpg\" alt=\"\" width=\"1024\" height=\"461\" srcset=\"https:\/\/www.nasetcentes.info\/wp-content\/uploads\/20251208_110130-1024x461.jpg 1024w, https:\/\/www.nasetcentes.info\/wp-content\/uploads\/20251208_110130-300x135.jpg 300w, https:\/\/www.nasetcentes.info\/wp-content\/uploads\/20251208_110130-768x346.jpg 768w, https:\/\/www.nasetcentes.info\/wp-content\/uploads\/20251208_110130-1536x691.jpg 1536w, https:\/\/www.nasetcentes.info\/wp-content\/uploads\/20251208_110130-2048x922.jpg 2048w\" sizes=\"auto, (max-width: 1024px) 100vw, 1024px\" \/><\/a>Un bonito d\u00eda de diciembre.<\/p>\n<p>Agroturisme Na Set Centes<\/p>\n<p>Carretera Art\u00e0 \u2013 Canyamel, Km. 2,7 (Carretera Ma-4042)07570 Art\u00e0 Mallorca<\/p>\n<p><a href=\"http:\/\/www.nasetcentes.com\">www.nasetcentes.com<\/a><\/p>\n<p>&nbsp;<\/p>\n<p>26.11.25<\/p>\n<p><a href=\"https:\/\/www.nasetcentes.info\/wp-content\/uploads\/Higos-chumbos-Agroturismo-Na-Set-Centes-Arta-Mallorca-scaled.jpg\"><img loading=\"lazy\" decoding=\"async\" class=\"aligncenter size-large wp-image-1902\" src=\"https:\/\/www.nasetcentes.info\/wp-content\/uploads\/Higos-chumbos-Agroturismo-Na-Set-Centes-Arta-Mallorca-1024x461.jpg\" alt=\"\" width=\"1024\" height=\"461\" srcset=\"https:\/\/www.nasetcentes.info\/wp-content\/uploads\/Higos-chumbos-Agroturismo-Na-Set-Centes-Arta-Mallorca-1024x461.jpg 1024w, https:\/\/www.nasetcentes.info\/wp-content\/uploads\/Higos-chumbos-Agroturismo-Na-Set-Centes-Arta-Mallorca-300x135.jpg 300w, https:\/\/www.nasetcentes.info\/wp-content\/uploads\/Higos-chumbos-Agroturismo-Na-Set-Centes-Arta-Mallorca-768x346.jpg 768w, https:\/\/www.nasetcentes.info\/wp-content\/uploads\/Higos-chumbos-Agroturismo-Na-Set-Centes-Arta-Mallorca-1536x691.jpg 1536w, https:\/\/www.nasetcentes.info\/wp-content\/uploads\/Higos-chumbos-Agroturismo-Na-Set-Centes-Arta-Mallorca-2048x922.jpg 2048w\" sizes=\"auto, (max-width: 1024px) 100vw, 1024px\" \/><\/a><\/p>\n<p>D\u00edas de noviembre. D\u00eda de lluvia, viento y momentos de sol. En Art\u00e0, hoy, de momento 20 litros por metro cuadrada de lluvia. Este mes, 114 l. m2. En 2025, 578 l. m2. En estos momentos temperatura de 7.6 grados cent\u00edgrados. Un d\u00eda bonito. En otras partes de Mallorca, momentos de lluvia y otros de espl\u00e9ndido sol. En la foto, una anticipaci\u00f3n de la primavera y el verano.<\/p>\n<p>Agroturismo Na Set Centes, Art\u00e0, Mallorca<\/p>\n<p>www.nasetcentes.com<\/p>\n<p>11.11.25<\/p>\n<p><a href=\"https:\/\/www.nasetcentes.info\/wp-content\/uploads\/Agroturismo-Na-Set-Centes-Arta-Mallorca-sunny-days-in-autumn-scaled.jpg\"><img loading=\"lazy\" decoding=\"async\" class=\"aligncenter size-large wp-image-1879\" src=\"https:\/\/www.nasetcentes.info\/wp-content\/uploads\/Agroturismo-Na-Set-Centes-Arta-Mallorca-sunny-days-in-autumn-1024x768.jpg\" alt=\"\" width=\"1024\" height=\"768\" srcset=\"https:\/\/www.nasetcentes.info\/wp-content\/uploads\/Agroturismo-Na-Set-Centes-Arta-Mallorca-sunny-days-in-autumn-1024x768.jpg 1024w, https:\/\/www.nasetcentes.info\/wp-content\/uploads\/Agroturismo-Na-Set-Centes-Arta-Mallorca-sunny-days-in-autumn-300x225.jpg 300w, https:\/\/www.nasetcentes.info\/wp-content\/uploads\/Agroturismo-Na-Set-Centes-Arta-Mallorca-sunny-days-in-autumn-768x576.jpg 768w, https:\/\/www.nasetcentes.info\/wp-content\/uploads\/Agroturismo-Na-Set-Centes-Arta-Mallorca-sunny-days-in-autumn-1536x1152.jpg 1536w, https:\/\/www.nasetcentes.info\/wp-content\/uploads\/Agroturismo-Na-Set-Centes-Arta-Mallorca-sunny-days-in-autumn-2048x1536.jpg 2048w\" sizes=\"auto, (max-width: 1024px) 100vw, 1024px\" \/><\/a><\/p>\n<p>Noviembre es un mes oto\u00f1al, en todos los sentidos. Despu\u00e9s de nuestras propias vacaciones, estamos en la finca pero nos tomamos una pausa hasta antes de Navidad. Es es momento de arar los campos, de pintar las persianas y de hacer varias actividades que no podemos realizar durante la temporada alta.<\/p>\n<p>02.10.25<\/p>\n<p><a href=\"https:\/\/www.nasetcentes.info\/wp-content\/uploads\/Agroturismo-Na-Set-Cenes-Arta-Mallorca-October-25-Garden-and-swimming-pool-area-scaled.jpg\"><img loading=\"lazy\" decoding=\"async\" class=\"aligncenter size-large wp-image-1863\" src=\"https:\/\/www.nasetcentes.info\/wp-content\/uploads\/Agroturismo-Na-Set-Cenes-Arta-Mallorca-October-25-Garden-and-swimming-pool-area-1024x768.jpg\" alt=\"\" width=\"1024\" height=\"768\" srcset=\"https:\/\/www.nasetcentes.info\/wp-content\/uploads\/Agroturismo-Na-Set-Cenes-Arta-Mallorca-October-25-Garden-and-swimming-pool-area-1024x768.jpg 1024w, https:\/\/www.nasetcentes.info\/wp-content\/uploads\/Agroturismo-Na-Set-Cenes-Arta-Mallorca-October-25-Garden-and-swimming-pool-area-300x225.jpg 300w, https:\/\/www.nasetcentes.info\/wp-content\/uploads\/Agroturismo-Na-Set-Cenes-Arta-Mallorca-October-25-Garden-and-swimming-pool-area-768x576.jpg 768w, https:\/\/www.nasetcentes.info\/wp-content\/uploads\/Agroturismo-Na-Set-Cenes-Arta-Mallorca-October-25-Garden-and-swimming-pool-area-1536x1152.jpg 1536w, https:\/\/www.nasetcentes.info\/wp-content\/uploads\/Agroturismo-Na-Set-Cenes-Arta-Mallorca-October-25-Garden-and-swimming-pool-area-2048x1536.jpg 2048w\" sizes=\"auto, (max-width: 1024px) 100vw, 1024px\" \/><\/a><\/p>\n<p>Agroturisme Na Set Centes, Art\u00e0, Mallorca <a href=\"http:\/\/www.nasetcentes.com\">www.nasetcentes.com<\/a><\/p>\n<p>Octubre. Estamos en oto\u00f1o. Sin embargo, despu\u00e9s de las lluvias de los \u00faltimos d\u00edas de setiembre, el sol vuelve a brillar. Es el momento perfecto para visitar Mallorca y caminar en la monta\u00f1a, disfrutar de las terrazas de los caf\u00e9s y, los d\u00edas soleados, ir a la playa.<\/p>\n<p>Agroturismo Na Set Centes, el lugar aut\u00e9nticamente mallorqu\u00edn y tranquilo para disfrutar de las isla.<\/p>\n<p>16.09.25<\/p>\n<p><a href=\"https:\/\/www.nasetcentes.info\/wp-content\/uploads\/20250911_125642-The-beautiful-colours-of-September-front-garden-Agroturismo-Na-Set-Centes-Arta-Mallorca.jpg\"><img loading=\"lazy\" decoding=\"async\" class=\"aligncenter size-large wp-image-1847\" src=\"https:\/\/www.nasetcentes.info\/wp-content\/uploads\/20250911_125642-The-beautiful-colours-of-September-front-garden-Agroturismo-Na-Set-Centes-Arta-Mallorca-1024x461.jpg\" alt=\"\" width=\"1024\" height=\"461\" srcset=\"https:\/\/www.nasetcentes.info\/wp-content\/uploads\/20250911_125642-The-beautiful-colours-of-September-front-garden-Agroturismo-Na-Set-Centes-Arta-Mallorca-1024x461.jpg 1024w, https:\/\/www.nasetcentes.info\/wp-content\/uploads\/20250911_125642-The-beautiful-colours-of-September-front-garden-Agroturismo-Na-Set-Centes-Arta-Mallorca-300x135.jpg 300w, https:\/\/www.nasetcentes.info\/wp-content\/uploads\/20250911_125642-The-beautiful-colours-of-September-front-garden-Agroturismo-Na-Set-Centes-Arta-Mallorca-768x346.jpg 768w, https:\/\/www.nasetcentes.info\/wp-content\/uploads\/20250911_125642-The-beautiful-colours-of-September-front-garden-Agroturismo-Na-Set-Centes-Arta-Mallorca-1536x691.jpg 1536w, https:\/\/www.nasetcentes.info\/wp-content\/uploads\/20250911_125642-The-beautiful-colours-of-September-front-garden-Agroturismo-Na-Set-Centes-Arta-Mallorca-2048x922.jpg 2048w\" sizes=\"auto, (max-width: 1024px) 100vw, 1024px\" \/><\/a><\/p>\n<p>Agroturismo Na Set Centes, Art\u00e0, Mallorca: disfrutamos de un setiembre estupendo. Despu\u00e9s de las lluvias, unos cincuenta metros por metro cuadrado, los colores de los \u00e1rboles, del jard\u00edn y del cielo son brillantes e intensos. <a href=\"http:\/\/www.nasetcentes.com\">www.nasetcentes.com<\/a><\/p>\n<p>14.08.25<\/p>\n<p><a href=\"https:\/\/www.nasetcentes.info\/wp-content\/uploads\/Swimming-pool-14.08.25-Agroturisme-Na-Set-Centes-Arta-Mallorca-scaled.jpg\"><img loading=\"lazy\" decoding=\"async\" class=\"aligncenter size-large wp-image-1836\" src=\"https:\/\/www.nasetcentes.info\/wp-content\/uploads\/Swimming-pool-14.08.25-Agroturisme-Na-Set-Centes-Arta-Mallorca-1024x461.jpg\" alt=\"\" width=\"1024\" height=\"461\" srcset=\"https:\/\/www.nasetcentes.info\/wp-content\/uploads\/Swimming-pool-14.08.25-Agroturisme-Na-Set-Centes-Arta-Mallorca-1024x461.jpg 1024w, https:\/\/www.nasetcentes.info\/wp-content\/uploads\/Swimming-pool-14.08.25-Agroturisme-Na-Set-Centes-Arta-Mallorca-300x135.jpg 300w, https:\/\/www.nasetcentes.info\/wp-content\/uploads\/Swimming-pool-14.08.25-Agroturisme-Na-Set-Centes-Arta-Mallorca-768x346.jpg 768w, https:\/\/www.nasetcentes.info\/wp-content\/uploads\/Swimming-pool-14.08.25-Agroturisme-Na-Set-Centes-Arta-Mallorca-1536x691.jpg 1536w, https:\/\/www.nasetcentes.info\/wp-content\/uploads\/Swimming-pool-14.08.25-Agroturisme-Na-Set-Centes-Arta-Mallorca-2048x922.jpg 2048w\" sizes=\"auto, (max-width: 1024px) 100vw, 1024px\" \/><\/a><\/p>\n<p>Agroturismo Na Set Centes. Web: \u00a0 <a href=\"http:\/\/www.nasetcentes.com\">www.nasetcentes.com<\/a> \u00a0<\/p>\n<p>25.07.25<\/p>\n<p><a href=\"https:\/\/www.nasetcentes.info\/wp-content\/uploads\/Piscina-y-jardin-abrol-rosa-en-flor-Agroturisme-Na-Set-Centes-Arta-Mallorca-Julio-25-scaled.jpg\"><img loading=\"lazy\" decoding=\"async\" class=\"aligncenter size-large wp-image-1828\" src=\"https:\/\/www.nasetcentes.info\/wp-content\/uploads\/Piscina-y-jardin-abrol-rosa-en-flor-Agroturisme-Na-Set-Centes-Arta-Mallorca-Julio-25-1024x461.jpg\" alt=\"\" width=\"1024\" height=\"461\" srcset=\"https:\/\/www.nasetcentes.info\/wp-content\/uploads\/Piscina-y-jardin-abrol-rosa-en-flor-Agroturisme-Na-Set-Centes-Arta-Mallorca-Julio-25-1024x461.jpg 1024w, https:\/\/www.nasetcentes.info\/wp-content\/uploads\/Piscina-y-jardin-abrol-rosa-en-flor-Agroturisme-Na-Set-Centes-Arta-Mallorca-Julio-25-300x135.jpg 300w, https:\/\/www.nasetcentes.info\/wp-content\/uploads\/Piscina-y-jardin-abrol-rosa-en-flor-Agroturisme-Na-Set-Centes-Arta-Mallorca-Julio-25-768x346.jpg 768w, https:\/\/www.nasetcentes.info\/wp-content\/uploads\/Piscina-y-jardin-abrol-rosa-en-flor-Agroturisme-Na-Set-Centes-Arta-Mallorca-Julio-25-1536x691.jpg 1536w, https:\/\/www.nasetcentes.info\/wp-content\/uploads\/Piscina-y-jardin-abrol-rosa-en-flor-Agroturisme-Na-Set-Centes-Arta-Mallorca-Julio-25-2048x922.jpg 2048w\" sizes=\"auto, (max-width: 1024px) 100vw, 1024px\" \/><\/a>Agroturismo Na Set Centes, Art\u00e0, Mallorca <a href=\"http:\/\/www.nasetcentes.com\">www.nasetcentes.com<\/a>\u00a0\u00a0<\/p>\n<p>20.06.25<\/p>\n<p><a href=\"https:\/\/www.nasetcentes.info\/wp-content\/uploads\/20250616_122311-Agroturisme-Na-Set-Centes-Jardin-delantero-Garten-vorne-front-garden-June-2025-scaled.jpg\"><img loading=\"lazy\" decoding=\"async\" class=\"aligncenter size-large wp-image-1808\" src=\"https:\/\/www.nasetcentes.info\/wp-content\/uploads\/20250616_122311-Agroturisme-Na-Set-Centes-Jardin-delantero-Garten-vorne-front-garden-June-2025-1024x489.jpg\" alt=\"\" width=\"1024\" height=\"489\" srcset=\"https:\/\/www.nasetcentes.info\/wp-content\/uploads\/20250616_122311-Agroturisme-Na-Set-Centes-Jardin-delantero-Garten-vorne-front-garden-June-2025-1024x489.jpg 1024w, https:\/\/www.nasetcentes.info\/wp-content\/uploads\/20250616_122311-Agroturisme-Na-Set-Centes-Jardin-delantero-Garten-vorne-front-garden-June-2025-300x143.jpg 300w, https:\/\/www.nasetcentes.info\/wp-content\/uploads\/20250616_122311-Agroturisme-Na-Set-Centes-Jardin-delantero-Garten-vorne-front-garden-June-2025-768x367.jpg 768w, https:\/\/www.nasetcentes.info\/wp-content\/uploads\/20250616_122311-Agroturisme-Na-Set-Centes-Jardin-delantero-Garten-vorne-front-garden-June-2025-1536x733.jpg 1536w, https:\/\/www.nasetcentes.info\/wp-content\/uploads\/20250616_122311-Agroturisme-Na-Set-Centes-Jardin-delantero-Garten-vorne-front-garden-June-2025-2048x978.jpg 2048w\" sizes=\"auto, (max-width: 1024px) 100vw, 1024px\" \/><\/a>Jard\u00edn delantero.<\/p>\n<p>Agroturismo Na Set Centes, Art\u00e0, Mallorca <a href=\"http:\/\/www.nasetcentes.com\">www.nasetcentes.com<\/a>\u00a0<\/p>\n<p>18.06.25<\/p>\n<p><a href=\"https:\/\/www.nasetcentes.info\/wp-content\/uploads\/20250614_105409-Buganvilia-persianas-Junio-25-Agroturisme-Na-Set-Centes-scaled.jpg\"><img loading=\"lazy\" decoding=\"async\" class=\"aligncenter size-large wp-image-1807\" src=\"https:\/\/www.nasetcentes.info\/wp-content\/uploads\/20250614_105409-Buganvilia-persianas-Junio-25-Agroturisme-Na-Set-Centes-1024x484.jpg\" alt=\"\" width=\"1024\" height=\"484\" srcset=\"https:\/\/www.nasetcentes.info\/wp-content\/uploads\/20250614_105409-Buganvilia-persianas-Junio-25-Agroturisme-Na-Set-Centes-1024x484.jpg 1024w, https:\/\/www.nasetcentes.info\/wp-content\/uploads\/20250614_105409-Buganvilia-persianas-Junio-25-Agroturisme-Na-Set-Centes-300x142.jpg 300w, https:\/\/www.nasetcentes.info\/wp-content\/uploads\/20250614_105409-Buganvilia-persianas-Junio-25-Agroturisme-Na-Set-Centes-768x363.jpg 768w, https:\/\/www.nasetcentes.info\/wp-content\/uploads\/20250614_105409-Buganvilia-persianas-Junio-25-Agroturisme-Na-Set-Centes-1536x726.jpg 1536w, https:\/\/www.nasetcentes.info\/wp-content\/uploads\/20250614_105409-Buganvilia-persianas-Junio-25-Agroturisme-Na-Set-Centes-2048x968.jpg 2048w\" sizes=\"auto, (max-width: 1024px) 100vw, 1024px\" \/><\/a>Los colores del verano.<\/p>\n<p>Agroturismo Na Set Centes, Art\u00e0, Mallorca <a href=\"http:\/\/www.nasetcentes.com\">www.nasetcentes.com<\/a>\u00a0<\/p>\n<p>05.06.25<\/p>\n<p><a href=\"https:\/\/www.nasetcentes.info\/wp-content\/uploads\/20250609_123901-scaled.jpg\"><img loading=\"lazy\" decoding=\"async\" class=\"aligncenter size-large wp-image-1804\" src=\"https:\/\/www.nasetcentes.info\/wp-content\/uploads\/20250609_123901-1024x461.jpg\" alt=\"\" width=\"1024\" height=\"461\" srcset=\"https:\/\/www.nasetcentes.info\/wp-content\/uploads\/20250609_123901-1024x461.jpg 1024w, https:\/\/www.nasetcentes.info\/wp-content\/uploads\/20250609_123901-300x135.jpg 300w, https:\/\/www.nasetcentes.info\/wp-content\/uploads\/20250609_123901-768x346.jpg 768w, https:\/\/www.nasetcentes.info\/wp-content\/uploads\/20250609_123901-1536x691.jpg 1536w, https:\/\/www.nasetcentes.info\/wp-content\/uploads\/20250609_123901-2048x922.jpg 2048w\" sizes=\"auto, (max-width: 1024px) 100vw, 1024px\" \/><\/a>Jacaranda. Cielo azul.<\/p>\n<p>Agroturismo Na Set Centes, Art\u00e0, Mallorca <a href=\"http:\/\/www.nasetcentes.com\">www.nasetcentes.com<\/a>\u00a0<\/p>\n<p>25.05.25<\/p>\n<p><a href=\"https:\/\/www.nasetcentes.info\/wp-content\/uploads\/Swimming-pool-afternoon-Agroturismo-Na-Set-Centes-Mallorca-scaled.jpg\"><img loading=\"lazy\" decoding=\"async\" class=\"aligncenter size-large wp-image-1796\" src=\"https:\/\/www.nasetcentes.info\/wp-content\/uploads\/Swimming-pool-afternoon-Agroturismo-Na-Set-Centes-Mallorca-1024x461.jpg\" alt=\"\" width=\"1024\" height=\"461\" srcset=\"https:\/\/www.nasetcentes.info\/wp-content\/uploads\/Swimming-pool-afternoon-Agroturismo-Na-Set-Centes-Mallorca-1024x461.jpg 1024w, https:\/\/www.nasetcentes.info\/wp-content\/uploads\/Swimming-pool-afternoon-Agroturismo-Na-Set-Centes-Mallorca-300x135.jpg 300w, https:\/\/www.nasetcentes.info\/wp-content\/uploads\/Swimming-pool-afternoon-Agroturismo-Na-Set-Centes-Mallorca-768x346.jpg 768w, https:\/\/www.nasetcentes.info\/wp-content\/uploads\/Swimming-pool-afternoon-Agroturismo-Na-Set-Centes-Mallorca-1536x691.jpg 1536w, https:\/\/www.nasetcentes.info\/wp-content\/uploads\/Swimming-pool-afternoon-Agroturismo-Na-Set-Centes-Mallorca-2048x922.jpg 2048w\" sizes=\"auto, (max-width: 1024px) 100vw, 1024px\" \/><\/a>Tarde de primavera al sol.<\/p>\n<p>Agroturismo Na Set Centes, Art\u00e0, Mallorca <a href=\"http:\/\/www.nasetcentes.com\">www.nasetcentes.com<\/a>\u00a0<\/p>\n<p>18.05.25<\/p>\n<p><a href=\"https:\/\/www.nasetcentes.info\/wp-content\/uploads\/Tumbonas-en-mayo-25.jpg\"><img loading=\"lazy\" decoding=\"async\" class=\"aligncenter size-large wp-image-1792\" src=\"https:\/\/www.nasetcentes.info\/wp-content\/uploads\/Tumbonas-en-mayo-25-1024x792.jpg\" alt=\"\" width=\"1024\" height=\"792\" srcset=\"https:\/\/www.nasetcentes.info\/wp-content\/uploads\/Tumbonas-en-mayo-25-1024x792.jpg 1024w, https:\/\/www.nasetcentes.info\/wp-content\/uploads\/Tumbonas-en-mayo-25-300x232.jpg 300w, https:\/\/www.nasetcentes.info\/wp-content\/uploads\/Tumbonas-en-mayo-25-768x594.jpg 768w, https:\/\/www.nasetcentes.info\/wp-content\/uploads\/Tumbonas-en-mayo-25-1536x1188.jpg 1536w, https:\/\/www.nasetcentes.info\/wp-content\/uploads\/Tumbonas-en-mayo-25-2048x1584.jpg 2048w\" sizes=\"auto, (max-width: 1024px) 100vw, 1024px\" \/><\/a>Piscina y jard\u00edn.<\/p>\n<p>Agroturismo Na Set Centes, Art\u00e0, Mallorca <a href=\"http:\/\/www.nasetcentes.com\">www.nasetcentes.com<\/a>\u00a0<\/p>\n<p>15.05.25<\/p>\n<p><a href=\"https:\/\/www.nasetcentes.info\/wp-content\/uploads\/Na-Set-Centes-front-view-scaled.jpg\"><img loading=\"lazy\" decoding=\"async\" class=\"aligncenter size-large wp-image-1783\" src=\"https:\/\/www.nasetcentes.info\/wp-content\/uploads\/Na-Set-Centes-front-view-1024x576.jpg\" alt=\"\" width=\"1024\" height=\"576\" srcset=\"https:\/\/www.nasetcentes.info\/wp-content\/uploads\/Na-Set-Centes-front-view-1024x576.jpg 1024w, https:\/\/www.nasetcentes.info\/wp-content\/uploads\/Na-Set-Centes-front-view-300x169.jpg 300w, https:\/\/www.nasetcentes.info\/wp-content\/uploads\/Na-Set-Centes-front-view-768x432.jpg 768w, https:\/\/www.nasetcentes.info\/wp-content\/uploads\/Na-Set-Centes-front-view-1536x864.jpg 1536w, https:\/\/www.nasetcentes.info\/wp-content\/uploads\/Na-Set-Centes-front-view-2048x1152.jpg 2048w\" sizes=\"auto, (max-width: 1024px) 100vw, 1024px\" \/><\/a><\/p>\n<p>Agroturismo Na Set Centes, Art\u00e0, Mallorca. April 2025<\/p>\n<p><a href=\"http:\/\/www.nasetcentes.com\">www.nasetcentes.com<\/a><\/p>\n<p>24.04.25<\/p>\n<p><a href=\"https:\/\/www.nasetcentes.info\/wp-content\/uploads\/Agroturisme-Na-Set-Centes-Swimming-pool-24.04.25-scaled.jpg\"><img loading=\"lazy\" decoding=\"async\" class=\"aligncenter size-large wp-image-1771\" src=\"https:\/\/www.nasetcentes.info\/wp-content\/uploads\/Agroturisme-Na-Set-Centes-Swimming-pool-24.04.25-1024x576.jpg\" alt=\"\" width=\"1024\" height=\"576\" srcset=\"https:\/\/www.nasetcentes.info\/wp-content\/uploads\/Agroturisme-Na-Set-Centes-Swimming-pool-24.04.25-1024x576.jpg 1024w, https:\/\/www.nasetcentes.info\/wp-content\/uploads\/Agroturisme-Na-Set-Centes-Swimming-pool-24.04.25-300x169.jpg 300w, https:\/\/www.nasetcentes.info\/wp-content\/uploads\/Agroturisme-Na-Set-Centes-Swimming-pool-24.04.25-768x432.jpg 768w, https:\/\/www.nasetcentes.info\/wp-content\/uploads\/Agroturisme-Na-Set-Centes-Swimming-pool-24.04.25-1536x864.jpg 1536w, https:\/\/www.nasetcentes.info\/wp-content\/uploads\/Agroturisme-Na-Set-Centes-Swimming-pool-24.04.25-2048x1152.jpg 2048w\" sizes=\"auto, (max-width: 1024px) 100vw, 1024px\" \/><\/a>Uno de los d\u00edas m\u00e1s bonitos del a\u00f1o, hasta ahora. Ni una nube en el cielo. Nostros hemos empezado a preparar la piscina por la ma\u00f1ana temprano.<\/p>\n<p>Agroturismo Na Set Centes, Art\u00e0, Mallorca. April 2025<\/p>\n<p><a href=\"http:\/\/www.nasetcentes.com\">www.nasetcentes.com<\/a><\/p>\n<p><a href=\"https:\/\/www.nasetcentes.info\/wp-content\/uploads\/Costa-Canyamel-24.04.25-scaled.jpg\"><img loading=\"lazy\" decoding=\"async\" class=\"aligncenter size-large wp-image-1773\" src=\"https:\/\/www.nasetcentes.info\/wp-content\/uploads\/Costa-Canyamel-24.04.25-1024x576.jpg\" alt=\"\" width=\"1024\" height=\"576\" srcset=\"https:\/\/www.nasetcentes.info\/wp-content\/uploads\/Costa-Canyamel-24.04.25-1024x576.jpg 1024w, https:\/\/www.nasetcentes.info\/wp-content\/uploads\/Costa-Canyamel-24.04.25-300x169.jpg 300w, https:\/\/www.nasetcentes.info\/wp-content\/uploads\/Costa-Canyamel-24.04.25-768x432.jpg 768w, https:\/\/www.nasetcentes.info\/wp-content\/uploads\/Costa-Canyamel-24.04.25-1536x864.jpg 1536w, https:\/\/www.nasetcentes.info\/wp-content\/uploads\/Costa-Canyamel-24.04.25-2048x1152.jpg 2048w\" sizes=\"auto, (max-width: 1024px) 100vw, 1024px\" \/><\/a>Costa de Canyamel. Esta ma\u00f1ana, por la ma\u00f1ana. A tan solo ocho minutos en coche de Na Set Centes.<\/p>\n<p>Agroturismo Na Set Centes, Art\u00e0, Mallorca. April 2025<\/p>\n<p><a href=\"http:\/\/www.nasetcentes.com\">www.nasetcentes.com<\/a><\/p>\n<p>&nbsp;<\/p>\n<p>23.04.25<\/p>\n<p><a href=\"https:\/\/www.nasetcentes.info\/wp-content\/uploads\/Alcachofas-Artichokes-Na-Set-Centes-Arta-Mallorca-20.04.25-scaled.jpg\"><img loading=\"lazy\" decoding=\"async\" class=\"aligncenter size-large wp-image-1764\" src=\"https:\/\/www.nasetcentes.info\/wp-content\/uploads\/Alcachofas-Artichokes-Na-Set-Centes-Arta-Mallorca-20.04.25-1024x576.jpg\" alt=\"\" width=\"1024\" height=\"576\" srcset=\"https:\/\/www.nasetcentes.info\/wp-content\/uploads\/Alcachofas-Artichokes-Na-Set-Centes-Arta-Mallorca-20.04.25-1024x576.jpg 1024w, https:\/\/www.nasetcentes.info\/wp-content\/uploads\/Alcachofas-Artichokes-Na-Set-Centes-Arta-Mallorca-20.04.25-300x169.jpg 300w, https:\/\/www.nasetcentes.info\/wp-content\/uploads\/Alcachofas-Artichokes-Na-Set-Centes-Arta-Mallorca-20.04.25-768x432.jpg 768w, https:\/\/www.nasetcentes.info\/wp-content\/uploads\/Alcachofas-Artichokes-Na-Set-Centes-Arta-Mallorca-20.04.25-1536x864.jpg 1536w, https:\/\/www.nasetcentes.info\/wp-content\/uploads\/Alcachofas-Artichokes-Na-Set-Centes-Arta-Mallorca-20.04.25-2048x1152.jpg 2048w\" sizes=\"auto, (max-width: 1024px) 100vw, 1024px\" \/><\/a>Alcachofas. Abril es una fiesta de la naturaleza.<\/p>\n<p>Agroturismo Na Set Centes, Art\u00e0, Mallorca. April 2025<\/p>\n<p><a href=\"http:\/\/www.nasetcentes.com\">www.nasetcentes.com<\/a><\/p>\n<p>16.04.25<\/p>\n<p><a href=\"https:\/\/www.nasetcentes.info\/wp-content\/uploads\/Bikes-and-cactus-April-25-scaled.jpg\"><img loading=\"lazy\" decoding=\"async\" class=\"aligncenter size-large wp-image-1756\" src=\"https:\/\/www.nasetcentes.info\/wp-content\/uploads\/Bikes-and-cactus-April-25-1024x576.jpg\" alt=\"\" width=\"1024\" height=\"576\" srcset=\"https:\/\/www.nasetcentes.info\/wp-content\/uploads\/Bikes-and-cactus-April-25-1024x576.jpg 1024w, https:\/\/www.nasetcentes.info\/wp-content\/uploads\/Bikes-and-cactus-April-25-300x169.jpg 300w, https:\/\/www.nasetcentes.info\/wp-content\/uploads\/Bikes-and-cactus-April-25-768x432.jpg 768w, https:\/\/www.nasetcentes.info\/wp-content\/uploads\/Bikes-and-cactus-April-25-1536x864.jpg 1536w, https:\/\/www.nasetcentes.info\/wp-content\/uploads\/Bikes-and-cactus-April-25-2048x1152.jpg 2048w\" sizes=\"auto, (max-width: 1024px) 100vw, 1024px\" \/><\/a>Tiempo de disfrutar de las bicicletas.<\/p>\n<p>Agroturismo Na Set Centes, Art\u00e0, Mallorca. Abril 2025<\/p>\n<p><a href=\"http:\/\/www.nasetcentes.com\">www.nasetcentes.com<\/a><\/p>\n<p>10.04.25<\/p>\n<p><a href=\"https:\/\/www.nasetcentes.info\/wp-content\/uploads\/Terrace-of-the-Suite-with-sun-beds-Agroturismo-Na-Set-Centes-Arta-Mallorca-April-25.jpg\"><img loading=\"lazy\" decoding=\"async\" class=\"aligncenter size-large wp-image-1747\" src=\"https:\/\/www.nasetcentes.info\/wp-content\/uploads\/Terrace-of-the-Suite-with-sun-beds-Agroturismo-Na-Set-Centes-Arta-Mallorca-April-25-1024x576.jpg\" alt=\"\" width=\"1024\" height=\"576\" srcset=\"https:\/\/www.nasetcentes.info\/wp-content\/uploads\/Terrace-of-the-Suite-with-sun-beds-Agroturismo-Na-Set-Centes-Arta-Mallorca-April-25-1024x576.jpg 1024w, https:\/\/www.nasetcentes.info\/wp-content\/uploads\/Terrace-of-the-Suite-with-sun-beds-Agroturismo-Na-Set-Centes-Arta-Mallorca-April-25-300x169.jpg 300w, https:\/\/www.nasetcentes.info\/wp-content\/uploads\/Terrace-of-the-Suite-with-sun-beds-Agroturismo-Na-Set-Centes-Arta-Mallorca-April-25-768x432.jpg 768w, https:\/\/www.nasetcentes.info\/wp-content\/uploads\/Terrace-of-the-Suite-with-sun-beds-Agroturismo-Na-Set-Centes-Arta-Mallorca-April-25-1536x864.jpg 1536w, https:\/\/www.nasetcentes.info\/wp-content\/uploads\/Terrace-of-the-Suite-with-sun-beds-Agroturismo-Na-Set-Centes-Arta-Mallorca-April-25-2048x1152.jpg 2048w\" sizes=\"auto, (max-width: 1024px) 100vw, 1024px\" \/><\/a>Terraza de la suite. Agroturismo Na Set Centes, Art\u00e0, Mallorca<\/p>\n<p><a href=\"http:\/\/www.nasetcentes.com\">www.nasetcentes.com<\/a><\/p>\n<p>07.04.25<\/p>\n<p><a href=\"https:\/\/www.nasetcentes.info\/wp-content\/uploads\/Flores-Morer-Primavera-06.04.25-Agroturismo-Na-Set-Centes-Arta-Mallorca-scaled.jpg\"><img loading=\"lazy\" decoding=\"async\" class=\"aligncenter size-large wp-image-1737\" src=\"https:\/\/www.nasetcentes.info\/wp-content\/uploads\/Flores-Morer-Primavera-06.04.25-Agroturismo-Na-Set-Centes-Arta-Mallorca-1024x576.jpg\" alt=\"\" width=\"1024\" height=\"576\" srcset=\"https:\/\/www.nasetcentes.info\/wp-content\/uploads\/Flores-Morer-Primavera-06.04.25-Agroturismo-Na-Set-Centes-Arta-Mallorca-1024x576.jpg 1024w, https:\/\/www.nasetcentes.info\/wp-content\/uploads\/Flores-Morer-Primavera-06.04.25-Agroturismo-Na-Set-Centes-Arta-Mallorca-300x169.jpg 300w, https:\/\/www.nasetcentes.info\/wp-content\/uploads\/Flores-Morer-Primavera-06.04.25-Agroturismo-Na-Set-Centes-Arta-Mallorca-768x432.jpg 768w, https:\/\/www.nasetcentes.info\/wp-content\/uploads\/Flores-Morer-Primavera-06.04.25-Agroturismo-Na-Set-Centes-Arta-Mallorca-1536x864.jpg 1536w, https:\/\/www.nasetcentes.info\/wp-content\/uploads\/Flores-Morer-Primavera-06.04.25-Agroturismo-Na-Set-Centes-Arta-Mallorca-2048x1152.jpg 2048w\" sizes=\"auto, (max-width: 1024px) 100vw, 1024px\" \/><\/a>Estamos en primavera. Ayer las temperaturas superaron los 23\u00baC. Esta semana disfrutamos de d\u00edas muy agradables.<\/p>\n<p>Agroturismo Na Set Centes, Art\u00e0, Mallorca <a href=\"http:\/\/www.nasetcentes.com\">www.nasetcentes.com<\/a><\/p>\n<p>16.03.25<\/p>\n<p><a href=\"https:\/\/www.nasetcentes.info\/wp-content\/uploads\/Na-Set-Centes-Arta-Mallorca-16.03.25-Vista-de-la-casa-por-la-manana-temprano-scaled.jpg\"><img loading=\"lazy\" decoding=\"async\" class=\"aligncenter size-large wp-image-1726\" src=\"https:\/\/www.nasetcentes.info\/wp-content\/uploads\/Na-Set-Centes-Arta-Mallorca-16.03.25-Vista-de-la-casa-por-la-manana-temprano-1024x623.jpg\" alt=\"\" width=\"1024\" height=\"623\" srcset=\"https:\/\/www.nasetcentes.info\/wp-content\/uploads\/Na-Set-Centes-Arta-Mallorca-16.03.25-Vista-de-la-casa-por-la-manana-temprano-1024x623.jpg 1024w, https:\/\/www.nasetcentes.info\/wp-content\/uploads\/Na-Set-Centes-Arta-Mallorca-16.03.25-Vista-de-la-casa-por-la-manana-temprano-300x182.jpg 300w, https:\/\/www.nasetcentes.info\/wp-content\/uploads\/Na-Set-Centes-Arta-Mallorca-16.03.25-Vista-de-la-casa-por-la-manana-temprano-768x467.jpg 768w, https:\/\/www.nasetcentes.info\/wp-content\/uploads\/Na-Set-Centes-Arta-Mallorca-16.03.25-Vista-de-la-casa-por-la-manana-temprano-1536x934.jpg 1536w, https:\/\/www.nasetcentes.info\/wp-content\/uploads\/Na-Set-Centes-Arta-Mallorca-16.03.25-Vista-de-la-casa-por-la-manana-temprano-2048x1245.jpg 2048w\" sizes=\"auto, (max-width: 1024px) 100vw, 1024px\" \/><\/a>Domingo, 16.03.25. Por la ma\u00f1ana temprano. Cielo azul.<\/p>\n<p>Agroturisme Na Set Centes, Art\u00e0, Mallorca <a href=\"http:\/\/www.nasetcentes.com\">www.nasetcentes.com<\/a><\/p>\n<p>04.03.25<\/p>\n<p><a href=\"https:\/\/www.nasetcentes.info\/wp-content\/uploads\/20250301_111016-Fresia-Marz-2025.jpg\"><img loading=\"lazy\" decoding=\"async\" class=\"aligncenter size-large wp-image-1713\" src=\"https:\/\/www.nasetcentes.info\/wp-content\/uploads\/20250301_111016-Fresia-Marz-2025-957x1024.jpg\" alt=\"\" width=\"957\" height=\"1024\" srcset=\"https:\/\/www.nasetcentes.info\/wp-content\/uploads\/20250301_111016-Fresia-Marz-2025-957x1024.jpg 957w, https:\/\/www.nasetcentes.info\/wp-content\/uploads\/20250301_111016-Fresia-Marz-2025-280x300.jpg 280w, https:\/\/www.nasetcentes.info\/wp-content\/uploads\/20250301_111016-Fresia-Marz-2025-768x822.jpg 768w, https:\/\/www.nasetcentes.info\/wp-content\/uploads\/20250301_111016-Fresia-Marz-2025-1435x1536.jpg 1435w, https:\/\/www.nasetcentes.info\/wp-content\/uploads\/20250301_111016-Fresia-Marz-2025-1913x2048.jpg 1913w\" sizes=\"auto, (max-width: 957px) 100vw, 957px\" \/><\/a>Las fresias han vuelto a florcere. Desde la \u00faltima semana de febrero y esta primera de marzo, a\u00f1aden una nota de color al jard\u00edn. Con sus delicadas tonalidades nos indican que la primavera est\u00e1 a la vuelta de la esquina.<\/p>\n<p>Agroturisme Na Set Centes, Art\u00e0, Mallorca <a href=\"http:\/\/www.nasetcentes.com\">www.nasetcentes.com<\/a><\/p>\n<p><a href=\"https:\/\/www.nasetcentes.info\/wp-content\/uploads\/20250301_110950-Fresias-2-scaled.jpg\"><img loading=\"lazy\" decoding=\"async\" class=\"aligncenter size-large wp-image-1717\" src=\"https:\/\/www.nasetcentes.info\/wp-content\/uploads\/20250301_110950-Fresias-2-1024x576.jpg\" alt=\"\" width=\"1024\" height=\"576\" srcset=\"https:\/\/www.nasetcentes.info\/wp-content\/uploads\/20250301_110950-Fresias-2-1024x576.jpg 1024w, https:\/\/www.nasetcentes.info\/wp-content\/uploads\/20250301_110950-Fresias-2-300x169.jpg 300w, https:\/\/www.nasetcentes.info\/wp-content\/uploads\/20250301_110950-Fresias-2-768x432.jpg 768w, https:\/\/www.nasetcentes.info\/wp-content\/uploads\/20250301_110950-Fresias-2-1536x864.jpg 1536w, https:\/\/www.nasetcentes.info\/wp-content\/uploads\/20250301_110950-Fresias-2-2048x1152.jpg 2048w\" sizes=\"auto, (max-width: 1024px) 100vw, 1024px\" \/><\/a>Agroturisme Na Set Centes, Art\u00e0, Mallorca <a href=\"http:\/\/www.nasetcentes.com\">www.nasetcentes.com<\/a><\/p>\n<p>20.02.25<\/p>\n<p><a href=\"https:\/\/www.nasetcentes.info\/wp-content\/uploads\/Orange-and-lemmons-Na-Set-Centes-scaled.jpg\"><img loading=\"lazy\" decoding=\"async\" class=\"aligncenter size-large wp-image-1703\" src=\"https:\/\/www.nasetcentes.info\/wp-content\/uploads\/Orange-and-lemmons-Na-Set-Centes-1024x576.jpg\" alt=\"Good things from winter, Agroturisme Na Set Centes, Arta, Mallorca\" width=\"1024\" height=\"576\" srcset=\"https:\/\/www.nasetcentes.info\/wp-content\/uploads\/Orange-and-lemmons-Na-Set-Centes-1024x576.jpg 1024w, https:\/\/www.nasetcentes.info\/wp-content\/uploads\/Orange-and-lemmons-Na-Set-Centes-300x169.jpg 300w, https:\/\/www.nasetcentes.info\/wp-content\/uploads\/Orange-and-lemmons-Na-Set-Centes-768x432.jpg 768w, https:\/\/www.nasetcentes.info\/wp-content\/uploads\/Orange-and-lemmons-Na-Set-Centes-1536x864.jpg 1536w, https:\/\/www.nasetcentes.info\/wp-content\/uploads\/Orange-and-lemmons-Na-Set-Centes-2048x1152.jpg 2048w\" sizes=\"auto, (max-width: 1024px) 100vw, 1024px\" \/><\/a>Cosas buenas de febrero.<\/p>\n<p>Agroturisme Na Set Centes, Art\u00e0, Mallorca <a href=\"http:\/\/www.nasetcentes.com\">www.nasetcentes.com<\/a><\/p>\n<p>14.02.25<\/p>\n<p><a href=\"https:\/\/www.nasetcentes.info\/wp-content\/uploads\/20250212_134358-Flor-dametller-12.02.25-scaled.jpg\"><img loading=\"lazy\" decoding=\"async\" class=\"aligncenter size-large wp-image-1696\" src=\"https:\/\/www.nasetcentes.info\/wp-content\/uploads\/20250212_134358-Flor-dametller-12.02.25-724x1024.jpg\" alt=\"\" width=\"724\" height=\"1024\" srcset=\"https:\/\/www.nasetcentes.info\/wp-content\/uploads\/20250212_134358-Flor-dametller-12.02.25-724x1024.jpg 724w, https:\/\/www.nasetcentes.info\/wp-content\/uploads\/20250212_134358-Flor-dametller-12.02.25-212x300.jpg 212w, https:\/\/www.nasetcentes.info\/wp-content\/uploads\/20250212_134358-Flor-dametller-12.02.25-768x1086.jpg 768w, https:\/\/www.nasetcentes.info\/wp-content\/uploads\/20250212_134358-Flor-dametller-12.02.25-1086x1536.jpg 1086w, https:\/\/www.nasetcentes.info\/wp-content\/uploads\/20250212_134358-Flor-dametller-12.02.25-1448x2048.jpg 1448w, https:\/\/www.nasetcentes.info\/wp-content\/uploads\/20250212_134358-Flor-dametller-12.02.25-scaled.jpg 1810w\" sizes=\"auto, (max-width: 724px) 100vw, 724px\" \/><\/a>Desde Mallorca, con amor.<\/p>\n<p>Agroturisme Na Set Centes, Art\u00e0, Mallorca <a href=\"http:\/\/www.nasetcentes.com\">www.nasetcentes.com<\/a><\/p>\n<p>15.01.2025<\/p>\n<p><a href=\"https:\/\/www.nasetcentes.info\/wp-content\/uploads\/Agroturisme-Na-Set-Centes-Arta-Mallorca-Janyar-25-Blue-sky-scaled.jpg\"><img loading=\"lazy\" decoding=\"async\" class=\"aligncenter size-large wp-image-1670\" src=\"https:\/\/www.nasetcentes.info\/wp-content\/uploads\/Agroturisme-Na-Set-Centes-Arta-Mallorca-Janyar-25-Blue-sky-692x1024.jpg\" alt=\"\" width=\"692\" height=\"1024\" srcset=\"https:\/\/www.nasetcentes.info\/wp-content\/uploads\/Agroturisme-Na-Set-Centes-Arta-Mallorca-Janyar-25-Blue-sky-692x1024.jpg 692w, https:\/\/www.nasetcentes.info\/wp-content\/uploads\/Agroturisme-Na-Set-Centes-Arta-Mallorca-Janyar-25-Blue-sky-203x300.jpg 203w, https:\/\/www.nasetcentes.info\/wp-content\/uploads\/Agroturisme-Na-Set-Centes-Arta-Mallorca-Janyar-25-Blue-sky-768x1137.jpg 768w, https:\/\/www.nasetcentes.info\/wp-content\/uploads\/Agroturisme-Na-Set-Centes-Arta-Mallorca-Janyar-25-Blue-sky-1037x1536.jpg 1037w, https:\/\/www.nasetcentes.info\/wp-content\/uploads\/Agroturisme-Na-Set-Centes-Arta-Mallorca-Janyar-25-Blue-sky-1383x2048.jpg 1383w, https:\/\/www.nasetcentes.info\/wp-content\/uploads\/Agroturisme-Na-Set-Centes-Arta-Mallorca-Janyar-25-Blue-sky-scaled.jpg 1729w\" sizes=\"auto, (max-width: 692px) 100vw, 692px\" \/><\/a>Enero 2025. D\u00edas claros y agradables. Las calmas de enero a principios de a\u00f1o.<\/p>\n<p>Agroturismo Na Set Centes, Art\u00e0, Mallorca <a href=\"http:\/\/www.nasetcentes.com\">www.nasetcentes.com<\/a><\/p>\n<p>16.12.24<\/p>\n<p><a href=\"https:\/\/www.nasetcentes.info\/wp-content\/uploads\/Na-Set-Centes-December-lemmon-tree-and-front-view-Arta-Mallorca-scaled.jpg\"><img loading=\"lazy\" decoding=\"async\" class=\"aligncenter size-large wp-image-1652\" src=\"https:\/\/www.nasetcentes.info\/wp-content\/uploads\/Na-Set-Centes-December-lemmon-tree-and-front-view-Arta-Mallorca-1024x768.jpg\" alt=\"\" width=\"1024\" height=\"768\" srcset=\"https:\/\/www.nasetcentes.info\/wp-content\/uploads\/Na-Set-Centes-December-lemmon-tree-and-front-view-Arta-Mallorca-1024x768.jpg 1024w, https:\/\/www.nasetcentes.info\/wp-content\/uploads\/Na-Set-Centes-December-lemmon-tree-and-front-view-Arta-Mallorca-300x225.jpg 300w, https:\/\/www.nasetcentes.info\/wp-content\/uploads\/Na-Set-Centes-December-lemmon-tree-and-front-view-Arta-Mallorca-768x576.jpg 768w, https:\/\/www.nasetcentes.info\/wp-content\/uploads\/Na-Set-Centes-December-lemmon-tree-and-front-view-Arta-Mallorca-1536x1152.jpg 1536w, https:\/\/www.nasetcentes.info\/wp-content\/uploads\/Na-Set-Centes-December-lemmon-tree-and-front-view-Arta-Mallorca-2048x1536.jpg 2048w\" sizes=\"auto, (max-width: 1024px) 100vw, 1024px\" \/><\/a>Feliz Navidad.<\/p>\n<p>Agroturismo Na Set Centes, Art\u00e0, Mallorca <a href=\"http:\/\/www.nasetcentes.com\">www.nasetcentes.com<\/a><\/p>\n<p>17.11.24<\/p>\n<p><a href=\"https:\/\/www.nasetcentes.info\/wp-content\/uploads\/Na-Set-Centes-November-view-from-the-Suite-Arta-Mallorca-1-scaled.jpg\"><img loading=\"lazy\" decoding=\"async\" class=\"aligncenter size-large wp-image-1656\" src=\"https:\/\/www.nasetcentes.info\/wp-content\/uploads\/Na-Set-Centes-November-view-from-the-Suite-Arta-Mallorca-1-1024x768.jpg\" alt=\"\" width=\"1024\" height=\"768\" srcset=\"https:\/\/www.nasetcentes.info\/wp-content\/uploads\/Na-Set-Centes-November-view-from-the-Suite-Arta-Mallorca-1-1024x768.jpg 1024w, https:\/\/www.nasetcentes.info\/wp-content\/uploads\/Na-Set-Centes-November-view-from-the-Suite-Arta-Mallorca-1-300x225.jpg 300w, https:\/\/www.nasetcentes.info\/wp-content\/uploads\/Na-Set-Centes-November-view-from-the-Suite-Arta-Mallorca-1-768x576.jpg 768w, https:\/\/www.nasetcentes.info\/wp-content\/uploads\/Na-Set-Centes-November-view-from-the-Suite-Arta-Mallorca-1-1536x1152.jpg 1536w, https:\/\/www.nasetcentes.info\/wp-content\/uploads\/Na-Set-Centes-November-view-from-the-Suite-Arta-Mallorca-1-2048x1536.jpg 2048w\" sizes=\"auto, (max-width: 1024px) 100vw, 1024px\" \/><\/a>Vista desde la Suite. Noviembre 2024 <a href=\"http:\/\/www.nasetcentes.com\">www.nasetcentes.com<\/a><\/p>\n<p>25.10.24<\/p>\n<p><a href=\"https:\/\/www.nasetcentes.info\/wp-content\/uploads\/Na-Set-Centes-Arta-Mallorca-October-24-scaled.jpg\"><img loading=\"lazy\" decoding=\"async\" class=\"aligncenter size-large wp-image-1628\" src=\"https:\/\/www.nasetcentes.info\/wp-content\/uploads\/Na-Set-Centes-Arta-Mallorca-October-24-1024x768.jpg\" alt=\"\" width=\"1024\" height=\"768\" srcset=\"https:\/\/www.nasetcentes.info\/wp-content\/uploads\/Na-Set-Centes-Arta-Mallorca-October-24-1024x768.jpg 1024w, https:\/\/www.nasetcentes.info\/wp-content\/uploads\/Na-Set-Centes-Arta-Mallorca-October-24-300x225.jpg 300w, https:\/\/www.nasetcentes.info\/wp-content\/uploads\/Na-Set-Centes-Arta-Mallorca-October-24-768x576.jpg 768w, https:\/\/www.nasetcentes.info\/wp-content\/uploads\/Na-Set-Centes-Arta-Mallorca-October-24-1536x1152.jpg 1536w, https:\/\/www.nasetcentes.info\/wp-content\/uploads\/Na-Set-Centes-Arta-Mallorca-October-24-2048x1536.jpg 2048w\" sizes=\"auto, (max-width: 1024px) 100vw, 1024px\" \/><\/a><\/p>\n<p>Tomates del jard\u00edn de Na Set Centes, Octubre 2024 <a href=\"http:\/\/www.nasetcentes.com\">www.nasetcentes.com<\/a><\/p>\n<p>12.09.24<\/p>\n<p><a href=\"https:\/\/www.nasetcentes.info\/wp-content\/uploads\/Agroturismo-Na-Set-Centes-Arta-Mallorca-September-24-scaled.jpg\"><img loading=\"lazy\" decoding=\"async\" class=\"aligncenter size-large wp-image-1619\" src=\"https:\/\/www.nasetcentes.info\/wp-content\/uploads\/Agroturismo-Na-Set-Centes-Arta-Mallorca-September-24-1024x835.jpg\" alt=\"\" width=\"1024\" height=\"835\" srcset=\"https:\/\/www.nasetcentes.info\/wp-content\/uploads\/Agroturismo-Na-Set-Centes-Arta-Mallorca-September-24-1024x835.jpg 1024w, https:\/\/www.nasetcentes.info\/wp-content\/uploads\/Agroturismo-Na-Set-Centes-Arta-Mallorca-September-24-300x245.jpg 300w, https:\/\/www.nasetcentes.info\/wp-content\/uploads\/Agroturismo-Na-Set-Centes-Arta-Mallorca-September-24-768x626.jpg 768w, https:\/\/www.nasetcentes.info\/wp-content\/uploads\/Agroturismo-Na-Set-Centes-Arta-Mallorca-September-24-1536x1253.jpg 1536w, https:\/\/www.nasetcentes.info\/wp-content\/uploads\/Agroturismo-Na-Set-Centes-Arta-Mallorca-September-24-2048x1670.jpg 2048w\" sizes=\"auto, (max-width: 1024px) 100vw, 1024px\" \/><\/a>Setiembre 2024<\/p>\n<p>15.08.24<\/p>\n<p><a href=\"https:\/\/www.nasetcentes.info\/wp-content\/uploads\/20240808_080628-Na-Set-Centes-early-morning-August-2024-scaled.jpg\"><img loading=\"lazy\" decoding=\"async\" class=\"aligncenter size-large wp-image-1611\" src=\"https:\/\/www.nasetcentes.info\/wp-content\/uploads\/20240808_080628-Na-Set-Centes-early-morning-August-2024-1024x768.jpg\" alt=\"\" width=\"1024\" height=\"768\" srcset=\"https:\/\/www.nasetcentes.info\/wp-content\/uploads\/20240808_080628-Na-Set-Centes-early-morning-August-2024-1024x768.jpg 1024w, https:\/\/www.nasetcentes.info\/wp-content\/uploads\/20240808_080628-Na-Set-Centes-early-morning-August-2024-300x225.jpg 300w, https:\/\/www.nasetcentes.info\/wp-content\/uploads\/20240808_080628-Na-Set-Centes-early-morning-August-2024-768x576.jpg 768w, https:\/\/www.nasetcentes.info\/wp-content\/uploads\/20240808_080628-Na-Set-Centes-early-morning-August-2024-1536x1152.jpg 1536w, https:\/\/www.nasetcentes.info\/wp-content\/uploads\/20240808_080628-Na-Set-Centes-early-morning-August-2024-2048x1536.jpg 2048w\" sizes=\"auto, (max-width: 1024px) 100vw, 1024px\" \/><\/a>Agosto 2024 <a href=\"http:\/\/www.nasetcentes.com\">www.nasetcentes.com<\/a><\/p>\n<p>12.07.24<\/p>\n<p><a href=\"https:\/\/www.nasetcentes.info\/wp-content\/uploads\/Agroturisme-Na-Set-Centes-Arta-Mallorca-Summer-breakfast-area-and-garden-July-2024-scaled.jpg\"><img loading=\"lazy\" decoding=\"async\" class=\"aligncenter size-large wp-image-1603\" src=\"https:\/\/www.nasetcentes.info\/wp-content\/uploads\/Agroturisme-Na-Set-Centes-Arta-Mallorca-Summer-breakfast-area-and-garden-July-2024-1024x768.jpg\" alt=\"\" width=\"1024\" height=\"768\" srcset=\"https:\/\/www.nasetcentes.info\/wp-content\/uploads\/Agroturisme-Na-Set-Centes-Arta-Mallorca-Summer-breakfast-area-and-garden-July-2024-1024x768.jpg 1024w, https:\/\/www.nasetcentes.info\/wp-content\/uploads\/Agroturisme-Na-Set-Centes-Arta-Mallorca-Summer-breakfast-area-and-garden-July-2024-300x225.jpg 300w, https:\/\/www.nasetcentes.info\/wp-content\/uploads\/Agroturisme-Na-Set-Centes-Arta-Mallorca-Summer-breakfast-area-and-garden-July-2024-768x576.jpg 768w, https:\/\/www.nasetcentes.info\/wp-content\/uploads\/Agroturisme-Na-Set-Centes-Arta-Mallorca-Summer-breakfast-area-and-garden-July-2024-1536x1152.jpg 1536w, https:\/\/www.nasetcentes.info\/wp-content\/uploads\/Agroturisme-Na-Set-Centes-Arta-Mallorca-Summer-breakfast-area-and-garden-July-2024-2048x1536.jpg 2048w\" sizes=\"auto, (max-width: 1024px) 100vw, 1024px\" \/><\/a>Julio 2024. Zona de desayunos en verano. Jard\u00edn. <a href=\"http:\/\/www.nasetcentes.com\">www.nasetcentes.com<\/a><\/p>\n<p>16.06.24<\/p>\n<p><a href=\"https:\/\/www.nasetcentes.info\/wp-content\/uploads\/Agroturisme-Na-Set-Centes-Arta-Mallorca-June-2024-Swimming-pool-terrace-palm-trees-scaled.jpg\"><img loading=\"lazy\" decoding=\"async\" class=\"aligncenter size-large wp-image-1594\" src=\"https:\/\/www.nasetcentes.info\/wp-content\/uploads\/Agroturisme-Na-Set-Centes-Arta-Mallorca-June-2024-Swimming-pool-terrace-palm-trees-1024x768.jpg\" alt=\"\" width=\"1024\" height=\"768\" srcset=\"https:\/\/www.nasetcentes.info\/wp-content\/uploads\/Agroturisme-Na-Set-Centes-Arta-Mallorca-June-2024-Swimming-pool-terrace-palm-trees-1024x768.jpg 1024w, https:\/\/www.nasetcentes.info\/wp-content\/uploads\/Agroturisme-Na-Set-Centes-Arta-Mallorca-June-2024-Swimming-pool-terrace-palm-trees-300x225.jpg 300w, https:\/\/www.nasetcentes.info\/wp-content\/uploads\/Agroturisme-Na-Set-Centes-Arta-Mallorca-June-2024-Swimming-pool-terrace-palm-trees-768x576.jpg 768w, https:\/\/www.nasetcentes.info\/wp-content\/uploads\/Agroturisme-Na-Set-Centes-Arta-Mallorca-June-2024-Swimming-pool-terrace-palm-trees-1536x1152.jpg 1536w, https:\/\/www.nasetcentes.info\/wp-content\/uploads\/Agroturisme-Na-Set-Centes-Arta-Mallorca-June-2024-Swimming-pool-terrace-palm-trees-2048x1536.jpg 2048w\" sizes=\"auto, (max-width: 1024px) 100vw, 1024px\" \/><\/a><a href=\"http:\/\/www.nasetcentes.com\">www.nasetcentes.com<\/a><\/p>\n<p>15.05.24<\/p>\n<p><a href=\"https:\/\/www.nasetcentes.info\/wp-content\/uploads\/Agroturisme-Na-Set-Centes-May-24-scaled.jpg\"><img loading=\"lazy\" decoding=\"async\" class=\"aligncenter size-large wp-image-1573\" src=\"https:\/\/www.nasetcentes.info\/wp-content\/uploads\/Agroturisme-Na-Set-Centes-May-24-1024x768.jpg\" alt=\"\" width=\"1024\" height=\"768\" srcset=\"https:\/\/www.nasetcentes.info\/wp-content\/uploads\/Agroturisme-Na-Set-Centes-May-24-1024x768.jpg 1024w, https:\/\/www.nasetcentes.info\/wp-content\/uploads\/Agroturisme-Na-Set-Centes-May-24-300x225.jpg 300w, https:\/\/www.nasetcentes.info\/wp-content\/uploads\/Agroturisme-Na-Set-Centes-May-24-768x576.jpg 768w, https:\/\/www.nasetcentes.info\/wp-content\/uploads\/Agroturisme-Na-Set-Centes-May-24-1536x1152.jpg 1536w, https:\/\/www.nasetcentes.info\/wp-content\/uploads\/Agroturisme-Na-Set-Centes-May-24-2048x1536.jpg 2048w\" sizes=\"auto, (max-width: 1024px) 100vw, 1024px\" \/><\/a><\/p>\n<p>D\u00edas soleados, de cielo azul y flores en el jard\u00edn. \u00a1En Mallorca hay tanto que ver en Mayo!<\/p>\n<p>Agroturismo Na Set Centes, Art\u00e0, Mallorca. \u00a0 <a href=\"http:\/\/www.nasetcentes.com\">www.nasetcentes.com<\/a><\/p>\n<p>14.05.24<\/p>\n<p><a href=\"https:\/\/www.nasetcentes.info\/wp-content\/uploads\/Agroturisme-Na-Set-Centes-May-24-Time-for-sunbathing-scaled.jpg\"><img loading=\"lazy\" decoding=\"async\" class=\"aligncenter size-large wp-image-1576\" src=\"https:\/\/www.nasetcentes.info\/wp-content\/uploads\/Agroturisme-Na-Set-Centes-May-24-Time-for-sunbathing-1024x768.jpg\" alt=\"\" width=\"1024\" height=\"768\" srcset=\"https:\/\/www.nasetcentes.info\/wp-content\/uploads\/Agroturisme-Na-Set-Centes-May-24-Time-for-sunbathing-1024x768.jpg 1024w, https:\/\/www.nasetcentes.info\/wp-content\/uploads\/Agroturisme-Na-Set-Centes-May-24-Time-for-sunbathing-300x225.jpg 300w, https:\/\/www.nasetcentes.info\/wp-content\/uploads\/Agroturisme-Na-Set-Centes-May-24-Time-for-sunbathing-768x576.jpg 768w, https:\/\/www.nasetcentes.info\/wp-content\/uploads\/Agroturisme-Na-Set-Centes-May-24-Time-for-sunbathing-1536x1152.jpg 1536w, https:\/\/www.nasetcentes.info\/wp-content\/uploads\/Agroturisme-Na-Set-Centes-May-24-Time-for-sunbathing-2048x1536.jpg 2048w\" sizes=\"auto, (max-width: 1024px) 100vw, 1024px\" \/><\/a>Ya se puede tomar el sol junta a la buganvilia.<\/p>\n<p>Agroturismo Na Set Centes, Art\u00e0, Mallorca. \u00a0 <a href=\"http:\/\/www.nasetcentes.com\">www.nasetcentes.com<\/a>\u00a0<\/p>\n<p>19.04.24<\/p>\n<p><a href=\"https:\/\/www.nasetcentes.info\/wp-content\/uploads\/20240419_132756-Morer-Na-Set-Centes-scaled.jpg\"><img loading=\"lazy\" decoding=\"async\" class=\"aligncenter size-large wp-image-1564\" src=\"https:\/\/www.nasetcentes.info\/wp-content\/uploads\/20240419_132756-Morer-Na-Set-Centes-1024x722.jpg\" alt=\"\" width=\"1024\" height=\"722\" srcset=\"https:\/\/www.nasetcentes.info\/wp-content\/uploads\/20240419_132756-Morer-Na-Set-Centes-1024x722.jpg 1024w, https:\/\/www.nasetcentes.info\/wp-content\/uploads\/20240419_132756-Morer-Na-Set-Centes-300x212.jpg 300w, https:\/\/www.nasetcentes.info\/wp-content\/uploads\/20240419_132756-Morer-Na-Set-Centes-768x542.jpg 768w, https:\/\/www.nasetcentes.info\/wp-content\/uploads\/20240419_132756-Morer-Na-Set-Centes-1536x1083.jpg 1536w, https:\/\/www.nasetcentes.info\/wp-content\/uploads\/20240419_132756-Morer-Na-Set-Centes-2048x1444.jpg 2048w\" sizes=\"auto, (max-width: 1024px) 100vw, 1024px\" \/><\/a><\/p>\n<p>Agroturismo Na Set Centes. Web: \u00a0 <a href=\"http:\/\/www.nasetcentes.com\">www.nasetcentes.com<\/a> \u00a0Email: <a href=\"mailto:finca@nasetcentes.com\">finca@nasetcentes.com<\/a><\/p>\n<p>15.04.24<\/p>\n<p><a href=\"https:\/\/www.nasetcentes.info\/wp-content\/uploads\/Field-April-scaled.jpg\"><img loading=\"lazy\" decoding=\"async\" class=\"aligncenter size-large wp-image-1552\" src=\"https:\/\/www.nasetcentes.info\/wp-content\/uploads\/Field-April-1024x768.jpg\" alt=\"\" width=\"1024\" height=\"768\" srcset=\"https:\/\/www.nasetcentes.info\/wp-content\/uploads\/Field-April-1024x768.jpg 1024w, https:\/\/www.nasetcentes.info\/wp-content\/uploads\/Field-April-300x225.jpg 300w, https:\/\/www.nasetcentes.info\/wp-content\/uploads\/Field-April-768x576.jpg 768w, https:\/\/www.nasetcentes.info\/wp-content\/uploads\/Field-April-1536x1152.jpg 1536w, https:\/\/www.nasetcentes.info\/wp-content\/uploads\/Field-April-2048x1536.jpg 2048w\" sizes=\"auto, (max-width: 1024px) 100vw, 1024px\" \/><\/a><\/p>\n<p>Es primavera y los campos son verdes<\/p>\n<p><a href=\"http:\/\/www.nasetcentes.com\">www.nasetcentes.com<\/a><\/p>\n<p><a href=\"https:\/\/www.nasetcentes.info\/wp-content\/uploads\/Zimmer-El-Morer-Marz-2024-Agroturisme-Na-Set-Centes-scaled.jpg\"><img loading=\"lazy\" decoding=\"async\" class=\"aligncenter size-large wp-image-1548\" src=\"https:\/\/www.nasetcentes.info\/wp-content\/uploads\/Zimmer-El-Morer-Marz-2024-Agroturisme-Na-Set-Centes-1024x768.jpg\" alt=\"\" width=\"1024\" height=\"768\" srcset=\"https:\/\/www.nasetcentes.info\/wp-content\/uploads\/Zimmer-El-Morer-Marz-2024-Agroturisme-Na-Set-Centes-1024x768.jpg 1024w, https:\/\/www.nasetcentes.info\/wp-content\/uploads\/Zimmer-El-Morer-Marz-2024-Agroturisme-Na-Set-Centes-300x225.jpg 300w, https:\/\/www.nasetcentes.info\/wp-content\/uploads\/Zimmer-El-Morer-Marz-2024-Agroturisme-Na-Set-Centes-768x576.jpg 768w, https:\/\/www.nasetcentes.info\/wp-content\/uploads\/Zimmer-El-Morer-Marz-2024-Agroturisme-Na-Set-Centes-1536x1152.jpg 1536w, https:\/\/www.nasetcentes.info\/wp-content\/uploads\/Zimmer-El-Morer-Marz-2024-Agroturisme-Na-Set-Centes-2048x1536.jpg 2048w\" sizes=\"auto, (max-width: 1024px) 100vw, 1024px\" \/><\/a><\/p>\n<p><a href=\"https:\/\/www.nasetcentes.info\/wp-content\/uploads\/Agroturisme-Na-Set-Centes-Arta-Mallorca-March-Marz-2024-scaled.jpg\"><img loading=\"lazy\" decoding=\"async\" class=\"aligncenter size-large wp-image-1522\" src=\"https:\/\/www.nasetcentes.info\/wp-content\/uploads\/Agroturisme-Na-Set-Centes-Arta-Mallorca-March-Marz-2024-1024x768.jpg\" alt=\"\" width=\"1024\" height=\"768\" srcset=\"https:\/\/www.nasetcentes.info\/wp-content\/uploads\/Agroturisme-Na-Set-Centes-Arta-Mallorca-March-Marz-2024-1024x768.jpg 1024w, https:\/\/www.nasetcentes.info\/wp-content\/uploads\/Agroturisme-Na-Set-Centes-Arta-Mallorca-March-Marz-2024-300x225.jpg 300w, https:\/\/www.nasetcentes.info\/wp-content\/uploads\/Agroturisme-Na-Set-Centes-Arta-Mallorca-March-Marz-2024-768x576.jpg 768w, https:\/\/www.nasetcentes.info\/wp-content\/uploads\/Agroturisme-Na-Set-Centes-Arta-Mallorca-March-Marz-2024-1536x1152.jpg 1536w, https:\/\/www.nasetcentes.info\/wp-content\/uploads\/Agroturisme-Na-Set-Centes-Arta-Mallorca-March-Marz-2024-2048x1536.jpg 2048w\" sizes=\"auto, (max-width: 1024px) 100vw, 1024px\" \/><\/a>Despu\u00e9s de un d\u00eda de intensa lluvia, vuelve a salir un d\u00eda magn\u00edfico. Febrero se despide con un d\u00eda de sol, aunque el aire sea fr\u00edo. Las moreras, al fondo del camino, todav\u00eda est\u00e1n sin hojas.<\/p>\n<p>Agroturismo Na Set Centes. Web: \u00a0 <a href=\"http:\/\/www.nasetcentes.com\">www.nasetcentes.com<\/a> \u00a0Email: <a href=\"mailto:finca@nasetcentes.com\">finca@nasetcentes.com<\/a><\/p>\n<p>05.3.23<a href=\"https:\/\/www.nasetcentes.info\/wp-content\/uploads\/Fresien-Agroturismo-Na-Set-Centes-Arta-Mallorca-scaled.jpg\"><img loading=\"lazy\" decoding=\"async\" class=\"aligncenter size-large wp-image-1529\" src=\"https:\/\/www.nasetcentes.info\/wp-content\/uploads\/Fresien-Agroturismo-Na-Set-Centes-Arta-Mallorca-1024x768.jpg\" alt=\"\" width=\"1024\" height=\"768\" srcset=\"https:\/\/www.nasetcentes.info\/wp-content\/uploads\/Fresien-Agroturismo-Na-Set-Centes-Arta-Mallorca-1024x768.jpg 1024w, https:\/\/www.nasetcentes.info\/wp-content\/uploads\/Fresien-Agroturismo-Na-Set-Centes-Arta-Mallorca-300x225.jpg 300w, https:\/\/www.nasetcentes.info\/wp-content\/uploads\/Fresien-Agroturismo-Na-Set-Centes-Arta-Mallorca-768x576.jpg 768w, https:\/\/www.nasetcentes.info\/wp-content\/uploads\/Fresien-Agroturismo-Na-Set-Centes-Arta-Mallorca-1536x1152.jpg 1536w, https:\/\/www.nasetcentes.info\/wp-content\/uploads\/Fresien-Agroturismo-Na-Set-Centes-Arta-Mallorca-2048x1536.jpg 2048w\" sizes=\"auto, (max-width: 1024px) 100vw, 1024px\" \/><\/a>Las fresias en flor son el mejor anticipo de la primavera.<\/p>\n<p>Agroturismo Na Set Centes. Web: \u00a0 <a href=\"http:\/\/www.nasetcentes.com\">www.nasetcentes.com<\/a> \u00a0Email: <a href=\"mailto:finca@nasetcentes.com\">finca@nasetcentes.com<\/a><\/p>\n<p>11.02.24<\/p>\n<p><a href=\"https:\/\/www.nasetcentes.info\/wp-content\/uploads\/Flor-dametller-Flor-de-almendro-Almond-tree-blossom-mandelblute-mallorca-Agroturismo-Na-Set-Centes-Arta-Mallorca-scaled.jpg\"><img loading=\"lazy\" decoding=\"async\" class=\"aligncenter size-large wp-image-1507\" src=\"https:\/\/www.nasetcentes.info\/wp-content\/uploads\/Flor-dametller-Flor-de-almendro-Almond-tree-blossom-mandelblute-mallorca-Agroturismo-Na-Set-Centes-Arta-Mallorca-1024x768.jpg\" alt=\"\" width=\"1024\" height=\"768\" srcset=\"https:\/\/www.nasetcentes.info\/wp-content\/uploads\/Flor-dametller-Flor-de-almendro-Almond-tree-blossom-mandelblute-mallorca-Agroturismo-Na-Set-Centes-Arta-Mallorca-1024x768.jpg 1024w, https:\/\/www.nasetcentes.info\/wp-content\/uploads\/Flor-dametller-Flor-de-almendro-Almond-tree-blossom-mandelblute-mallorca-Agroturismo-Na-Set-Centes-Arta-Mallorca-300x225.jpg 300w, https:\/\/www.nasetcentes.info\/wp-content\/uploads\/Flor-dametller-Flor-de-almendro-Almond-tree-blossom-mandelblute-mallorca-Agroturismo-Na-Set-Centes-Arta-Mallorca-768x576.jpg 768w, https:\/\/www.nasetcentes.info\/wp-content\/uploads\/Flor-dametller-Flor-de-almendro-Almond-tree-blossom-mandelblute-mallorca-Agroturismo-Na-Set-Centes-Arta-Mallorca-1536x1152.jpg 1536w, https:\/\/www.nasetcentes.info\/wp-content\/uploads\/Flor-dametller-Flor-de-almendro-Almond-tree-blossom-mandelblute-mallorca-Agroturismo-Na-Set-Centes-Arta-Mallorca-2048x1536.jpg 2048w\" sizes=\"auto, (max-width: 1024px) 100vw, 1024px\" \/><\/a>Los almendros embellecen Mallorca en Febrero.<\/p>\n<p>Agroturismo Na Set Centes. Web: \u00a0 <a href=\"http:\/\/www.nasetcentes.com\">www.nasetcentes.com<\/a> \u00a0Email: <a href=\"mailto:finca@nasetcentes.com\">finca@nasetcentes.com<\/a><\/p>\n<p>23.01.24<\/p>\n<p><a href=\"https:\/\/www.nasetcentes.info\/wp-content\/uploads\/Arta-Mallorca-restaurants-scaled.jpg\"><img loading=\"lazy\" decoding=\"async\" class=\"aligncenter size-large wp-image-1490\" src=\"https:\/\/www.nasetcentes.info\/wp-content\/uploads\/Arta-Mallorca-restaurants-1024x768.jpg\" alt=\"\" width=\"1024\" height=\"768\" srcset=\"https:\/\/www.nasetcentes.info\/wp-content\/uploads\/Arta-Mallorca-restaurants-1024x768.jpg 1024w, https:\/\/www.nasetcentes.info\/wp-content\/uploads\/Arta-Mallorca-restaurants-300x225.jpg 300w, https:\/\/www.nasetcentes.info\/wp-content\/uploads\/Arta-Mallorca-restaurants-768x576.jpg 768w, https:\/\/www.nasetcentes.info\/wp-content\/uploads\/Arta-Mallorca-restaurants-1536x1152.jpg 1536w, https:\/\/www.nasetcentes.info\/wp-content\/uploads\/Arta-Mallorca-restaurants-2048x1536.jpg 2048w\" sizes=\"auto, (max-width: 1024px) 100vw, 1024px\" \/><\/a>Calles en el centro de Art\u00e0. Ambiente agradable.<\/p>\n<p>Agroturismo Na Set Centes. Web: \u00a0 <a href=\"http:\/\/www.nasetcentes.com\">www.nasetcentes.com<\/a> \u00a0Email: <a href=\"mailto:finca@nasetcentes.com\">finca@nasetcentes.com<\/a><\/p>\n<p>10.12.23<\/p>\n<p><a href=\"https:\/\/www.nasetcentes.info\/wp-content\/uploads\/Arta-Mallorca-Estiu-Verano-Summer-Sommer-scaled.jpg\"><img loading=\"lazy\" decoding=\"async\" class=\"aligncenter size-large wp-image-1481\" src=\"https:\/\/www.nasetcentes.info\/wp-content\/uploads\/Arta-Mallorca-Estiu-Verano-Summer-Sommer-1024x768.jpg\" alt=\"\" width=\"1024\" height=\"768\" srcset=\"https:\/\/www.nasetcentes.info\/wp-content\/uploads\/Arta-Mallorca-Estiu-Verano-Summer-Sommer-1024x768.jpg 1024w, https:\/\/www.nasetcentes.info\/wp-content\/uploads\/Arta-Mallorca-Estiu-Verano-Summer-Sommer-300x225.jpg 300w, https:\/\/www.nasetcentes.info\/wp-content\/uploads\/Arta-Mallorca-Estiu-Verano-Summer-Sommer-768x576.jpg 768w, https:\/\/www.nasetcentes.info\/wp-content\/uploads\/Arta-Mallorca-Estiu-Verano-Summer-Sommer-1536x1152.jpg 1536w, https:\/\/www.nasetcentes.info\/wp-content\/uploads\/Arta-Mallorca-Estiu-Verano-Summer-Sommer-2048x1536.jpg 2048w\" sizes=\"auto, (max-width: 1024px) 100vw, 1024px\" \/><\/a>Art\u00e0 se encuentra a 3 Km. del Agroturismo Na Set Centes. Es un pueblo muy bonito.<\/p>\n<p><a href=\"http:\/\/www.nasetcentes.com\">www.nasetcentes.com<\/a><\/p>\n<p>03.11.23<\/p>\n<p><a href=\"https:\/\/www.nasetcentes.info\/wp-content\/uploads\/20231101_114800-November.-Agroturismo-Na-Set-Centes-Arta-Mallorca-scaled.jpg\"><img loading=\"lazy\" decoding=\"async\" class=\"aligncenter size-large wp-image-1466\" src=\"https:\/\/www.nasetcentes.info\/wp-content\/uploads\/20231101_114800-November.-Agroturismo-Na-Set-Centes-Arta-Mallorca-1024x768.jpg\" alt=\"\" width=\"1024\" height=\"768\" srcset=\"https:\/\/www.nasetcentes.info\/wp-content\/uploads\/20231101_114800-November.-Agroturismo-Na-Set-Centes-Arta-Mallorca-1024x768.jpg 1024w, https:\/\/www.nasetcentes.info\/wp-content\/uploads\/20231101_114800-November.-Agroturismo-Na-Set-Centes-Arta-Mallorca-300x225.jpg 300w, https:\/\/www.nasetcentes.info\/wp-content\/uploads\/20231101_114800-November.-Agroturismo-Na-Set-Centes-Arta-Mallorca-768x576.jpg 768w, https:\/\/www.nasetcentes.info\/wp-content\/uploads\/20231101_114800-November.-Agroturismo-Na-Set-Centes-Arta-Mallorca-1536x1152.jpg 1536w, https:\/\/www.nasetcentes.info\/wp-content\/uploads\/20231101_114800-November.-Agroturismo-Na-Set-Centes-Arta-Mallorca-2048x1536.jpg 2048w\" sizes=\"auto, (max-width: 1024px) 100vw, 1024px\" \/><\/a>En noviembre es tiempo de arar y sembrar. Los colores del paisaje cambian. <a href=\"http:\/\/www.nasetcentes.com\">www.nasetcentes.com<\/a>\u00a0<\/p>\n<p>09.10.23<\/p>\n<p><a href=\"https:\/\/www.nasetcentes.info\/wp-content\/uploads\/20230927_135327-Agroturismo-Na-Set-Centes-Arta-Mallorca-Setember-and-October-2023-scaled.jpg\"><img loading=\"lazy\" decoding=\"async\" class=\"aligncenter size-large wp-image-1453\" src=\"https:\/\/www.nasetcentes.info\/wp-content\/uploads\/20230927_135327-Agroturismo-Na-Set-Centes-Arta-Mallorca-Setember-and-October-2023-1024x768.jpg\" alt=\"\" width=\"1024\" height=\"768\" srcset=\"https:\/\/www.nasetcentes.info\/wp-content\/uploads\/20230927_135327-Agroturismo-Na-Set-Centes-Arta-Mallorca-Setember-and-October-2023-1024x768.jpg 1024w, https:\/\/www.nasetcentes.info\/wp-content\/uploads\/20230927_135327-Agroturismo-Na-Set-Centes-Arta-Mallorca-Setember-and-October-2023-300x225.jpg 300w, https:\/\/www.nasetcentes.info\/wp-content\/uploads\/20230927_135327-Agroturismo-Na-Set-Centes-Arta-Mallorca-Setember-and-October-2023-768x576.jpg 768w, https:\/\/www.nasetcentes.info\/wp-content\/uploads\/20230927_135327-Agroturismo-Na-Set-Centes-Arta-Mallorca-Setember-and-October-2023-1536x1152.jpg 1536w, https:\/\/www.nasetcentes.info\/wp-content\/uploads\/20230927_135327-Agroturismo-Na-Set-Centes-Arta-Mallorca-Setember-and-October-2023-2048x1536.jpg 2048w\" sizes=\"auto, (max-width: 1024px) 100vw, 1024px\" \/><\/a>Tiempo inmejorable, el disfrutado a fines de setiembre y principios de octubre. La casa llena, apenas hemos tenido tiempo para actualizar nuestros blogs. Ahora lo hacemos.<\/p>\n<p><a href=\"http:\/\/www.nasetcentes.com\">www.nasetcentes.com<\/a><\/p>\n<p>25.08.23<\/p>\n<p><a href=\"https:\/\/www.nasetcentes.info\/wp-content\/uploads\/Na-Set-Centes-Arta-Mallora-August-2023-scaled.jpg\"><img loading=\"lazy\" decoding=\"async\" class=\"aligncenter size-large wp-image-1447\" src=\"https:\/\/www.nasetcentes.info\/wp-content\/uploads\/Na-Set-Centes-Arta-Mallora-August-2023-1024x768.jpg\" alt=\"\" width=\"1024\" height=\"768\" srcset=\"https:\/\/www.nasetcentes.info\/wp-content\/uploads\/Na-Set-Centes-Arta-Mallora-August-2023-1024x768.jpg 1024w, https:\/\/www.nasetcentes.info\/wp-content\/uploads\/Na-Set-Centes-Arta-Mallora-August-2023-300x225.jpg 300w, https:\/\/www.nasetcentes.info\/wp-content\/uploads\/Na-Set-Centes-Arta-Mallora-August-2023-768x576.jpg 768w, https:\/\/www.nasetcentes.info\/wp-content\/uploads\/Na-Set-Centes-Arta-Mallora-August-2023-1536x1152.jpg 1536w, https:\/\/www.nasetcentes.info\/wp-content\/uploads\/Na-Set-Centes-Arta-Mallora-August-2023-2048x1536.jpg 2048w\" sizes=\"auto, (max-width: 1024px) 100vw, 1024px\" \/><\/a>Agosto 2023<\/p>\n<p><a href=\"http:\/\/www.nasetcentes.com\">www.nasetcentes.com<\/a><\/p>\n<p>27.07.23<\/p>\n<p><a href=\"https:\/\/www.nasetcentes.info\/wp-content\/uploads\/20230715_121907-Swimming-pool-Na-Set-Centes-Arta-Mallorca-Juli-2023-scaled.jpg\"><img loading=\"lazy\" decoding=\"async\" class=\"aligncenter size-large wp-image-1430\" src=\"https:\/\/www.nasetcentes.info\/wp-content\/uploads\/20230715_121907-Swimming-pool-Na-Set-Centes-Arta-Mallorca-Juli-2023-1024x768.jpg\" alt=\"\" width=\"1024\" height=\"768\" srcset=\"https:\/\/www.nasetcentes.info\/wp-content\/uploads\/20230715_121907-Swimming-pool-Na-Set-Centes-Arta-Mallorca-Juli-2023-1024x768.jpg 1024w, https:\/\/www.nasetcentes.info\/wp-content\/uploads\/20230715_121907-Swimming-pool-Na-Set-Centes-Arta-Mallorca-Juli-2023-300x225.jpg 300w, https:\/\/www.nasetcentes.info\/wp-content\/uploads\/20230715_121907-Swimming-pool-Na-Set-Centes-Arta-Mallorca-Juli-2023-768x576.jpg 768w, https:\/\/www.nasetcentes.info\/wp-content\/uploads\/20230715_121907-Swimming-pool-Na-Set-Centes-Arta-Mallorca-Juli-2023-1536x1152.jpg 1536w, https:\/\/www.nasetcentes.info\/wp-content\/uploads\/20230715_121907-Swimming-pool-Na-Set-Centes-Arta-Mallorca-Juli-2023-2048x1536.jpg 2048w\" sizes=\"auto, (max-width: 1024px) 100vw, 1024px\" \/><\/a><\/p>\n<p>Julio 2023. Ahora el agroturismo est\u00e1 lleno ( con un 40% hu\u00e9spedes repetidores,n\u00a0 20% nuevos hu\u00e9spedes, pero recomendados por hu\u00e9spedes que nos visitaron hace un tiempo, y un 40% hu\u00e9spedes nuevos)<\/p>\n<p>En agosto y setiembre algunas habitaciones est\u00e1n disponibles. Si desea visitarnos, puede comprobar la disponibilidad en nuestra p\u00e1gina web\u00a0 <a href=\"http:\/\/www.nasetcentes.com\">www.nasetcentes.com<\/a><\/p>\n<p>26.06.23<\/p>\n<p><a href=\"https:\/\/www.nasetcentes.info\/wp-content\/uploads\/Jardin-Garden-Na-Set-Centes-Arta-Mallorca-scaled.jpg\"><img loading=\"lazy\" decoding=\"async\" class=\"aligncenter size-large wp-image-1426\" src=\"https:\/\/www.nasetcentes.info\/wp-content\/uploads\/Jardin-Garden-Na-Set-Centes-Arta-Mallorca-1024x768.jpg\" alt=\"\" width=\"1024\" height=\"768\" srcset=\"https:\/\/www.nasetcentes.info\/wp-content\/uploads\/Jardin-Garden-Na-Set-Centes-Arta-Mallorca-1024x768.jpg 1024w, https:\/\/www.nasetcentes.info\/wp-content\/uploads\/Jardin-Garden-Na-Set-Centes-Arta-Mallorca-300x225.jpg 300w, https:\/\/www.nasetcentes.info\/wp-content\/uploads\/Jardin-Garden-Na-Set-Centes-Arta-Mallorca-768x576.jpg 768w, https:\/\/www.nasetcentes.info\/wp-content\/uploads\/Jardin-Garden-Na-Set-Centes-Arta-Mallorca-1536x1152.jpg 1536w, https:\/\/www.nasetcentes.info\/wp-content\/uploads\/Jardin-Garden-Na-Set-Centes-Arta-Mallorca-2048x1536.jpg 2048w\" sizes=\"auto, (max-width: 1024px) 100vw, 1024px\" \/><\/a>Jard\u00edn y piscina. En junio se disfruta de ambos. <a href=\"http:\/\/www.nasetcentes.com\">www.nasetcentes.com<\/a><\/p>\n<p>30.05.23<\/p>\n<p><a href=\"https:\/\/www.nasetcentes.info\/wp-content\/uploads\/Agroturismo-Na-Set-Centes-Arta-Mallorca-May-2023-Finca-Hotel-Mallorca-scaled.jpg\"><img loading=\"lazy\" decoding=\"async\" class=\"aligncenter size-large wp-image-1417\" src=\"https:\/\/www.nasetcentes.info\/wp-content\/uploads\/Agroturismo-Na-Set-Centes-Arta-Mallorca-May-2023-Finca-Hotel-Mallorca-1024x928.jpg\" alt=\"Agroturismo Na Set Centes, Arta, Mallorca\" width=\"1024\" height=\"928\" srcset=\"https:\/\/www.nasetcentes.info\/wp-content\/uploads\/Agroturismo-Na-Set-Centes-Arta-Mallorca-May-2023-Finca-Hotel-Mallorca-1024x928.jpg 1024w, https:\/\/www.nasetcentes.info\/wp-content\/uploads\/Agroturismo-Na-Set-Centes-Arta-Mallorca-May-2023-Finca-Hotel-Mallorca-300x272.jpg 300w, https:\/\/www.nasetcentes.info\/wp-content\/uploads\/Agroturismo-Na-Set-Centes-Arta-Mallorca-May-2023-Finca-Hotel-Mallorca-768x696.jpg 768w, https:\/\/www.nasetcentes.info\/wp-content\/uploads\/Agroturismo-Na-Set-Centes-Arta-Mallorca-May-2023-Finca-Hotel-Mallorca-1536x1392.jpg 1536w, https:\/\/www.nasetcentes.info\/wp-content\/uploads\/Agroturismo-Na-Set-Centes-Arta-Mallorca-May-2023-Finca-Hotel-Mallorca-2048x1856.jpg 2048w\" sizes=\"auto, (max-width: 1024px) 100vw, 1024px\" \/><\/a>Es Mayo, todav\u00eda primavera. Seguimos ofreciendo el desayuno dentro. Sin embargo, en una semanas la zona de desayuno se traslada al exterior, delante del jard\u00edn. Esa es la &#8216;sala de desayunos&#8217; en verano.<\/p>\n<p><a href=\"http:\/\/www.nasetcentes.com\">www.nasetcentes.com<\/a><\/p>\n<p>19.05.23<\/p>\n<p><a href=\"https:\/\/www.nasetcentes.info\/wp-content\/uploads\/Agroturisme-Na-Set-Centes-Arta-Mallorca-12.05-scaled.jpg\"><img loading=\"lazy\" decoding=\"async\" class=\"aligncenter size-large wp-image-1407\" src=\"https:\/\/www.nasetcentes.info\/wp-content\/uploads\/Agroturisme-Na-Set-Centes-Arta-Mallorca-12.05-1024x843.jpg\" alt=\"\" width=\"1024\" height=\"843\" srcset=\"https:\/\/www.nasetcentes.info\/wp-content\/uploads\/Agroturisme-Na-Set-Centes-Arta-Mallorca-12.05-1024x843.jpg 1024w, https:\/\/www.nasetcentes.info\/wp-content\/uploads\/Agroturisme-Na-Set-Centes-Arta-Mallorca-12.05-300x247.jpg 300w, https:\/\/www.nasetcentes.info\/wp-content\/uploads\/Agroturisme-Na-Set-Centes-Arta-Mallorca-12.05-768x632.jpg 768w, https:\/\/www.nasetcentes.info\/wp-content\/uploads\/Agroturisme-Na-Set-Centes-Arta-Mallorca-12.05-1536x1264.jpg 1536w, https:\/\/www.nasetcentes.info\/wp-content\/uploads\/Agroturisme-Na-Set-Centes-Arta-Mallorca-12.05-2048x1686.jpg 2048w\" sizes=\"auto, (max-width: 1024px) 100vw, 1024px\" \/><\/a>Mayo 2023<\/p>\n<p>10.04.23<\/p>\n<p><a href=\"https:\/\/www.nasetcentes.info\/wp-content\/uploads\/Swimming-Pool-Na-Set-Centes-Arta-Mallorca-10.04.23-scaled.jpg\"><img loading=\"lazy\" decoding=\"async\" class=\"aligncenter size-large wp-image-1393\" src=\"https:\/\/www.nasetcentes.info\/wp-content\/uploads\/Swimming-Pool-Na-Set-Centes-Arta-Mallorca-10.04.23-1024x768.jpg\" alt=\"\" width=\"1024\" height=\"768\" srcset=\"https:\/\/www.nasetcentes.info\/wp-content\/uploads\/Swimming-Pool-Na-Set-Centes-Arta-Mallorca-10.04.23-1024x768.jpg 1024w, https:\/\/www.nasetcentes.info\/wp-content\/uploads\/Swimming-Pool-Na-Set-Centes-Arta-Mallorca-10.04.23-300x225.jpg 300w, https:\/\/www.nasetcentes.info\/wp-content\/uploads\/Swimming-Pool-Na-Set-Centes-Arta-Mallorca-10.04.23-768x576.jpg 768w, https:\/\/www.nasetcentes.info\/wp-content\/uploads\/Swimming-Pool-Na-Set-Centes-Arta-Mallorca-10.04.23-1536x1152.jpg 1536w, https:\/\/www.nasetcentes.info\/wp-content\/uploads\/Swimming-Pool-Na-Set-Centes-Arta-Mallorca-10.04.23-2048x1536.jpg 2048w\" sizes=\"auto, (max-width: 1024px) 100vw, 1024px\" \/><\/a>Abril, por la ma\u00f1ana temprano. El ambiente todav\u00eda es fresco. Posteriormente suben las temperaturas y los d\u00edas son muy agradables.<\/p>\n<p>Agroturismo Na Set Centes. Web: \u00a0 <a href=\"http:\/\/www.nasetcentes.com\">www.nasetcentes.com<\/a> \u00a0Email: <a href=\"mailto:finca@nasetcentes.com\">finca@nasetcentes.com<\/a><\/p>\n<p>14.03.23<\/p>\n<p><a href=\"https:\/\/www.nasetcentes.info\/wp-content\/uploads\/20230218_171413-The-sea-in-February-Mallorca-1-scaled.jpg\"><img loading=\"lazy\" decoding=\"async\" class=\"aligncenter size-large wp-image-1363\" src=\"https:\/\/www.nasetcentes.info\/wp-content\/uploads\/20230218_171413-The-sea-in-February-Mallorca-1-1024x664.jpg\" alt=\"\" width=\"1024\" height=\"664\" srcset=\"https:\/\/www.nasetcentes.info\/wp-content\/uploads\/20230218_171413-The-sea-in-February-Mallorca-1-1024x664.jpg 1024w, https:\/\/www.nasetcentes.info\/wp-content\/uploads\/20230218_171413-The-sea-in-February-Mallorca-1-300x195.jpg 300w, https:\/\/www.nasetcentes.info\/wp-content\/uploads\/20230218_171413-The-sea-in-February-Mallorca-1-768x498.jpg 768w, https:\/\/www.nasetcentes.info\/wp-content\/uploads\/20230218_171413-The-sea-in-February-Mallorca-1-1536x996.jpg 1536w, https:\/\/www.nasetcentes.info\/wp-content\/uploads\/20230218_171413-The-sea-in-February-Mallorca-1-2048x1329.jpg 2048w\" sizes=\"auto, (max-width: 1024px) 100vw, 1024px\" \/><\/a>Noreste de Mallorca. Playas, excursiones, naturaleza, a doce minutos en coche de Na Set Centes<\/p>\n<p>Agroturismo Na Set Centes. Web: \u00a0 <a href=\"http:\/\/www.nasetcentes.com\">www.nasetcentes.com<\/a> \u00a0Email: <a href=\"mailto:finca@nasetcentes.com\">finca@nasetcentes.com<\/a><\/p>\n<p>20.02.23<\/p>\n<p><a href=\"https:\/\/www.nasetcentes.info\/wp-content\/uploads\/20230219_130441-Na-Set-Centes-February-2023-2.jpg\"><img loading=\"lazy\" decoding=\"async\" class=\"aligncenter size-large wp-image-1367\" src=\"https:\/\/www.nasetcentes.info\/wp-content\/uploads\/20230219_130441-Na-Set-Centes-February-2023-2-1024x768.jpg\" alt=\"\" width=\"1024\" height=\"768\" srcset=\"https:\/\/www.nasetcentes.info\/wp-content\/uploads\/20230219_130441-Na-Set-Centes-February-2023-2-1024x768.jpg 1024w, https:\/\/www.nasetcentes.info\/wp-content\/uploads\/20230219_130441-Na-Set-Centes-February-2023-2-300x225.jpg 300w, https:\/\/www.nasetcentes.info\/wp-content\/uploads\/20230219_130441-Na-Set-Centes-February-2023-2-768x576.jpg 768w, https:\/\/www.nasetcentes.info\/wp-content\/uploads\/20230219_130441-Na-Set-Centes-February-2023-2-1536x1152.jpg 1536w, https:\/\/www.nasetcentes.info\/wp-content\/uploads\/20230219_130441-Na-Set-Centes-February-2023-2.jpg 1672w\" sizes=\"auto, (max-width: 1024px) 100vw, 1024px\" \/><\/a>Este mes de febrero, ha llovido y hecho fr\u00edo. Esta semana, no obstante, el tiempo es pre-primaveral.<\/p>\n<p><a href=\"http:\/\/www.nasetcentes.com\">www.nasetcentes.com<\/a><\/p>\n<p>23.01.23<\/p>\n<p><a href=\"https:\/\/www.nasetcentes.info\/wp-content\/uploads\/20221222_132042-Cartells-excursio-Ermita-1.4.jpg\"><img loading=\"lazy\" decoding=\"async\" class=\"aligncenter size-large wp-image-1323\" src=\"https:\/\/www.nasetcentes.info\/wp-content\/uploads\/20221222_132042-Cartells-excursio-Ermita-1.4-1024x768.jpg\" alt=\"\" width=\"1024\" height=\"768\" srcset=\"https:\/\/www.nasetcentes.info\/wp-content\/uploads\/20221222_132042-Cartells-excursio-Ermita-1.4-1024x768.jpg 1024w, https:\/\/www.nasetcentes.info\/wp-content\/uploads\/20221222_132042-Cartells-excursio-Ermita-1.4-300x225.jpg 300w, https:\/\/www.nasetcentes.info\/wp-content\/uploads\/20221222_132042-Cartells-excursio-Ermita-1.4-768x576.jpg 768w, https:\/\/www.nasetcentes.info\/wp-content\/uploads\/20221222_132042-Cartells-excursio-Ermita-1.4-1536x1152.jpg 1536w, https:\/\/www.nasetcentes.info\/wp-content\/uploads\/20221222_132042-Cartells-excursio-Ermita-1.4.jpg 1672w\" sizes=\"auto, (max-width: 1024px) 100vw, 1024px\" \/><\/a><\/p>\n<p>29.11.22<\/p>\n<p><a href=\"https:\/\/www.nasetcentes.info\/wp-content\/uploads\/20221222_130539-Na-Clara-Es-Calo-1.4.jpg\"><img loading=\"lazy\" decoding=\"async\" class=\"aligncenter size-large wp-image-1322\" src=\"https:\/\/www.nasetcentes.info\/wp-content\/uploads\/20221222_130539-Na-Clara-Es-Calo-1.4-1024x768.jpg\" alt=\"\" width=\"1024\" height=\"768\" srcset=\"https:\/\/www.nasetcentes.info\/wp-content\/uploads\/20221222_130539-Na-Clara-Es-Calo-1.4-1024x768.jpg 1024w, https:\/\/www.nasetcentes.info\/wp-content\/uploads\/20221222_130539-Na-Clara-Es-Calo-1.4-300x225.jpg 300w, https:\/\/www.nasetcentes.info\/wp-content\/uploads\/20221222_130539-Na-Clara-Es-Calo-1.4-768x576.jpg 768w, https:\/\/www.nasetcentes.info\/wp-content\/uploads\/20221222_130539-Na-Clara-Es-Calo-1.4-1536x1152.jpg 1536w, https:\/\/www.nasetcentes.info\/wp-content\/uploads\/20221222_130539-Na-Clara-Es-Calo-1.4.jpg 1672w\" sizes=\"auto, (max-width: 1024px) 100vw, 1024px\" \/><\/a>Feliz Navidad a todos, desde Art\u00e0, Mallorca<\/p>\n<p><a href=\"http:\/\/www.nasetcentes.com\">www.nasetcentes.com<\/a><\/p>\n<p><a href=\"https:\/\/www.nasetcentes.info\/wp-content\/uploads\/20221126_125523-foto-na-set-centes-novembre-scaled-e1671882623869.jpg\"><img loading=\"lazy\" decoding=\"async\" class=\"aligncenter size-large wp-image-1315\" src=\"https:\/\/www.nasetcentes.info\/wp-content\/uploads\/20221126_125523-foto-na-set-centes-novembre-scaled-e1671882623869-1024x622.jpg\" alt=\"November 22, Na Set Centes\" width=\"1024\" height=\"622\" srcset=\"https:\/\/www.nasetcentes.info\/wp-content\/uploads\/20221126_125523-foto-na-set-centes-novembre-scaled-e1671882623869-1024x622.jpg 1024w, https:\/\/www.nasetcentes.info\/wp-content\/uploads\/20221126_125523-foto-na-set-centes-novembre-scaled-e1671882623869-300x182.jpg 300w, https:\/\/www.nasetcentes.info\/wp-content\/uploads\/20221126_125523-foto-na-set-centes-novembre-scaled-e1671882623869-768x466.jpg 768w, https:\/\/www.nasetcentes.info\/wp-content\/uploads\/20221126_125523-foto-na-set-centes-novembre-scaled-e1671882623869-1536x932.jpg 1536w, https:\/\/www.nasetcentes.info\/wp-content\/uploads\/20221126_125523-foto-na-set-centes-novembre-scaled-e1671882623869-2048x1243.jpg 2048w\" sizes=\"auto, (max-width: 1024px) 100vw, 1024px\" \/><\/a><a href=\"http:\/\/www.nasetcentes.com\">www.nasetcentes.com<\/a><\/p>\n<p>27.10.22<\/p>\n<p><a href=\"https:\/\/www.nasetcentes.info\/wp-content\/uploads\/Na-Set-Centes-October-around-18-hours-scaled.jpg\"><img loading=\"lazy\" decoding=\"async\" class=\"aligncenter size-large wp-image-1303\" src=\"https:\/\/www.nasetcentes.info\/wp-content\/uploads\/Na-Set-Centes-October-around-18-hours-1024x768.jpg\" alt=\"Agroturismo Na Set Centes, fields in October 22\" width=\"1024\" height=\"768\" srcset=\"https:\/\/www.nasetcentes.info\/wp-content\/uploads\/Na-Set-Centes-October-around-18-hours-1024x768.jpg 1024w, https:\/\/www.nasetcentes.info\/wp-content\/uploads\/Na-Set-Centes-October-around-18-hours-300x225.jpg 300w, https:\/\/www.nasetcentes.info\/wp-content\/uploads\/Na-Set-Centes-October-around-18-hours-768x576.jpg 768w, https:\/\/www.nasetcentes.info\/wp-content\/uploads\/Na-Set-Centes-October-around-18-hours-1536x1152.jpg 1536w, https:\/\/www.nasetcentes.info\/wp-content\/uploads\/Na-Set-Centes-October-around-18-hours-2048x1536.jpg 2048w\" sizes=\"auto, (max-width: 1024px) 100vw, 1024px\" \/><\/a>Gracias a las lluvias, este a\u00f1o se ha sembrado m\u00e1s pronto.<\/p>\n<p><a href=\"http:\/\/www.nasetcentes.com\">www.nasetcentes.com<\/a><\/p>\n<p>26.09.22<\/p>\n<p><a href=\"https:\/\/www.nasetcentes.info\/wp-content\/uploads\/Agroturismo-Na-Set-Centes-Arta-Mallorca-September-sunny-and-warm-scaled.jpg\"><img loading=\"lazy\" decoding=\"async\" class=\"aligncenter size-large wp-image-1274\" src=\"https:\/\/www.nasetcentes.info\/wp-content\/uploads\/Agroturismo-Na-Set-Centes-Arta-Mallorca-September-sunny-and-warm-1024x768.jpg\" alt=\"\" width=\"1024\" height=\"768\" srcset=\"https:\/\/www.nasetcentes.info\/wp-content\/uploads\/Agroturismo-Na-Set-Centes-Arta-Mallorca-September-sunny-and-warm-1024x768.jpg 1024w, https:\/\/www.nasetcentes.info\/wp-content\/uploads\/Agroturismo-Na-Set-Centes-Arta-Mallorca-September-sunny-and-warm-300x225.jpg 300w, https:\/\/www.nasetcentes.info\/wp-content\/uploads\/Agroturismo-Na-Set-Centes-Arta-Mallorca-September-sunny-and-warm-768x576.jpg 768w, https:\/\/www.nasetcentes.info\/wp-content\/uploads\/Agroturismo-Na-Set-Centes-Arta-Mallorca-September-sunny-and-warm-1536x1152.jpg 1536w, https:\/\/www.nasetcentes.info\/wp-content\/uploads\/Agroturismo-Na-Set-Centes-Arta-Mallorca-September-sunny-and-warm-2048x1536.jpg 2048w\" sizes=\"auto, (max-width: 1024px) 100vw, 1024px\" \/><\/a>En setiembre es posible ba\u00f1arse y tambi\u00e9n ir de excursi\u00f3n por la costa y la monta\u00f1a.<\/p>\n<p>Agroturismo Na Set Centes. Web: \u00a0 <a href=\"http:\/\/www.nasetcentes.com\">www.nasetcentes.com<\/a> \u00a0Email: <a href=\"mailto:finca@nasetcentes.com\">finca@nasetcentes.com<\/a><\/p>\n<p>16.08.22<\/p>\n<p><a href=\"https:\/\/www.nasetcentes.info\/wp-content\/uploads\/Garden-early-in-the-morning-1-scaled.jpg\"><img loading=\"lazy\" decoding=\"async\" class=\"aligncenter size-large wp-image-1239\" src=\"https:\/\/www.nasetcentes.info\/wp-content\/uploads\/Garden-early-in-the-morning-1-1024x768.jpg\" alt=\"Na Set Centes, Arta, Mallorca, August 2022\" width=\"1024\" height=\"768\" srcset=\"https:\/\/www.nasetcentes.info\/wp-content\/uploads\/Garden-early-in-the-morning-1-1024x768.jpg 1024w, https:\/\/www.nasetcentes.info\/wp-content\/uploads\/Garden-early-in-the-morning-1-300x225.jpg 300w, https:\/\/www.nasetcentes.info\/wp-content\/uploads\/Garden-early-in-the-morning-1-768x576.jpg 768w, https:\/\/www.nasetcentes.info\/wp-content\/uploads\/Garden-early-in-the-morning-1-1536x1152.jpg 1536w, https:\/\/www.nasetcentes.info\/wp-content\/uploads\/Garden-early-in-the-morning-1-2048x1536.jpg 2048w\" sizes=\"auto, (max-width: 1024px) 100vw, 1024px\" \/><\/a>Por la ma\u00f1ana temprano, aprovechando el frescor matutino, en el jard\u00edn.<\/p>\n<p>19.07.22<\/p>\n<p><a href=\"https:\/\/www.nasetcentes.info\/wp-content\/uploads\/20220713_111506-Na-Set-Centes-in-front-of-the-house-just-after-breakfast-14.07.22.jpg\"><img loading=\"lazy\" decoding=\"async\" class=\"aligncenter size-large wp-image-1228\" src=\"https:\/\/www.nasetcentes.info\/wp-content\/uploads\/20220713_111506-Na-Set-Centes-in-front-of-the-house-just-after-breakfast-14.07.22-1024x768.jpg\" alt=\"Agroturismo Na Set Centes, Art\u00e0, Mallorca, July 2022\" width=\"1024\" height=\"768\" srcset=\"https:\/\/www.nasetcentes.info\/wp-content\/uploads\/20220713_111506-Na-Set-Centes-in-front-of-the-house-just-after-breakfast-14.07.22-1024x768.jpg 1024w, https:\/\/www.nasetcentes.info\/wp-content\/uploads\/20220713_111506-Na-Set-Centes-in-front-of-the-house-just-after-breakfast-14.07.22-300x225.jpg 300w, https:\/\/www.nasetcentes.info\/wp-content\/uploads\/20220713_111506-Na-Set-Centes-in-front-of-the-house-just-after-breakfast-14.07.22-768x576.jpg 768w, https:\/\/www.nasetcentes.info\/wp-content\/uploads\/20220713_111506-Na-Set-Centes-in-front-of-the-house-just-after-breakfast-14.07.22-1536x1152.jpg 1536w, https:\/\/www.nasetcentes.info\/wp-content\/uploads\/20220713_111506-Na-Set-Centes-in-front-of-the-house-just-after-breakfast-14.07.22.jpg 1672w\" sizes=\"auto, (max-width: 1024px) 100vw, 1024px\" \/><\/a>Na Set Centes, delante de la casa, jard\u00edn y zona de desayuno en verano.<\/p>\n<p>Agroturismo Na Set Centes. Web: \u00a0 <a href=\"http:\/\/www.nasetcentes.com\">www.nasetcentes.com<\/a> \u00a0Email: <a href=\"mailto:finca@nasetcentes.com\">finca@nasetcentes.com<\/a><\/p>\n<p>16.06.22<\/p>\n<p><a href=\"https:\/\/www.nasetcentes.info\/wp-content\/uploads\/Na-Set-Centes-June-22.jpg\"><img loading=\"lazy\" decoding=\"async\" class=\"aligncenter size-large wp-image-1222\" src=\"https:\/\/www.nasetcentes.info\/wp-content\/uploads\/Na-Set-Centes-June-22-1024x768.jpg\" alt=\"\" width=\"1024\" height=\"768\" srcset=\"https:\/\/www.nasetcentes.info\/wp-content\/uploads\/Na-Set-Centes-June-22-1024x768.jpg 1024w, https:\/\/www.nasetcentes.info\/wp-content\/uploads\/Na-Set-Centes-June-22-300x225.jpg 300w, https:\/\/www.nasetcentes.info\/wp-content\/uploads\/Na-Set-Centes-June-22-768x576.jpg 768w, https:\/\/www.nasetcentes.info\/wp-content\/uploads\/Na-Set-Centes-June-22-1536x1152.jpg 1536w, https:\/\/www.nasetcentes.info\/wp-content\/uploads\/Na-Set-Centes-June-22.jpg 1672w\" sizes=\"auto, (max-width: 1024px) 100vw, 1024px\" \/><\/a>Delante de la casa.<\/p>\n<p>Agroturismo Na Set Centes. Web: \u00a0 <a href=\"http:\/\/www.nasetcentes.com\">www.nasetcentes.com<\/a> \u00a0Email: <a href=\"mailto:finca@nasetcentes.com\">finca@nasetcentes.com<\/a><\/p>\n<p>17.05.22<\/p>\n<p><a href=\"https:\/\/www.nasetcentes.info\/wp-content\/uploads\/Na-Set-Centes-Arta-Mallorca-Mai.jpg\"><img loading=\"lazy\" decoding=\"async\" class=\"aligncenter size-large wp-image-1215\" src=\"https:\/\/www.nasetcentes.info\/wp-content\/uploads\/Na-Set-Centes-Arta-Mallorca-Mai-1024x768.jpg\" alt=\"\" width=\"1024\" height=\"768\" srcset=\"https:\/\/www.nasetcentes.info\/wp-content\/uploads\/Na-Set-Centes-Arta-Mallorca-Mai-1024x768.jpg 1024w, https:\/\/www.nasetcentes.info\/wp-content\/uploads\/Na-Set-Centes-Arta-Mallorca-Mai-300x225.jpg 300w, https:\/\/www.nasetcentes.info\/wp-content\/uploads\/Na-Set-Centes-Arta-Mallorca-Mai-768x576.jpg 768w, https:\/\/www.nasetcentes.info\/wp-content\/uploads\/Na-Set-Centes-Arta-Mallorca-Mai.jpg 1080w\" sizes=\"auto, (max-width: 1024px) 100vw, 1024px\" \/><\/a>En mayo se puede disfrutar de la piscina, el jard\u00edn y tambi\u00e9n se puede ir a nadar al mar.<\/p>\n<p>Agroturismo Na Set Centes. Web: \u00a0 <a href=\"http:\/\/www.nasetcentes.com\">www.nasetcentes.com<\/a> \u00a0Email: <a href=\"mailto:finca@nasetcentes.com\">finca@nasetcentes.com<\/a><\/p>\n<p>25.04.22<\/p>\n<p><a href=\"https:\/\/www.nasetcentes.info\/wp-content\/uploads\/CIMG5726-2.jpg\"><img loading=\"lazy\" decoding=\"async\" class=\"aligncenter size-large wp-image-1208\" src=\"https:\/\/www.nasetcentes.info\/wp-content\/uploads\/CIMG5726-2-1024x685.jpg\" alt=\"\" width=\"1024\" height=\"685\" srcset=\"https:\/\/www.nasetcentes.info\/wp-content\/uploads\/CIMG5726-2-1024x685.jpg 1024w, https:\/\/www.nasetcentes.info\/wp-content\/uploads\/CIMG5726-2-300x201.jpg 300w, https:\/\/www.nasetcentes.info\/wp-content\/uploads\/CIMG5726-2-768x513.jpg 768w, https:\/\/www.nasetcentes.info\/wp-content\/uploads\/CIMG5726-2-1536x1027.jpg 1536w, https:\/\/www.nasetcentes.info\/wp-content\/uploads\/CIMG5726-2.jpg 2000w\" sizes=\"auto, (max-width: 1024px) 100vw, 1024px\" \/><\/a>Cuando luce el sol, abril es uno de los meses m\u00e1s bonitos para visitar Mallorca.<\/p>\n<p>Agroturismo Na Set Centes. Web: \u00a0 <a href=\"http:\/\/www.nasetcentes.com\">www.nasetcentes.com<\/a> \u00a0Email: <a href=\"mailto:finca@nasetcentes.com\">finca@nasetcentes.com<\/a><\/p>\n<p>15.03.22<\/p>\n<p><a href=\"https:\/\/www.nasetcentes.info\/wp-content\/uploads\/CIMG5629-scaled.jpg\"><img loading=\"lazy\" decoding=\"async\" class=\"aligncenter size-large wp-image-1200\" src=\"https:\/\/www.nasetcentes.info\/wp-content\/uploads\/CIMG5629-1024x768.jpg\" alt=\"\" width=\"1024\" height=\"768\" srcset=\"https:\/\/www.nasetcentes.info\/wp-content\/uploads\/CIMG5629-1024x768.jpg 1024w, https:\/\/www.nasetcentes.info\/wp-content\/uploads\/CIMG5629-300x225.jpg 300w, https:\/\/www.nasetcentes.info\/wp-content\/uploads\/CIMG5629-768x576.jpg 768w, https:\/\/www.nasetcentes.info\/wp-content\/uploads\/CIMG5629-1536x1152.jpg 1536w, https:\/\/www.nasetcentes.info\/wp-content\/uploads\/CIMG5629-2048x1536.jpg 2048w\" sizes=\"auto, (max-width: 1024px) 100vw, 1024px\" \/><\/a>Marzo es un mes estupendo para disfrutar de la naturaleza.<\/p>\n<p>Agroturismo Na Set Centes. Web: \u00a0 <a href=\"http:\/\/www.nasetcentes.com\">www.nasetcentes.com<\/a> \u00a0Email: <a href=\"mailto:finca@nasetcentes.com\">finca@nasetcentes.com<\/a><\/p>\n<p>21.02.22<\/p>\n<p><a href=\"https:\/\/www.nasetcentes.info\/wp-content\/uploads\/CIMG5587-scaled.jpg\"><img loading=\"lazy\" decoding=\"async\" class=\"aligncenter size-large wp-image-1199\" src=\"https:\/\/www.nasetcentes.info\/wp-content\/uploads\/CIMG5587-1024x768.jpg\" alt=\"\" width=\"1024\" height=\"768\" srcset=\"https:\/\/www.nasetcentes.info\/wp-content\/uploads\/CIMG5587-1024x768.jpg 1024w, https:\/\/www.nasetcentes.info\/wp-content\/uploads\/CIMG5587-300x225.jpg 300w, https:\/\/www.nasetcentes.info\/wp-content\/uploads\/CIMG5587-768x576.jpg 768w, https:\/\/www.nasetcentes.info\/wp-content\/uploads\/CIMG5587-1536x1152.jpg 1536w, https:\/\/www.nasetcentes.info\/wp-content\/uploads\/CIMG5587-2048x1536.jpg 2048w\" sizes=\"auto, (max-width: 1024px) 100vw, 1024px\" \/><\/a>Excelentes d\u00edas para ir a caminar junto al mar. La costa est\u00e1 a unos doce minutos en coches desde Na Set Centes.<\/p>\n<p>Agroturismo Na Set Centes. Web: \u00a0 <a href=\"http:\/\/www.nasetcentes.com\">www.nasetcentes.com<\/a> \u00a0Email: <a href=\"mailto:finca@nasetcentes.com\">finca@nasetcentes.com<\/a><\/p>\n<p>29.01.22<\/p>\n<p><a href=\"https:\/\/www.nasetcentes.info\/wp-content\/uploads\/Almond-tree-blossom-Arta-Mallorca-scaled.jpg\"><img loading=\"lazy\" decoding=\"async\" class=\"aligncenter size-large wp-image-1197\" src=\"https:\/\/www.nasetcentes.info\/wp-content\/uploads\/Almond-tree-blossom-Arta-Mallorca-1024x607.jpg\" alt=\"\" width=\"1024\" height=\"607\" srcset=\"https:\/\/www.nasetcentes.info\/wp-content\/uploads\/Almond-tree-blossom-Arta-Mallorca-1024x607.jpg 1024w, https:\/\/www.nasetcentes.info\/wp-content\/uploads\/Almond-tree-blossom-Arta-Mallorca-300x178.jpg 300w, https:\/\/www.nasetcentes.info\/wp-content\/uploads\/Almond-tree-blossom-Arta-Mallorca-768x455.jpg 768w, https:\/\/www.nasetcentes.info\/wp-content\/uploads\/Almond-tree-blossom-Arta-Mallorca-1536x910.jpg 1536w, https:\/\/www.nasetcentes.info\/wp-content\/uploads\/Almond-tree-blossom-Arta-Mallorca-2048x1214.jpg 2048w\" sizes=\"auto, (max-width: 1024px) 100vw, 1024px\" \/><\/a><\/p>\n<p>Agroturismo Na Set Centes. Web: \u00a0 <a href=\"http:\/\/www.nasetcentes.com\">www.nasetcentes.com<\/a> \u00a0Email: <a href=\"mailto:finca@nasetcentes.com\">finca@nasetcentes.com<\/a><\/p>\n<p>20.12.21<\/p>\n<p><a href=\"https:\/\/www.nasetcentes.info\/wp-content\/uploads\/Na-Set-Centes-20.12.21-scaled.jpg\"><img loading=\"lazy\" decoding=\"async\" class=\"aligncenter size-large wp-image-1185\" src=\"https:\/\/www.nasetcentes.info\/wp-content\/uploads\/Na-Set-Centes-20.12.21-1024x829.jpg\" alt=\"\" width=\"1024\" height=\"829\" srcset=\"https:\/\/www.nasetcentes.info\/wp-content\/uploads\/Na-Set-Centes-20.12.21-1024x829.jpg 1024w, https:\/\/www.nasetcentes.info\/wp-content\/uploads\/Na-Set-Centes-20.12.21-300x243.jpg 300w, https:\/\/www.nasetcentes.info\/wp-content\/uploads\/Na-Set-Centes-20.12.21-768x622.jpg 768w, https:\/\/www.nasetcentes.info\/wp-content\/uploads\/Na-Set-Centes-20.12.21-1536x1243.jpg 1536w, https:\/\/www.nasetcentes.info\/wp-content\/uploads\/Na-Set-Centes-20.12.21-2048x1658.jpg 2048w\" sizes=\"auto, (max-width: 1024px) 100vw, 1024px\" \/><\/a><\/p>\n<p>Agroturismo Na Set Centes. Web: \u00a0 <a href=\"http:\/\/www.nasetcentes.com\">www.nasetcentes.com<\/a> \u00a0Email: <a href=\"mailto:finca@nasetcentes.com\">finca@nasetcentes.com<\/a><\/p>\n<p>Setiembre \/ Oto\u00f1o 2021<\/p>\n<p><a href=\"https:\/\/www.nasetcentes.info\/wp-content\/uploads\/Na-Set-Centes-Arta-Mallorca-September-October-2021-1-scaled.jpg\"><img loading=\"lazy\" decoding=\"async\" class=\"aligncenter size-large wp-image-1179\" src=\"https:\/\/www.nasetcentes.info\/wp-content\/uploads\/Na-Set-Centes-Arta-Mallorca-September-October-2021-1-1024x768.jpg\" alt=\"Agroturismo Na Set Centes, Art\u00e0, Mallorca\" width=\"1024\" height=\"768\" srcset=\"https:\/\/www.nasetcentes.info\/wp-content\/uploads\/Na-Set-Centes-Arta-Mallorca-September-October-2021-1-1024x768.jpg 1024w, https:\/\/www.nasetcentes.info\/wp-content\/uploads\/Na-Set-Centes-Arta-Mallorca-September-October-2021-1-300x225.jpg 300w, https:\/\/www.nasetcentes.info\/wp-content\/uploads\/Na-Set-Centes-Arta-Mallorca-September-October-2021-1-768x576.jpg 768w, https:\/\/www.nasetcentes.info\/wp-content\/uploads\/Na-Set-Centes-Arta-Mallorca-September-October-2021-1-1536x1152.jpg 1536w, https:\/\/www.nasetcentes.info\/wp-content\/uploads\/Na-Set-Centes-Arta-Mallorca-September-October-2021-1-2048x1536.jpg 2048w\" sizes=\"auto, (max-width: 1024px) 100vw, 1024px\" \/><\/a><\/p>\n<p>Agroturismo Na Set Centes. Web: \u00a0 <a href=\"http:\/\/www.nasetcentes.com\">www.nasetcentes.com<\/a> \u00a0Email: <a href=\"mailto:finca@nasetcentes.com\">finca@nasetcentes.com<\/a><\/p>\n<p>14.05.21<\/p>\n<p><a href=\"https:\/\/www.nasetcentes.info\/wp-content\/uploads\/Na-Set-Centes-12.05.21-scaled.jpg\"><img loading=\"lazy\" decoding=\"async\" class=\"aligncenter size-large wp-image-1157\" src=\"https:\/\/www.nasetcentes.info\/wp-content\/uploads\/Na-Set-Centes-12.05.21-1024x768.jpg\" alt=\"Agroturismo Na Set Centes, May 2021\" width=\"1024\" height=\"768\" srcset=\"https:\/\/www.nasetcentes.info\/wp-content\/uploads\/Na-Set-Centes-12.05.21-1024x768.jpg 1024w, https:\/\/www.nasetcentes.info\/wp-content\/uploads\/Na-Set-Centes-12.05.21-300x225.jpg 300w, https:\/\/www.nasetcentes.info\/wp-content\/uploads\/Na-Set-Centes-12.05.21-768x576.jpg 768w, https:\/\/www.nasetcentes.info\/wp-content\/uploads\/Na-Set-Centes-12.05.21-1536x1152.jpg 1536w, https:\/\/www.nasetcentes.info\/wp-content\/uploads\/Na-Set-Centes-12.05.21-2048x1536.jpg 2048w\" sizes=\"auto, (max-width: 1024px) 100vw, 1024px\" \/><\/a>Nuestros hu\u00e9spedes han empezado a disfrutar la piscina. El tiempo es bueno. Los d\u00edas son agradables. Estamos en Mayo.<\/p>\n<p>Agroturismo Na Set Centes. Web: \u00a0 <a href=\"http:\/\/www.nasetcentes.com\">www.nasetcentes.com<\/a> \u00a0Email: <a href=\"mailto:finca@nasetcentes.com\">finca@nasetcentes.com<\/a><\/p>\n<p>24.04.21<\/p>\n<p>Agroturismo Na Set Centes, Art\u00e0, Mallorca<\/p>\n<p>Carretera Art\u00e0 \u2013 Canyamel Km, 2,7, 07570 Art\u00e0, Mallorca,<a href=\"http:\/\/www.nasetcentes.com\"><br \/><\/a><a href=\"http:\/\/www.nasetcentes.com\">www.nasetcentes.com<\/a> \u00a0Email: <a href=\"mailto:finca@nasetcentes.com\">finca@nasetcentes.com<\/a>\u00a0\u00a0 Tel. (0034) 971 83 54 29<\/p>\n<p><a href=\"https:\/\/www.nasetcentes.info\/wp-content\/uploads\/Na-Set-Centes-April-2021-scaled.jpg\"><img loading=\"lazy\" decoding=\"async\" class=\"aligncenter size-large wp-image-1125\" src=\"https:\/\/www.nasetcentes.info\/wp-content\/uploads\/Na-Set-Centes-April-2021-1024x768.jpg\" alt=\"Having breakfast outdoors at the beginning of April, 2021\" width=\"1024\" height=\"768\" srcset=\"https:\/\/www.nasetcentes.info\/wp-content\/uploads\/Na-Set-Centes-April-2021-1024x768.jpg 1024w, https:\/\/www.nasetcentes.info\/wp-content\/uploads\/Na-Set-Centes-April-2021-300x225.jpg 300w, https:\/\/www.nasetcentes.info\/wp-content\/uploads\/Na-Set-Centes-April-2021-768x576.jpg 768w, https:\/\/www.nasetcentes.info\/wp-content\/uploads\/Na-Set-Centes-April-2021-1536x1152.jpg 1536w, https:\/\/www.nasetcentes.info\/wp-content\/uploads\/Na-Set-Centes-April-2021-2048x1536.jpg 2048w\" sizes=\"auto, (max-width: 1024px) 100vw, 1024px\" \/><\/a><\/p>\n<p>En los \u00faltimos meses no hab\u00edamos introducido nueva informaci\u00f3n en nuestro blog. La raz\u00f3n de ello es que debido a las restricciones entendimos que era mejor actualizar <a href=\"https:\/\/www.nasetcentes.info\">www.nasetcentes.info<\/a> cuando fuera posible volver a viajar con cierta facilidad. Ahora, poco a poco, se percibe un mayor movimiento de turistas en Mallorca. Bienvenidos.<\/p>\n<p>En la foto, unos hu\u00e9spedes desayunando en Na Set Centes, delante de la casa y del jard\u00edn, a principios de Abril 2021.<\/p>\n<p>Agroturisme Na Set Centes. Web: \u00a0\u00a0<a href=\"http:\/\/www.nasetcentes.com\/\">www.nasetcentes.com<\/a>\u00a0\u00a0Email:\u00a0<a href=\"mailto:finca@nasetcentes.com\">finca@nasetcentes.com<\/a><\/p>\n<p>08.06.2020<\/p>\n<p><a href=\"https:\/\/www.nasetcentes.info\/wp-content\/uploads\/DSC03243.jpg\"><img loading=\"lazy\" decoding=\"async\" class=\"aligncenter size-large wp-image-1111\" src=\"https:\/\/www.nasetcentes.info\/wp-content\/uploads\/DSC03243-1024x768.jpg\" alt=\"\" width=\"1024\" height=\"768\" srcset=\"https:\/\/www.nasetcentes.info\/wp-content\/uploads\/DSC03243-1024x768.jpg 1024w, https:\/\/www.nasetcentes.info\/wp-content\/uploads\/DSC03243-300x225.jpg 300w, https:\/\/www.nasetcentes.info\/wp-content\/uploads\/DSC03243-768x576.jpg 768w\" sizes=\"auto, (max-width: 1024px) 100vw, 1024px\" \/><\/a><\/p>\n<p>A partir de 01.07.2020 volvemos a abrir.<\/p>\n<p>Agroturisme Na Set Centes. Web: \u00a0 <a href=\"http:\/\/www.nasetcentes.com\">www.nasetcentes.com<\/a> \u00a0Email: <a href=\"mailto:finca@nasetcentes.com\">finca@nasetcentes.com<\/a><\/p>\n<p>20.02.2020<\/p>\n<p><a href=\"https:\/\/www.nasetcentes.info\/wp-content\/uploads\/Freesia_Na_Set_Centes_February_2020.jpg\"><img loading=\"lazy\" decoding=\"async\" class=\"aligncenter size-large wp-image-1107\" src=\"https:\/\/www.nasetcentes.info\/wp-content\/uploads\/Freesia_Na_Set_Centes_February_2020-1024x768.jpg\" alt=\"\" width=\"1024\" height=\"768\" srcset=\"https:\/\/www.nasetcentes.info\/wp-content\/uploads\/Freesia_Na_Set_Centes_February_2020.jpg 1024w, https:\/\/www.nasetcentes.info\/wp-content\/uploads\/Freesia_Na_Set_Centes_February_2020-300x225.jpg 300w, https:\/\/www.nasetcentes.info\/wp-content\/uploads\/Freesia_Na_Set_Centes_February_2020-768x576.jpg 768w\" sizes=\"auto, (max-width: 1024px) 100vw, 1024px\" \/><\/a><\/p>\n<p>Nuestros h\u00faespedes disfrutan de un tiempo espectacular en este febrero. Parece primavera. Las fresias en frente de la casa son especialmente bellas los d\u00edas de cielo azul.<\/p>\n<p>Agroturisme Na Set Centes. Web: \u00a0 <a href=\"http:\/\/www.nasetcentes.com\">www.nasetcentes.com<\/a> \u00a0Email: <a href=\"mailto:finca@nasetcentes.com\">finca@nasetcentes.com<\/a><\/p>\n<p>22.01.20<\/p>\n<p><a href=\"https:\/\/www.nasetcentes.info\/wp-content\/uploads\/DSC02162.jpeg\"><img loading=\"lazy\" decoding=\"async\" class=\"aligncenter size-large wp-image-1043\" src=\"https:\/\/www.nasetcentes.info\/wp-content\/uploads\/DSC02162-1024x768.jpeg\" alt=\"\" width=\"1024\" height=\"768\" srcset=\"https:\/\/www.nasetcentes.info\/wp-content\/uploads\/DSC02162-1024x768.jpeg 1024w, https:\/\/www.nasetcentes.info\/wp-content\/uploads\/DSC02162-300x225.jpeg 300w, https:\/\/www.nasetcentes.info\/wp-content\/uploads\/DSC02162-768x576.jpeg 768w, https:\/\/www.nasetcentes.info\/wp-content\/uploads\/DSC02162.jpeg 1545w\" sizes=\"auto, (max-width: 1024px) 100vw, 1024px\" \/><\/a>Hoy todo el mundo habla del temporal que ha afectado lMallorca este fin de semana. Afortunadamente hoy ya ha brillado el sol. Almenos durante un rato. Esta foto se tom\u00f3 la semana pasa, cuando parec\u00eda primavera. Hemos empezado a preparar el jard\u00edn y el huerto.<\/p>\n<p>Agroturisme Na Set Centes. Web: \u00a0 <a href=\"http:\/\/www.nasetcentes.com\">www.nasetcentes.com<\/a> \u00a0Email: <a href=\"mailto:finca@nasetcentes.com\">finca@nasetcentes.com<\/a><\/p>\n<p>25.12.19<\/p>\n<p><a href=\"https:\/\/www.nasetcentes.info\/wp-content\/uploads\/DSC02026.jpeg\"><img loading=\"lazy\" decoding=\"async\" class=\"aligncenter size-large wp-image-1011\" src=\"https:\/\/www.nasetcentes.info\/wp-content\/uploads\/DSC02026-1024x768.jpeg\" alt=\"\" width=\"1024\" height=\"768\" srcset=\"https:\/\/www.nasetcentes.info\/wp-content\/uploads\/DSC02026-1024x768.jpeg 1024w, https:\/\/www.nasetcentes.info\/wp-content\/uploads\/DSC02026-300x225.jpeg 300w, https:\/\/www.nasetcentes.info\/wp-content\/uploads\/DSC02026-768x576.jpeg 768w, https:\/\/www.nasetcentes.info\/wp-content\/uploads\/DSC02026.jpeg 1802w\" sizes=\"auto, (max-width: 1024px) 100vw, 1024px\" \/><\/a>\u00a1 Feliz Navidad!<\/p>\n<p>Agroturismo Na Set Centes. Web: \u00a0 <a href=\"http:\/\/www.nasetcentes.com\">www.nasetcentes.com<\/a> \u00a0Email: <a href=\"mailto:finca@nasetcentes.com\">finca@nasetcentes.com<\/a><\/p>\n<p>07.12.19<\/p>\n<p><a href=\"https:\/\/www.nasetcentes.info\/wp-content\/uploads\/CIMG5264.jpeg\"><img loading=\"lazy\" decoding=\"async\" class=\"aligncenter size-large wp-image-1002\" src=\"https:\/\/www.nasetcentes.info\/wp-content\/uploads\/CIMG5264-870x1024.jpeg\" alt=\"\" width=\"870\" height=\"1024\" srcset=\"https:\/\/www.nasetcentes.info\/wp-content\/uploads\/CIMG5264-870x1024.jpeg 870w, https:\/\/www.nasetcentes.info\/wp-content\/uploads\/CIMG5264-255x300.jpeg 255w, https:\/\/www.nasetcentes.info\/wp-content\/uploads\/CIMG5264-768x904.jpeg 768w, https:\/\/www.nasetcentes.info\/wp-content\/uploads\/CIMG5264.jpeg 1757w\" sizes=\"auto, (max-width: 870px) 100vw, 870px\" \/><\/a>Estamos en Diciembre. Despu\u00e9s de las lluvias, volvemos a disfrutar de un tiempo excelente.<\/p>\n<p><a href=\"http:\/\/www.nasetcentes.com\">www.nasetcentes.com<\/a><\/p>\n<p>06.11.19<\/p>\n<p><a href=\"https:\/\/www.nasetcentes.info\/wp-content\/uploads\/November.jpeg\"><img loading=\"lazy\" decoding=\"async\" class=\"aligncenter size-large wp-image-985\" src=\"https:\/\/www.nasetcentes.info\/wp-content\/uploads\/November-1024x768.jpeg\" alt=\"\" width=\"1024\" height=\"768\" srcset=\"https:\/\/www.nasetcentes.info\/wp-content\/uploads\/November-1024x768.jpeg 1024w, https:\/\/www.nasetcentes.info\/wp-content\/uploads\/November-300x225.jpeg 300w, https:\/\/www.nasetcentes.info\/wp-content\/uploads\/November-768x576.jpeg 768w\" sizes=\"auto, (max-width: 1024px) 100vw, 1024px\" \/><\/a><\/p>\n<p>Noviembre: tiempo de disfrutar de la naturaleza<\/p>\n<p><a href=\"http:\/\/www.nasetcentes.com\">www.nasetcentes.com<\/a><\/p>\n<p>15.10.19<\/p>\n<p><a href=\"https:\/\/www.nasetcentes.info\/wp-content\/uploads\/Na-Set-Centes-Octubre-2019.jpeg\"><img loading=\"lazy\" decoding=\"async\" class=\"aligncenter size-large wp-image-981\" src=\"https:\/\/www.nasetcentes.info\/wp-content\/uploads\/Na-Set-Centes-Octubre-2019-1024x768.jpeg\" alt=\"\" width=\"1024\" height=\"768\" srcset=\"https:\/\/www.nasetcentes.info\/wp-content\/uploads\/Na-Set-Centes-Octubre-2019-1024x768.jpeg 1024w, https:\/\/www.nasetcentes.info\/wp-content\/uploads\/Na-Set-Centes-Octubre-2019-300x225.jpeg 300w, https:\/\/www.nasetcentes.info\/wp-content\/uploads\/Na-Set-Centes-Octubre-2019-768x576.jpeg 768w, https:\/\/www.nasetcentes.info\/wp-content\/uploads\/Na-Set-Centes-Octubre-2019.jpeg 1750w\" sizes=\"auto, (max-width: 1024px) 100vw, 1024px\" \/><\/a><\/p>\n<p>Este octubre el tiempo es estupendo.<\/p>\n<p>Agroturisme Na Set Centes. Web: \u00a0 <a href=\"http:\/\/www.nasetcentes.com\">www.nasetcentes.com<\/a> \u00a0Email: <a href=\"mailto:finca@nasetcentes.com\">finca@nasetcentes.com<\/a><\/p>\n<p>16.09.19<\/p>\n<p><a href=\"https:\/\/www.nasetcentes.info\/wp-content\/uploads\/Na-Set-Centes-September-2019.jpeg\"><img loading=\"lazy\" decoding=\"async\" class=\"aligncenter size-large wp-image-978\" src=\"https:\/\/www.nasetcentes.info\/wp-content\/uploads\/Na-Set-Centes-September-2019-1024x768.jpeg\" alt=\"\" width=\"1024\" height=\"768\" srcset=\"https:\/\/www.nasetcentes.info\/wp-content\/uploads\/Na-Set-Centes-September-2019-1024x768.jpeg 1024w, https:\/\/www.nasetcentes.info\/wp-content\/uploads\/Na-Set-Centes-September-2019-300x225.jpeg 300w, https:\/\/www.nasetcentes.info\/wp-content\/uploads\/Na-Set-Centes-September-2019-768x576.jpeg 768w, https:\/\/www.nasetcentes.info\/wp-content\/uploads\/Na-Set-Centes-September-2019.jpeg 1705w\" sizes=\"auto, (max-width: 1024px) 100vw, 1024px\" \/><\/a><\/p>\n<p>En verano el desayuno se toma fuera.<\/p>\n<p>Agroturisme Na Set Centes. Web: \u00a0 <a href=\"http:\/\/www.nasetcentes.com\">www.nasetcentes.com<\/a> \u00a0Email: <a href=\"mailto:finca@nasetcentes.com\">finca@nasetcentes.com<\/a><\/p>\n<p>15.08.19<\/p>\n<p>Estamos a mitad de agosto. El cielo es azul. El sol brilla. Hace calor, pero sopla una brisa fresca y agradable. Es un d\u00eda de verano perfecto.<\/p>\n<p><a href=\"https:\/\/www.nasetcentes.info\/wp-content\/uploads\/Na-Set-Centes-15-1.jpeg\"><img loading=\"lazy\" decoding=\"async\" class=\"aligncenter size-large wp-image-953\" src=\"https:\/\/www.nasetcentes.info\/wp-content\/uploads\/Na-Set-Centes-15-1-1024x768.jpeg\" alt=\"\" width=\"1024\" height=\"768\" srcset=\"https:\/\/www.nasetcentes.info\/wp-content\/uploads\/Na-Set-Centes-15-1-1024x768.jpeg 1024w, https:\/\/www.nasetcentes.info\/wp-content\/uploads\/Na-Set-Centes-15-1-300x225.jpeg 300w, https:\/\/www.nasetcentes.info\/wp-content\/uploads\/Na-Set-Centes-15-1-768x576.jpeg 768w\" sizes=\"auto, (max-width: 1024px) 100vw, 1024px\" \/><\/a><\/p>\n<p>Agroturisme Na Set Centes. Web: \u00a0 <a href=\"http:\/\/www.nasetcentes.com\">www.nasetcentes.com<\/a> \u00a0Email: <a href=\"mailto:finca@nasetcentes.com\">finca@nasetcentes.com<\/a><\/p>\n<p>12.05.19<\/p>\n<p><a href=\"https:\/\/www.nasetcentes.info\/wp-content\/uploads\/elementos-foto.jpg\"><img loading=\"lazy\" decoding=\"async\" class=\"aligncenter size-large wp-image-888\" src=\"https:\/\/www.nasetcentes.info\/wp-content\/uploads\/elementos-foto-1024x539.jpg\" alt=\"\" width=\"1024\" height=\"539\" srcset=\"https:\/\/www.nasetcentes.info\/wp-content\/uploads\/elementos-foto-1024x539.jpg 1024w, https:\/\/www.nasetcentes.info\/wp-content\/uploads\/elementos-foto-300x158.jpg 300w, https:\/\/www.nasetcentes.info\/wp-content\/uploads\/elementos-foto-768x404.jpg 768w, https:\/\/www.nasetcentes.info\/wp-content\/uploads\/elementos-foto.jpg 1140w\" sizes=\"auto, (max-width: 1024px) 100vw, 1024px\" \/><\/a><\/p>\n<p>Los pr\u00f3ximos viernes 17 de mayo y s\u00e1bado 18 de mayo de 2019, a las 20:00 en el Teatre Principal de Palma de Mallorca tendr\u00e1 lugar la puesta en escena de &#8216;Los Elementos&#8217; del compositor mallorqu\u00edn de nacimiento y madrile\u00f1o de adopci\u00f3n Antonio Literes (o Antoni Lliteres). Nacido en Art\u00e0 en Art\u00e0 en 1673 y fallecido en Madrid en 1747, Antonio Lites compuso una variada obra de gran calidad. Ahora llega a Palma esta armoniosa y bella semi-opera o cantata esc\u00e9nica &#8216;Los Elementos&#8217;. Si usted se encuentra en Mallorca o va a viajar a ella este fin de semana, desde el Agroturismo Na Set Centes recomendamos dicha representaci\u00f3n. No porque su autor naciera en Art\u00e0, en cuyo t\u00e9rmino municipal se encuentra Na Set Centes, sino porque su m\u00fasica es armoniosa, bella y de gran calidad.<\/p>\n<p>Para mayor informaci\u00f3n y para comprar entradas, puede visitar la p\u00e1gina del Teatre Principal de Palma de Mallorca:<\/p>\n<p><a href=\"http:\/\/www.teatreprincipal.com\">www.teatreprincipal.com<\/a><\/p>\n<p>www.teatreprincipal.com\/es\/ficha\/detalle\/156\/<\/p>\n<p>Agroturismo Na Set Centes. Web: \u00a0 <a href=\"http:\/\/www.nasetcentes.com\">www.nasetcentes.com<\/a> \u00a0Email: <a href=\"mailto:finca@nasetcentes.com\">finca@nasetcentes.com<\/a><\/p>\n<p>04.05.19<\/p>\n<p><a href=\"https:\/\/www.nasetcentes.info\/wp-content\/uploads\/Na-Set-Centes-04-1.jpeg\"><img loading=\"lazy\" decoding=\"async\" class=\"aligncenter size-large wp-image-873\" src=\"https:\/\/www.nasetcentes.info\/wp-content\/uploads\/Na-Set-Centes-04-1-1024x768.jpeg\" alt=\"\" width=\"1024\" height=\"768\" srcset=\"https:\/\/www.nasetcentes.info\/wp-content\/uploads\/Na-Set-Centes-04-1-1024x768.jpeg 1024w, https:\/\/www.nasetcentes.info\/wp-content\/uploads\/Na-Set-Centes-04-1-300x225.jpeg 300w, https:\/\/www.nasetcentes.info\/wp-content\/uploads\/Na-Set-Centes-04-1-768x576.jpeg 768w, https:\/\/www.nasetcentes.info\/wp-content\/uploads\/Na-Set-Centes-04-1.jpeg 1842w\" sizes=\"auto, (max-width: 1024px) 100vw, 1024px\" \/><\/a>Son las ocho de la ma\u00f1ana. El sol todav\u00eda no est\u00e1 en lo alto. Ayer llovi\u00f3. Hoy vuelve a hacer un d\u00eda espl\u00e9ndido. Mayo es un muy buen mes para visitar Mallorca.<\/p>\n<p>Agroturismo Na Set Centes. Web: \u00a0 <a href=\"http:\/\/www.nasetcentes.com\">www.nasetcentes.com<\/a> \u00a0Email: <a href=\"mailto:finca@nasetcentes.com\">finca@nasetcentes.com<\/a><\/p>\n<p>09.04.19<\/p>\n<p><a href=\"https:\/\/www.nasetcentes.info\/wp-content\/uploads\/Na-Set-Centes.jpeg\"><img loading=\"lazy\" decoding=\"async\" class=\"aligncenter size-large wp-image-856\" src=\"https:\/\/www.nasetcentes.info\/wp-content\/uploads\/Na-Set-Centes-1024x768.jpeg\" alt=\"\" width=\"1024\" height=\"768\" srcset=\"https:\/\/www.nasetcentes.info\/wp-content\/uploads\/Na-Set-Centes-1024x768.jpeg 1024w, https:\/\/www.nasetcentes.info\/wp-content\/uploads\/Na-Set-Centes-300x225.jpeg 300w, https:\/\/www.nasetcentes.info\/wp-content\/uploads\/Na-Set-Centes-768x576.jpeg 768w, https:\/\/www.nasetcentes.info\/wp-content\/uploads\/Na-Set-Centes.jpeg 1935w\" sizes=\"auto, (max-width: 1024px) 100vw, 1024px\" \/><\/a>A una semana de las vacaciones de Setmana Santa el espect\u00e1culo que nos brinda la naturaleza no puede ser m\u00e1s bello. El tiempo acompa\u00f1a y es un muy buen momento para desconectar de los quehaceres cotidianos y relajarse en el campo.<\/p>\n<p>Agroturismo Na Set Centes. Web: \u00a0 <a href=\"http:\/\/www.nasetcentes.com\">www.nasetcentes.com<\/a> \u00a0Email: <a href=\"mailto:finca@nasetcentes.com\">finca@nasetcentes.com<\/a><\/p>\n<p>15.03.19<\/p>\n<p><a href=\"https:\/\/www.nasetcentes.info\/wp-content\/uploads\/Na-Set-Centes-Garden-12.jpeg\"><img loading=\"lazy\" decoding=\"async\" class=\"aligncenter size-large wp-image-807\" src=\"https:\/\/www.nasetcentes.info\/wp-content\/uploads\/Na-Set-Centes-Garden-12-1024x768.jpeg\" alt=\"\" width=\"1024\" height=\"768\" srcset=\"https:\/\/www.nasetcentes.info\/wp-content\/uploads\/Na-Set-Centes-Garden-12-1024x768.jpeg 1024w, https:\/\/www.nasetcentes.info\/wp-content\/uploads\/Na-Set-Centes-Garden-12-300x225.jpeg 300w, https:\/\/www.nasetcentes.info\/wp-content\/uploads\/Na-Set-Centes-Garden-12-768x576.jpeg 768w\" sizes=\"auto, (max-width: 1024px) 100vw, 1024px\" \/><\/a><\/p>\n<p>Sigue haciendo un tiempo estupendo. Al mediod\u00eda las temperaturas alcanzan con frecuencia los 21\u00ba C, aunque por la ma\u00f1ana hace fr\u00edo, unos 5\u00ba C o menos. De d\u00eda, se puede tomar el sol.<\/p>\n<p>Agroturismo Na Set Centes. Web: \u00a0 <a href=\"http:\/\/www.nasetcentes.com\">www.nasetcentes.com<\/a> \u00a0Email: <a href=\"mailto:finca@nasetcentes.com\">finca@nasetcentes.com<\/a><\/p>\n<p>22.02.19<\/p>\n<p>Los almendros est\u00e1n en flor. Las higueras todav\u00eda no han sacado las hojas.<\/p>\n<p>Agroturismo Na Set Centes. Web: \u00a0 <a href=\"http:\/\/www.nasetcentes.com\">www.nasetcentes.com<\/a> \u00a0Email: <a href=\"mailto:finca@nasetcentes.com\">finca@nasetcentes.com<\/a><\/p>\n<p>El tiempo es estupendo. Na Set Centes, porche. Por la ma\u00f1ana.<\/p>\n<p>Agroturismo Na Set Centes. Web: \u00a0 <a href=\"http:\/\/www.nasetcentes.com\">www.nasetcentes.com<\/a> \u00a0Email: <a href=\"mailto:finca@nasetcentes.com\">finca@nasetcentes.com<\/a><\/p>\n<p><a href=\"https:\/\/www.nasetcentes.info\/wp-content\/uploads\/Na-Set-Centes-20.jpeg\"><img loading=\"lazy\" decoding=\"async\" class=\"aligncenter size-large wp-image-782\" src=\"https:\/\/www.nasetcentes.info\/wp-content\/uploads\/Na-Set-Centes-20-1024x768.jpeg\" alt=\"\" width=\"1024\" height=\"768\" srcset=\"https:\/\/www.nasetcentes.info\/wp-content\/uploads\/Na-Set-Centes-20-1024x768.jpeg 1024w, https:\/\/www.nasetcentes.info\/wp-content\/uploads\/Na-Set-Centes-20-300x225.jpeg 300w, https:\/\/www.nasetcentes.info\/wp-content\/uploads\/Na-Set-Centes-20-768x576.jpeg 768w\" sizes=\"auto, (max-width: 1024px) 100vw, 1024px\" \/><\/a>Na Set Centes, Febrero, por la tarde.<\/p>\n<p>Agroturismo Na Set Centes. Web: \u00a0 <a href=\"http:\/\/www.nasetcentes.com\">www.nasetcentes.com<\/a> \u00a0Email: <a href=\"mailto:finca@nasetcentes.com\">finca@nasetcentes.com<\/a><\/p>\n<p>08.01.19<\/p>\n<p><a href=\"https:\/\/www.nasetcentes.info\/wp-content\/uploads\/Na-Set-Centes-Arta-Mallorca-06.jpeg\"><img loading=\"lazy\" decoding=\"async\" class=\"aligncenter size-large wp-image-735\" src=\"https:\/\/www.nasetcentes.info\/wp-content\/uploads\/Na-Set-Centes-Arta-Mallorca-06-1024x768.jpeg\" alt=\"\" width=\"1024\" height=\"768\" srcset=\"https:\/\/www.nasetcentes.info\/wp-content\/uploads\/Na-Set-Centes-Arta-Mallorca-06-1024x768.jpeg 1024w, https:\/\/www.nasetcentes.info\/wp-content\/uploads\/Na-Set-Centes-Arta-Mallorca-06-300x225.jpeg 300w, https:\/\/www.nasetcentes.info\/wp-content\/uploads\/Na-Set-Centes-Arta-Mallorca-06-768x576.jpeg 768w, https:\/\/www.nasetcentes.info\/wp-content\/uploads\/Na-Set-Centes-Arta-Mallorca-06.jpeg 2028w\" sizes=\"auto, (max-width: 1024px) 100vw, 1024px\" \/><\/a><\/p>\n<p>Desde la \u00faltima semana de noviembre hasta ahora, 08.01.19, el tiempo en Mallorca ha sido magn\u00edfico. Por las ma\u00f1anas hace fr\u00edo, con bajadas hasta 1\u00ba C. Sin embargo, a media ma\u00f1ana la temperatura ya es agradable y hacia las dos de las tarde las temperaturas han llegado hasta lo 20\u00ba C.<\/p>\n<p>Agroturismo Na Set Centes. Web: \u00a0 <a href=\"http:\/\/www.nasetcentes.com\">www.nasetcentes.com<\/a> \u00a0Email: <a href=\"mailto:finca@nasetcentes.com\">finca@nasetcentes.com<\/a><\/p>\n<p><a href=\"https:\/\/www.nasetcentes.info\/wp-content\/uploads\/Na-Set-Centes-18.jpeg\"><img loading=\"lazy\" decoding=\"async\" class=\"aligncenter size-large wp-image-722\" src=\"https:\/\/www.nasetcentes.info\/wp-content\/uploads\/Na-Set-Centes-18-1024x768.jpeg\" alt=\"\" width=\"1024\" height=\"768\" srcset=\"https:\/\/www.nasetcentes.info\/wp-content\/uploads\/Na-Set-Centes-18-1024x768.jpeg 1024w, https:\/\/www.nasetcentes.info\/wp-content\/uploads\/Na-Set-Centes-18-300x225.jpeg 300w, https:\/\/www.nasetcentes.info\/wp-content\/uploads\/Na-Set-Centes-18-768x576.jpeg 768w, https:\/\/www.nasetcentes.info\/wp-content\/uploads\/Na-Set-Centes-18.jpeg 1935w\" sizes=\"auto, (max-width: 1024px) 100vw, 1024px\" \/><\/a><\/p>\n<p>Nuestros h\u00faespedes de Alemania, Suiza y Suecia que han venido ha pasar sus vacaciones de Navidad y A\u00f1o Nuevo a Mallorca no pod\u00edan tener mejor tiempo.<\/p>\n<p>Agroturismo Na Set Centes. Web: \u00a0 <a href=\"http:\/\/www.nasetcentes.com\">www.nasetcentes.com<\/a> \u00a0Email: <a href=\"mailto:finca@nasetcentes.com\">finca@nasetcentes.com<\/a><\/p>\n<p>27.11.18<\/p>\n<p><a href=\"https:\/\/www.nasetcentes.info\/wp-content\/uploads\/Na-Set-Centes-November-18.jpeg\"><img loading=\"lazy\" decoding=\"async\" class=\"aligncenter size-large wp-image-746\" src=\"https:\/\/www.nasetcentes.info\/wp-content\/uploads\/Na-Set-Centes-November-18-1024x768.jpeg\" alt=\"\" width=\"1024\" height=\"768\" srcset=\"https:\/\/www.nasetcentes.info\/wp-content\/uploads\/Na-Set-Centes-November-18-1024x768.jpeg 1024w, https:\/\/www.nasetcentes.info\/wp-content\/uploads\/Na-Set-Centes-November-18-300x225.jpeg 300w, https:\/\/www.nasetcentes.info\/wp-content\/uploads\/Na-Set-Centes-November-18-768x576.jpeg 768w, https:\/\/www.nasetcentes.info\/wp-content\/uploads\/Na-Set-Centes-November-18.jpeg 1981w\" sizes=\"auto, (max-width: 1024px) 100vw, 1024px\" \/><\/a><\/p>\n<p>D\u00eda espl\u00e9ndido. Aire fr\u00edo, tonificante. Hace a\u00f1os que no llov\u00eda tanto en octubre y noviembre en Mallorca. Hoy luce un sol de noviembre de lo m\u00e1s agradable. Cielo azul intenso.<\/p>\n<p>Agroturismo Na Set Centes. Web: \u00a0 <a href=\"http:\/\/www.nasetcentes.com\">www.nasetcentes.com<\/a> \u00a0Email: <a href=\"mailto:finca@nasetcentes.com\">finca@nasetcentes.com<\/a><\/p>\n<p>23.10.18<\/p>\n<p>Art\u00e0 est\u00e1 a solamente 2 Km y 700 metros de Na Set Centes. A tres o cuatro minutos en coche. Es una localidad muy animada y que recibe much\u00edsimos visitantes a la par que matiene su personalidad.<\/p>\n<p>Agroturismo Na Set Centes. Web: \u00a0 <a href=\"http:\/\/www.nasetcentes.com\">www.nasetcentes.com<\/a> \u00a0Email: <a href=\"mailto:finca@nasetcentes.com\">finca@nasetcentes.com<\/a><\/p>\n<p>01.09.18<\/p>\n<p><a href=\"https:\/\/www.nasetcentes.info\/wp-content\/uploads\/CIMG4346.jpeg\"><img loading=\"lazy\" decoding=\"async\" class=\"aligncenter size-large wp-image-742\" src=\"https:\/\/www.nasetcentes.info\/wp-content\/uploads\/CIMG4346-1024x768.jpeg\" alt=\"\" width=\"1024\" height=\"768\" srcset=\"https:\/\/www.nasetcentes.info\/wp-content\/uploads\/CIMG4346-1024x768.jpeg 1024w, https:\/\/www.nasetcentes.info\/wp-content\/uploads\/CIMG4346-300x225.jpeg 300w, https:\/\/www.nasetcentes.info\/wp-content\/uploads\/CIMG4346-768x576.jpeg 768w, https:\/\/www.nasetcentes.info\/wp-content\/uploads\/CIMG4346.jpeg 2028w\" sizes=\"auto, (max-width: 1024px) 100vw, 1024px\" \/><\/a><\/p>\n<p>Agroturismo Na Set Centes. Web: \u00a0 <a href=\"http:\/\/www.nasetcentes.com\">www.nasetcentes.com<\/a> \u00a0Email: <a href=\"mailto:finca@nasetcentes.com\">finca@nasetcentes.com<\/a><\/p>\n<p>29.08.18<\/p>\n<p><a href=\"https:\/\/www.nasetcentes.info\/wp-content\/uploads\/Na-Set-Cenes-Breakfast-ourdoors.jpeg\"><img loading=\"lazy\" decoding=\"async\" class=\"aligncenter size-large wp-image-740\" src=\"https:\/\/www.nasetcentes.info\/wp-content\/uploads\/Na-Set-Cenes-Breakfast-ourdoors-1024x768.jpeg\" alt=\"\" width=\"1024\" height=\"768\" srcset=\"https:\/\/www.nasetcentes.info\/wp-content\/uploads\/Na-Set-Cenes-Breakfast-ourdoors-1024x768.jpeg 1024w, https:\/\/www.nasetcentes.info\/wp-content\/uploads\/Na-Set-Cenes-Breakfast-ourdoors-300x225.jpeg 300w, https:\/\/www.nasetcentes.info\/wp-content\/uploads\/Na-Set-Cenes-Breakfast-ourdoors-768x576.jpeg 768w\" sizes=\"auto, (max-width: 1024px) 100vw, 1024px\" \/><\/a><\/p>\n<p>Levantarse por la ma\u00f1ana y poder tomar el desayuno fuera, en el jard\u00edn, delante de la casa, es muy agradable.<\/p>\n<p>Agroturismo Na Set Centes. Web: \u00a0 <a href=\"http:\/\/www.nasetcentes.com\">www.nasetcentes.com<\/a> \u00a0Email: <a href=\"mailto:finca@nasetcentes.com\">finca@nasetcentes.com<\/a><\/p>\n<p>28.08.18<\/p>\n<p><a href=\"https:\/\/www.nasetcentes.info\/wp-content\/uploads\/CIMG4329.jpeg\"><img loading=\"lazy\" decoding=\"async\" class=\"aligncenter size-large wp-image-703\" src=\"https:\/\/www.nasetcentes.info\/wp-content\/uploads\/CIMG4329-1024x768.jpeg\" alt=\"\" width=\"1024\" height=\"768\" srcset=\"https:\/\/www.nasetcentes.info\/wp-content\/uploads\/CIMG4329-1024x768.jpeg 1024w, https:\/\/www.nasetcentes.info\/wp-content\/uploads\/CIMG4329-300x225.jpeg 300w, https:\/\/www.nasetcentes.info\/wp-content\/uploads\/CIMG4329-768x576.jpeg 768w, https:\/\/www.nasetcentes.info\/wp-content\/uploads\/CIMG4329.jpeg 1981w\" sizes=\"auto, (max-width: 1024px) 100vw, 1024px\" \/><\/a><\/p>\n<p>En agosto hay mucha gente en Mallorca.\u00a0 Agosto es el mes &#8216;rey&#8217; de las vacaciones. Sin embargo, tambi\u00e9n en agosto Na Set Centes es un lugar tranquilo, porque ofrecemos un reducido n\u00famero de habitaciones.<\/p>\n<p>Es un tiempo ideal para nadar. Setiembre tambi\u00e9n.<\/p>\n<p>Agroturismo Na Set Centes. Web: \u00a0 <a href=\"http:\/\/www.nasetcentes.com\">www.nasetcentes.com<\/a> \u00a0Email: <a href=\"mailto:finca@nasetcentes.com\">finca@nasetcentes.com<\/a><\/p>\n<p>27.07.18<\/p>\n<p>Son las siete de la ma\u00f1ana, en un nuevo d\u00eda de verano precioso. Todo est\u00e1 en calma. El cielo azul y el frescor de la ma\u00f1ana nos indican que volveremos a tener un d\u00eda de verano estupendo.<\/p>\n<p>Pueden comprobar qu\u00e9 dias est\u00e1n disponibles en nuestra p\u00e1gina web,<br \/><a href=\"http:\/\/www.nasetcentes.com\/\">www.nasetcentes.com<\/a>, pulsando en el bot\u00f3n &#8216;Disponibilidad, Precios y Reservas&#8217;: podr\u00e1n comprobarlo en el calendario de disponibilidad.<br \/>Ante cualquier duda nos pueden enviar un email a<br \/><a href=\"mailto:finca@nasetcentes.com\">finca@nasetcentes.com<\/a><\/p>\n<p>18.05.18<\/p>\n<p>El mes de mayo es un gran mes para visitar Mallorca. Muchos de nuestros hu\u00e9spedes repetidores eligen este mes para visitarnos. Algunos reseran con una a\u00f1o de antelaci\u00f3n. Otros, en el \u00faltimo momento. Algunos prefieren reservar una habitaci\u00f3n doble, otros eligen la suite.<\/p>\n<p><a href=\"https:\/\/www.nasetcentes.info\/wp-content\/uploads\/Living-Room-from-the-Suite-N-Set-Centes.jpeg\"><img loading=\"lazy\" decoding=\"async\" class=\"aligncenter size-large wp-image-668\" src=\"https:\/\/www.nasetcentes.info\/wp-content\/uploads\/Living-Room-from-the-Suite-N-Set-Centes-1024x584.jpeg\" alt=\"\" width=\"1024\" height=\"584\" srcset=\"https:\/\/www.nasetcentes.info\/wp-content\/uploads\/Living-Room-from-the-Suite-N-Set-Centes-1024x584.jpeg 1024w, https:\/\/www.nasetcentes.info\/wp-content\/uploads\/Living-Room-from-the-Suite-N-Set-Centes-300x171.jpeg 300w, https:\/\/www.nasetcentes.info\/wp-content\/uploads\/Living-Room-from-the-Suite-N-Set-Centes-768x438.jpeg 768w, https:\/\/www.nasetcentes.info\/wp-content\/uploads\/Living-Room-from-the-Suite-N-Set-Centes.jpeg 1356w\" sizes=\"auto, (max-width: 1024px) 100vw, 1024px\" \/><\/a><\/p>\n<p>En la foto, el sal\u00f3n de la suite.<\/p>\n<p>Si desea visitar Art\u00e0 y reservar en Agroturismo Na Set Centes, ahora es posible reservar online directamente con nosotros desde nuestra web <a href=\"http:\/\/www.nasetcentes.com\/\">www.nasetcentes.com<\/a><\/p>\n<p>21.04.18<\/p>\n<p>No hay duda de que esamos en primavera. El tiempo es muy agradable. La naturaleza se encuentra en estado efervescente.<\/p>\n<p><a href=\"https:\/\/www.nasetcentes.info\/wp-content\/uploads\/CIMG4085.jpeg\"><img loading=\"lazy\" decoding=\"async\" class=\"aligncenter size-medium wp-image-656\" src=\"https:\/\/www.nasetcentes.info\/wp-content\/uploads\/CIMG4085-300x225.jpeg\" alt=\"\" width=\"300\" height=\"225\" srcset=\"https:\/\/www.nasetcentes.info\/wp-content\/uploads\/CIMG4085-300x225.jpeg 300w, https:\/\/www.nasetcentes.info\/wp-content\/uploads\/CIMG4085-768x576.jpeg 768w, https:\/\/www.nasetcentes.info\/wp-content\/uploads\/CIMG4085-1024x768.jpeg 1024w\" sizes=\"auto, (max-width: 300px) 100vw, 300px\" \/><\/a>En la foto, amapolas sobre campo de alfalfa.<\/p>\n<p><a href=\"https:\/\/www.nasetcentes.info\/wp-content\/uploads\/CIMG4039.jpeg\"><img loading=\"lazy\" decoding=\"async\" class=\"aligncenter size-medium wp-image-655\" src=\"https:\/\/www.nasetcentes.info\/wp-content\/uploads\/CIMG4039-300x225.jpeg\" alt=\"\" width=\"300\" height=\"225\" srcset=\"https:\/\/www.nasetcentes.info\/wp-content\/uploads\/CIMG4039-300x225.jpeg 300w, https:\/\/www.nasetcentes.info\/wp-content\/uploads\/CIMG4039-768x576.jpeg 768w, https:\/\/www.nasetcentes.info\/wp-content\/uploads\/CIMG4039-1024x768.jpeg 1024w, https:\/\/www.nasetcentes.info\/wp-content\/uploads\/CIMG4039.jpeg 1842w\" sizes=\"auto, (max-width: 300px) 100vw, 300px\" \/><\/a>Cesta con flores silvestre, no menos bellas que las cultivadas en el jard\u00edn.<\/p>\n<p>Si desea visitar Art\u00e0 y reservar en Agroturismo Na Set Centes, ahora es posible reservar online directamente con nosotros desde nuestra web <a href=\"http:\/\/www.nasetcentes.com\/\">www.nasetcentes.com<\/a><\/p>\n<p>23.03.18<\/p>\n<p>El pasado martes 20 de marzo lleg\u00f3 la primavera, si ben lleg\u00f3 con lluvia, viento y fr\u00edo en toda Mallorca. Y con nieve en la Sierra de Tramuntana. Aunque no es habitual tener un tiempo tan irregular en estas fechas, tampoco es la primera vez que este tipo de tiempo se da a finales de marzo. Y, no obstante, ya no estamos en febrero. Ayer luci\u00f3 el sol y hoy hemos disfrutado de un espectacular d\u00eda soleado, con cielo azul y aire l\u00edmpido.<\/p>\n<p><a href=\"https:\/\/www.nasetcentes.info\/wp-content\/uploads\/Agroturismo-Na-Set-Centes-March-2018.jpeg\"><img loading=\"lazy\" decoding=\"async\" class=\"aligncenter size-medium wp-image-640\" src=\"https:\/\/www.nasetcentes.info\/wp-content\/uploads\/Agroturismo-Na-Set-Centes-March-2018-300x225.jpeg\" alt=\"\" width=\"300\" height=\"225\" srcset=\"https:\/\/www.nasetcentes.info\/wp-content\/uploads\/Agroturismo-Na-Set-Centes-March-2018-300x225.jpeg 300w, https:\/\/www.nasetcentes.info\/wp-content\/uploads\/Agroturismo-Na-Set-Centes-March-2018-768x576.jpeg 768w, https:\/\/www.nasetcentes.info\/wp-content\/uploads\/Agroturismo-Na-Set-Centes-March-2018-1024x768.jpeg 1024w\" sizes=\"auto, (max-width: 300px) 100vw, 300px\" \/><\/a>Si desea visitar Art\u00e0 y reservar en Agroturismo Na Set Centes, ahora es posible reservar online directamente con nosotros desde nuestra web <a href=\"http:\/\/www.nasetcentes.com\/\">www.nasetcentes.com<\/a><\/p>\n<p>15.02.18<\/p>\n<p>Hoy, 15 de febrero de 2018, el tiempo vuelve a ser estupendo en Mallorca. El s\u00e1bado pasado fue el d\u00eda m\u00e1s fr\u00edo hasta la fecha. El lunes por la ma\u00f1ana cuando \u00edbamos a recoger el pan y las ensaimadas para el desayuno de nuestros hu\u00e9spedes, el term\u00f3metro marcaba 2.5 grados C, aunque debido al viento y a la nieve en las Sierra de Tramuntana la sensaci\u00f3n t\u00e9rmica era de una temperatura a\u00fan m\u00e1s fr\u00eda. El martes fue un d\u00eda fr\u00edo pero no tan h\u00famedo. Ayer volvi\u00f3 a brillar el sol y hoy disfrutamos un d\u00eda soleado y de un cielo con azul intenso. Parece primavera. Hacia las 13 horas, los term\u00f3metros ha alcanzado los 20.8 grados C . A nuestros hu\u00e9spedes les encanta caminar en la monta\u00f1a. El tiempo no puede ser mejor, para ello.<\/p>\n<p><a href=\"https:\/\/www.nasetcentes.info\/wp-content\/uploads\/Na-Set-Centes-15.jpeg\"><img loading=\"lazy\" decoding=\"async\" class=\"aligncenter size-medium wp-image-620\" src=\"https:\/\/www.nasetcentes.info\/wp-content\/uploads\/Na-Set-Centes-15-300x225.jpeg\" alt=\"\" width=\"300\" height=\"225\" srcset=\"https:\/\/www.nasetcentes.info\/wp-content\/uploads\/Na-Set-Centes-15-300x225.jpeg 300w, https:\/\/www.nasetcentes.info\/wp-content\/uploads\/Na-Set-Centes-15-768x576.jpeg 768w, https:\/\/www.nasetcentes.info\/wp-content\/uploads\/Na-Set-Centes-15-1024x768.jpeg 1024w\" sizes=\"auto, (max-width: 300px) 100vw, 300px\" \/><\/a><\/p>\n<p>Ahora es posible reservar online directamente con Na Set Centes desde nuestra web <a href=\"http:\/\/www.nasetcentes.com\/\">www.nasetcentes.com<\/a><\/p>\n<p>21.01.18<\/p>\n<p>Esta es la habitaci\u00f3n que nuestros clientes en enero han preferido. A principios de mes, el tiempo fue aut\u00e9nticamente invernal. Fr\u00edo y desapacible. Sin embargo, esta semana luce el sol y las temperaturas on suaves y agradables.<\/p>\n<div id=\"attachment_603\" style=\"width: 310px\" class=\"wp-caption aligncenter\"><a href=\"https:\/\/www.nasetcentes.info\/wp-content\/uploads\/Room-Agroturismo-Na-Set-Centes-Arta-Mallorca-1.jpeg\"><img loading=\"lazy\" decoding=\"async\" aria-describedby=\"caption-attachment-603\" class=\"size-medium wp-image-603\" src=\"https:\/\/www.nasetcentes.info\/wp-content\/uploads\/Room-Agroturismo-Na-Set-Centes-Arta-Mallorca-1-300x225.jpeg\" alt=\"\" width=\"300\" height=\"225\" srcset=\"https:\/\/www.nasetcentes.info\/wp-content\/uploads\/Room-Agroturismo-Na-Set-Centes-Arta-Mallorca-1-300x225.jpeg 300w, https:\/\/www.nasetcentes.info\/wp-content\/uploads\/Room-Agroturismo-Na-Set-Centes-Arta-Mallorca-1-768x576.jpeg 768w, https:\/\/www.nasetcentes.info\/wp-content\/uploads\/Room-Agroturismo-Na-Set-Centes-Arta-Mallorca-1-1024x768.jpeg 1024w\" sizes=\"auto, (max-width: 300px) 100vw, 300px\" \/><\/a><p id=\"caption-attachment-603\" class=\"wp-caption-text\">Enjoying holidays, enjoying nature<\/p><\/div>\n<p>Ahora es posible reservar online directamente con Na Set Centes desde nuestra web <a href=\"http:\/\/www.nasetcentes.com\/\">www.nasetcentes.com<\/a><\/p>\n<p>07.12.17<\/p>\n<p>Por la ma\u00f1ana hace fr\u00edo. Este a\u00f1o, en la zona de Art\u00e0, el tiempo es como se espera que debe ser. Ha llovido en abundancia y desde agosto. Llueve un d\u00eda o unos d\u00edas y luego vuelve el buen tiempo. En noviembre, en Na Set Centes, ha llovido una cantidad superior a los 200 l\/m2. El diciembre, ya 51 litros por metro cuadrado. En 2017, 779 l\/m2. No est\u00e1 nada mal. Adem\u00e1s llueve como toca, sin hacer da\u00f1o a los cultivos. Y en unos d\u00edas vuelve el sol.<br \/>Por la ma\u00f1ana y por la noche las temperaturas caen a niveles que se mueven entre los 3\u00baC y los 9\u00baC. De d\u00eda, suben hasta los 18\u00baC o 19\u00baC.<\/p>\n<p>Ahora es posible reservar online directamente con Na Set Centes desde nuestra web <a href=\"http:\/\/www.nasetcentes.com\/\">www.nasetcentes.com<\/a><\/p>\n<p>28.11.17<\/p>\n<p>El tiempo vuelve a ser muy agradable. Estos d\u00edas parece que volviera la primavera.<\/p>\n<p><a href=\"https:\/\/www.nasetcentes.info\/wp-content\/uploads\/CIMG3367.jpeg\"><img loading=\"lazy\" decoding=\"async\" class=\"aligncenter size-medium wp-image-581\" src=\"https:\/\/www.nasetcentes.info\/wp-content\/uploads\/CIMG3367-300x225.jpeg\" alt=\"\" width=\"300\" height=\"225\" srcset=\"https:\/\/www.nasetcentes.info\/wp-content\/uploads\/CIMG3367-300x225.jpeg 300w, https:\/\/www.nasetcentes.info\/wp-content\/uploads\/CIMG3367-768x576.jpeg 768w, https:\/\/www.nasetcentes.info\/wp-content\/uploads\/CIMG3367-1024x768.jpeg 1024w\" sizes=\"auto, (max-width: 300px) 100vw, 300px\" \/><\/a><\/p>\n<p>Ahora es posible reservar online directamente con Na Set Centes desde nuestra web <a href=\"http:\/\/www.nasetcentes.com\/\">www.nasetcentes.com<\/a><\/p>\n<p>27.09.17<\/p>\n<p>Hoy por tarde.<\/p>\n<p><a href=\"https:\/\/www.nasetcentes.info\/wp-content\/uploads\/Na-Set-Centes-September.jpeg\"><img loading=\"lazy\" decoding=\"async\" class=\"aligncenter size-medium wp-image-563\" title=\"Na Set Centes, September\" src=\"https:\/\/www.nasetcentes.info\/wp-content\/uploads\/Na-Set-Centes-September-300x225.jpg\" alt=\"\" width=\"300\" height=\"225\" srcset=\"https:\/\/www.nasetcentes.info\/wp-content\/uploads\/Na-Set-Centes-September-300x225.jpg 300w, https:\/\/www.nasetcentes.info\/wp-content\/uploads\/Na-Set-Centes-September-1024x768.jpg 1024w, https:\/\/www.nasetcentes.info\/wp-content\/uploads\/Na-Set-Centes-September.jpeg 2028w\" sizes=\"auto, (max-width: 300px) 100vw, 300px\" \/><\/a><\/p>\n<p>Ahora es posible reservar online directamente con Na Set Centes desde nuestra web <a href=\"http:\/\/www.nasetcentes.com\/\">www.nasetcentes.com<\/a><\/p>\n<p>17.09.17<a href=\"https:\/\/www.nasetcentes.info\/wp-content\/uploads\/CIMG3321.jpeg\"><img loading=\"lazy\" decoding=\"async\" class=\"aligncenter size-medium wp-image-568\" title=\"Na Set Centes, flores 17.09.17\" src=\"https:\/\/www.nasetcentes.info\/wp-content\/uploads\/CIMG3321-300x225.jpg\" alt=\"\" width=\"300\" height=\"225\" srcset=\"https:\/\/www.nasetcentes.info\/wp-content\/uploads\/CIMG3321-300x225.jpg 300w, https:\/\/www.nasetcentes.info\/wp-content\/uploads\/CIMG3321-1024x768.jpg 1024w\" sizes=\"auto, (max-width: 300px) 100vw, 300px\" \/><\/a>\u00a0 Este septiembre ha sido m\u00e1s fresco de lo habitual. Sin embrargo, hoy hace un tiempo espectacular.<\/p>\n<p>Ahora es posible reservar online directamente con Na Set Centes desde nuestra web <a href=\"http:\/\/www.nasetcentes.com\/\">www.nasetcentes.com<\/a><\/p>\n<p>01.08.17<\/p>\n<p>Todos nuestros clientes\u00a0 son especiales. Sin embargo, en Julio hemos recibido la visita de unos clientes todav\u00eda m\u00e1s especiales. \u00bfPor qu\u00e9? Porque cuando el Agroturismo Na Set Centes abri\u00f3 sus puertas al p\u00fablico en Junio del a\u00f1o 2000, los Sres. Silbereisen fueron los segundos clientes que tuvimos. Realmente los primeros que pasaron sus vacaciones una semana o m\u00e1s con nosotros. Este a\u00f1o nos han visitado otra vez. Su hija se ha casado en Mallorca este Julio y ellos nos han elegido otra vez para para pasar sus vacaciones. Recibir de nuevo su visita nos ha resultado muy grato.<\/p>\n<p>Ahora es posible reservar online directamente con Na Set Centes desde nuestra web <a href=\"http:\/\/www.nasetcentes.com\/\">www.nasetcentes.com<\/a><\/p>\n<p>14.07.17<\/p>\n<p>A nuestros clientes les gustan las ovejas, el jard\u00edn y el huerto. A nostros nos gusta la actividad agr\u00edcola y de jardiner\u00eda de la finca. Pero no solamente la parte agr\u00edcola. Na Set Centes tambi\u00e9n es un sitio ideal para relajarse y leer un buen libro en la terraza de las piscina, junto al jard\u00edn. No necesariamente, por supuesto, In Our Time, de Melvyn Bragg, sino el que les apetezca m\u00e1s. Sin embargo, en esta entrada del blog deseamos rendir nuestro homenaje al programa de radio de BBC 4 Radio &#8216;In Our Time&#8217;. En nuestra opini\u00f3n, uno de los mejores programas de radio de todo el mundo.<\/p>\n<p><a href=\"https:\/\/www.nasetcentes.info\/wp-content\/uploads\/Na-Set-Centes-In-Our-Time.jpeg\"><img loading=\"lazy\" decoding=\"async\" class=\"aligncenter size-medium wp-image-545\" title=\"Na Set Centes, In Our Time\" src=\"https:\/\/www.nasetcentes.info\/wp-content\/uploads\/Na-Set-Centes-In-Our-Time-300x225.jpg\" alt=\"Read a good book, or simply relax at Na Set Centes\" width=\"300\" height=\"225\" srcset=\"https:\/\/www.nasetcentes.info\/wp-content\/uploads\/Na-Set-Centes-In-Our-Time-300x225.jpg 300w, https:\/\/www.nasetcentes.info\/wp-content\/uploads\/Na-Set-Centes-In-Our-Time-1024x768.jpg 1024w, https:\/\/www.nasetcentes.info\/wp-content\/uploads\/Na-Set-Centes-In-Our-Time.jpeg 2028w\" sizes=\"auto, (max-width: 300px) 100vw, 300px\" \/><\/a><\/p>\n<p>Ahora es posible reservar online directamente con Na Set Centes desde nuestra web <a href=\"http:\/\/www.nasetcentes.com\/\">www.nasetcentes.com<\/a><\/p>\n<p>04.06.17<\/p>\n<p>Rosas a principios de junio. Ambiente veraniego. Muy agradable.<\/p>\n<p>Ahora es posible reservar online directamente con Na Set Centes desde nuestra web <a href=\"http:\/\/www.nasetcentes.com\/\">www.nasetcentes.com<\/a><\/p>\n<p>15.05.17<\/p>\n<p>Estamos en primavera, pero parece verano. El tiempo es c\u00e1lido y nuestros clientes ya est\u00e1n haciendo uso de la piscina.<\/p>\n<p><a href=\"https:\/\/www.nasetcentes.info\/wp-content\/uploads\/Na-Set-Centes-swimming-pool.jpeg\"><img loading=\"lazy\" decoding=\"async\" class=\"aligncenter size-medium wp-image-530\" title=\"Na Set Centes, swimming pool\" src=\"https:\/\/www.nasetcentes.info\/wp-content\/uploads\/Na-Set-Centes-swimming-pool-300x225.jpg\" alt=\"Swimming Pool, Na Set Centes\" width=\"300\" height=\"225\" srcset=\"https:\/\/www.nasetcentes.info\/wp-content\/uploads\/Na-Set-Centes-swimming-pool-300x225.jpg 300w, https:\/\/www.nasetcentes.info\/wp-content\/uploads\/Na-Set-Centes-swimming-pool-1024x768.jpg 1024w\" sizes=\"auto, (max-width: 300px) 100vw, 300px\" \/><\/a><\/p>\n<p>El jard\u00edn se muestra en todo su explendor<\/p>\n<p><a href=\"https:\/\/www.nasetcentes.info\/wp-content\/uploads\/Na-Set-Cenes-May-2017.jpeg\"><img loading=\"lazy\" decoding=\"async\" class=\"aligncenter size-medium wp-image-531\" title=\"Na Set Cenes, May 2017\" src=\"https:\/\/www.nasetcentes.info\/wp-content\/uploads\/Na-Set-Cenes-May-2017-300x225.jpg\" alt=\"Flowers from our garden, Na Set Centes 2017\" width=\"300\" height=\"225\" srcset=\"https:\/\/www.nasetcentes.info\/wp-content\/uploads\/Na-Set-Cenes-May-2017-300x225.jpg 300w, https:\/\/www.nasetcentes.info\/wp-content\/uploads\/Na-Set-Cenes-May-2017-1024x768.jpg 1024w\" sizes=\"auto, (max-width: 300px) 100vw, 300px\" \/><\/a><\/p>\n<p>Ahora es posible reservar online directamente con Na Set Centes desde nuestra web <a href=\"http:\/\/www.nasetcentes.com\/\">www.nasetcentes.com<\/a><\/p>\n<p>20.04.17<\/p>\n<p>\u00bfQu\u00e9 puede uno hacer en Art\u00e0 y alrededores en primavera? Adem\u00e1s de disfrutar del bello entorno natural de Na Set Centes se pueder ir de excursi\u00f3n, se puede ir al mar y se puede pasear por la calle principal de Art\u00e0, con sus m\u00faltiples tiendas, caf\u00e9s, restaurantes e incluso con su buena galeria de arte.<\/p>\n<p>Puede contemplar el jard\u00edn de Na Set Centes, sentado bajo el porche, despu\u00e9s de desayunar, o mientras se desayuna, pues el tiempo ya invita a salir fuera a tomar el caf\u00e9 con leche con una ensaimada o un croissant (por cierto, de una de las mejores panader\u00edas de Mallorca, Can Leu)<\/p>\n<p><a href=\"https:\/\/www.nasetcentes.info\/wp-content\/uploads\/Na-Set-Centes-Porche-en-Primavera.jpeg\"><img loading=\"lazy\" decoding=\"async\" class=\"aligncenter size-medium wp-image-507\" title=\"Na Set Centes, Porche en Primavera\" src=\"https:\/\/www.nasetcentes.info\/wp-content\/uploads\/Na-Set-Centes-Porche-en-Primavera-300x225.jpg\" alt=\"Na Set Centes, outdoors\" width=\"300\" height=\"225\" srcset=\"https:\/\/www.nasetcentes.info\/wp-content\/uploads\/Na-Set-Centes-Porche-en-Primavera-300x225.jpg 300w, https:\/\/www.nasetcentes.info\/wp-content\/uploads\/Na-Set-Centes-Porche-en-Primavera-1024x768.jpg 1024w\" sizes=\"auto, (max-width: 300px) 100vw, 300px\" \/><\/a><\/p>\n<p>Tambi\u00e9n puede deleitarse con el ambiente primaveral y la sinfon\u00eda de colores que nos brindan el jard\u00edn y el campo en esta \u00e9poca del a\u00f1o.<\/p>\n<p><a href=\"https:\/\/www.nasetcentes.info\/wp-content\/uploads\/Flores.jpeg\"><img loading=\"lazy\" decoding=\"async\" class=\"aligncenter size-medium wp-image-512\" title=\"Flores, Na Set Centes\" src=\"https:\/\/www.nasetcentes.info\/wp-content\/uploads\/Flores-300x225.jpg\" alt=\"\" width=\"300\" height=\"225\" srcset=\"https:\/\/www.nasetcentes.info\/wp-content\/uploads\/Flores-300x225.jpg 300w, https:\/\/www.nasetcentes.info\/wp-content\/uploads\/Flores-1024x768.jpg 1024w\" sizes=\"auto, (max-width: 300px) 100vw, 300px\" \/><\/a><\/p>\n<p>Pude pintar o fotografiar el campo en todo su explendor.<\/p>\n<p><a href=\"https:\/\/www.nasetcentes.info\/wp-content\/uploads\/Agroturismo-Na-Set-Centes-April-2017.jpeg\"><img loading=\"lazy\" decoding=\"async\" class=\"aligncenter size-medium wp-image-509\" title=\"Agroturismo Na Set Centes, April 2017\" src=\"https:\/\/www.nasetcentes.info\/wp-content\/uploads\/Agroturismo-Na-Set-Centes-April-2017-300x225.jpg\" alt=\"\" width=\"300\" height=\"225\" srcset=\"https:\/\/www.nasetcentes.info\/wp-content\/uploads\/Agroturismo-Na-Set-Centes-April-2017-300x225.jpg 300w, https:\/\/www.nasetcentes.info\/wp-content\/uploads\/Agroturismo-Na-Set-Centes-April-2017-1024x768.jpg 1024w\" sizes=\"auto, (max-width: 300px) 100vw, 300px\" \/><\/a><\/p>\n<p>Tambi\u00e9n puede visitar las tiendas de la Calle de Ciutat, la calle principal de Art\u00e0, como por ejemplo la tienda de Can Cabrer.<\/p>\n<p><a href=\"https:\/\/www.nasetcentes.info\/wp-content\/uploads\/Can-Cabrer.jpeg\"><img loading=\"lazy\" decoding=\"async\" class=\"aligncenter size-medium wp-image-511\" title=\"Can Cabrer\" src=\"https:\/\/www.nasetcentes.info\/wp-content\/uploads\/Can-Cabrer-300x225.jpg\" alt=\"\" width=\"300\" height=\"225\" srcset=\"https:\/\/www.nasetcentes.info\/wp-content\/uploads\/Can-Cabrer-300x225.jpg 300w, https:\/\/www.nasetcentes.info\/wp-content\/uploads\/Can-Cabrer-1024x768.jpg 1024w\" sizes=\"auto, (max-width: 300px) 100vw, 300px\" \/><\/a><\/p>\n<p>O comprarse una cesta de palmito en ArtArt\u00e0<\/p>\n<p>Tambi\u00e9n puede visitar la galeria de arte del pintor local con proyecci\u00f3n internacional Joan Peix. Con toda probabilidad, no les decepcionar\u00e1 (Su p\u00e1gina web es<a href=\"http:\/\/www.joanpeix.com\"> www.joanpeix.com )<\/a><\/p>\n<p>Y sobre todo, pueden pasar ustedes un d\u00eda estupendo.<\/p>\n<p><a href=\"https:\/\/www.nasetcentes.info\/wp-content\/uploads\/Na-Set-Cenes-Primavera.jpeg\"><img loading=\"lazy\" decoding=\"async\" class=\"aligncenter size-medium wp-image-508\" title=\"Na Set Cenes, Primavera\" src=\"https:\/\/www.nasetcentes.info\/wp-content\/uploads\/Na-Set-Cenes-Primavera-300x225.jpg\" alt=\"\" width=\"300\" height=\"225\" srcset=\"https:\/\/www.nasetcentes.info\/wp-content\/uploads\/Na-Set-Cenes-Primavera-300x225.jpg 300w, https:\/\/www.nasetcentes.info\/wp-content\/uploads\/Na-Set-Cenes-Primavera-1024x768.jpg 1024w\" sizes=\"auto, (max-width: 300px) 100vw, 300px\" \/><\/a>Si desean reservar directamente con Na Set Centes, ahora lo pueden hacer online desde nuestra p\u00e1gina web<a href=\"http:\/\/www.nasetcentes.com\"> www.nasetcentes.com<\/a> .<\/p>\n<p>02.02.17<\/p>\n<p>Despu\u00e9s de dos meses con muchos d\u00edas de lluvia, hoy el sol brilla sobre un cielo completamente azul. Ciertamente la naturaleza y la isla entera agradece la lluvia ca\u00edda desde diciembre. Y precisamente por ello, d\u00edas buenos como hoy se disfrutan a\u00fan m\u00e1s.<\/p>\n<p>Los almendros est\u00e1n en plena floraci\u00f3n. Probablemente, mantendr\u00e1n la flor todo el mes. Es un buen momento para salir al campo y disfrutar del paisaje.<\/p>\n<p>Ahora es posible reservar online directamente con Na Set Centes desde nuestra web <a href=\"http:\/\/www.nasetcentes.com\/\">www.nasetcentes.com<\/a><\/p>\n<p>07.05.16<\/p>\n<p>Desde Betlmem se puede ir, en una c\u00f3ma excursi\u00f3n de unos 45 minutos a la ida y unos 45 minutos a la vuelta, hasta el Cal\u00f3 de Betlem. La monta\u00f1as de Sa Tudossa, Atala\u00efa Freda y Atala\u00efa Moreia quedan a un lado y el mar al otro. Aunque esta foto se tom\u00f3 en Oto\u00f1o, las temperaturas siguen siendo suaves y es posible disfrutar de estos parajes en invierno.<\/p>\n<p><a href=\"https:\/\/www.nasetcentes.info\/wp-content\/uploads\/CIMG2413.jpeg\"><img loading=\"lazy\" decoding=\"async\" class=\"aligncenter size-medium wp-image-441\" title=\"Es Cal\u00f3, Art\u00e0\" src=\"https:\/\/www.nasetcentes.info\/wp-content\/uploads\/CIMG2413-300x224.jpg\" alt=\"\" width=\"300\" height=\"224\" srcset=\"https:\/\/www.nasetcentes.info\/wp-content\/uploads\/CIMG2413-300x224.jpg 300w, https:\/\/www.nasetcentes.info\/wp-content\/uploads\/CIMG2413-1024x767.jpg 1024w, https:\/\/www.nasetcentes.info\/wp-content\/uploads\/CIMG2413.jpeg 1935w\" sizes=\"auto, (max-width: 300px) 100vw, 300px\" \/><\/a><\/p>\n<p>Ahora es posible reservar online directamente con Na Set Centes desde nuestra web <a href=\"http:\/\/www.nasetcentes.com\/\">www.nasetcentes.com<\/a><\/p>\n<p>12.10.15<\/p>\n<p>Oto\u00f1o dorado. Los d\u00edas de sol se puede disfrutar tanto de la playa como de los pueblos de los alrededores o las excursiones por las monta\u00f1as de Art\u00e1<\/p>\n<p><a href=\"https:\/\/www.nasetcentes.info\/wp-content\/uploads\/CIMG2447.jpeg\"><img loading=\"lazy\" decoding=\"async\" class=\"aligncenter size-medium wp-image-432\" title=\"Na Set Centes: guests having breakfast outdoors in October, the 12th\" src=\"https:\/\/www.nasetcentes.info\/wp-content\/uploads\/CIMG2447-300x225.jpg\" alt=\"\" width=\"300\" height=\"225\" srcset=\"https:\/\/www.nasetcentes.info\/wp-content\/uploads\/CIMG2447-300x225.jpg 300w, https:\/\/www.nasetcentes.info\/wp-content\/uploads\/CIMG2447-1024x768.jpg 1024w, https:\/\/www.nasetcentes.info\/wp-content\/uploads\/CIMG2447.jpeg 1889w\" sizes=\"auto, (max-width: 300px) 100vw, 300px\" \/><\/a><\/p>\n<p>Ahora es posible reservar online directamente con Na Set Centes desde nuestra web <a href=\"http:\/\/www.nasetcentes.com\/\">www.nasetcentes.com<\/a><\/p>\n<p>07.05.15<\/p>\n<p>Mayo es uno de los meses m\u00e1s agradables de todo el a\u00f1o. Los campos est\u00e1n verdes, los d\u00edas son largos y c\u00e1lidos sin ser calurosos. Se puede ir a la playa, a la monta\u00f1a o simplemente disfrutar de la belleza natural que uno se encuentra a cada paso.<\/p>\n<p><a href=\"https:\/\/www.nasetcentes.info\/wp-content\/uploads\/Na-Set-centes-Rosas-en-primavera.jpeg\"><img loading=\"lazy\" decoding=\"async\" class=\"aligncenter size-medium wp-image-402\" title=\"Na Set centes, Rosas en Mayo\" src=\"https:\/\/www.nasetcentes.info\/wp-content\/uploads\/Na-Set-centes-Rosas-en-primavera-300x225.jpg\" alt=\"\" width=\"300\" height=\"225\" srcset=\"https:\/\/www.nasetcentes.info\/wp-content\/uploads\/Na-Set-centes-Rosas-en-primavera-300x225.jpg 300w, https:\/\/www.nasetcentes.info\/wp-content\/uploads\/Na-Set-centes-Rosas-en-primavera-1024x768.jpg 1024w, https:\/\/www.nasetcentes.info\/wp-content\/uploads\/Na-Set-centes-Rosas-en-primavera.jpeg 1981w\" sizes=\"auto, (max-width: 300px) 100vw, 300px\" \/><\/a><\/p>\n<p>Ahora es posible reservar online directamente con Na Set Centes desde nuestra web <a href=\"http:\/\/www.nasetcentes.com\/\">www.nasetcentes.com<\/a><\/p>\n<p>28.03.15<\/p>\n<p>Despu\u00e9s de dos semanas de lluvia, vuelve el buen tiempo. La primavera muestra su mejor cara.\u00a0 Es un buen momento para visitar la isla.<\/p>\n<p><a href=\"https:\/\/www.nasetcentes.info\/wp-content\/uploads\/Pimavera-28.03.15.jpeg\"><img loading=\"lazy\" decoding=\"async\" class=\"aligncenter size-medium wp-image-389\" title=\"Pimavera, 28.03.15\" src=\"https:\/\/www.nasetcentes.info\/wp-content\/uploads\/Pimavera-28.03.15-300x224.jpg\" alt=\"\" width=\"300\" height=\"224\" srcset=\"https:\/\/www.nasetcentes.info\/wp-content\/uploads\/Pimavera-28.03.15-300x224.jpg 300w, https:\/\/www.nasetcentes.info\/wp-content\/uploads\/Pimavera-28.03.15-1024x767.jpg 1024w, https:\/\/www.nasetcentes.info\/wp-content\/uploads\/Pimavera-28.03.15.jpeg 1935w\" sizes=\"auto, (max-width: 300px) 100vw, 300px\" \/><\/a><\/p>\n<p>19.11.14<\/p>\n<p>Noviembre<\/p>\n<p><a href=\"https:\/\/www.nasetcentes.info\/wp-content\/uploads\/CIMG1471.jpeg\"><img loading=\"lazy\" decoding=\"async\" class=\"aligncenter size-medium wp-image-328\" title=\"CIMG1471\" src=\"https:\/\/www.nasetcentes.info\/wp-content\/uploads\/CIMG1471-300x224.jpg\" alt=\"\" width=\"300\" height=\"224\" srcset=\"https:\/\/www.nasetcentes.info\/wp-content\/uploads\/CIMG1471-300x224.jpg 300w, https:\/\/www.nasetcentes.info\/wp-content\/uploads\/CIMG1471-1024x767.jpg 1024w, https:\/\/www.nasetcentes.info\/wp-content\/uploads\/CIMG1471.jpeg 1935w\" sizes=\"auto, (max-width: 300px) 100vw, 300px\" \/><\/a><\/p>\n<p>En noviembre los d\u00edas son m\u00e1s cortos. Sin embargo, siempre que el tiempo lo permita, es un momento estupendo para disfrutar de calma de Mallorca en oto\u00f1o. Desde el Agroturismo Na Set Centes les animamos a comprobar la previsi\u00f3n del tiempo y si va a hacer bueno venir y disfrutar de las maravillosas excursiones a lo largo de la costa, desde Cala Torta y Cala Estreta hasta Sa Font Salada, en el parque natural de Albarca. \u00a0O a visitar Betlem, e ir desde Betlem hasta Es Cal\u00f3. En ambas excursiones, el mar a un lado y al otro la monta\u00f1a y el campo.<\/p>\n<p>Ahora es posible reservar online directamente con Na Set Centes desde nuestra web <a href=\"http:\/\/www.nasetcentes.com\/\">www.nasetcentes.com<\/a><\/p>\n<p>Agroturismo Na Set Centes<\/p>\n<p>Carretera Art\u00e0 \u2013 Canyamel Km, 2,7, 07570 Art\u00e0, Mallorca<a href=\"http:\/\/www.nasetcentes.com\"><br \/><\/a><a href=\"http:\/\/www.nasetcentes.com\">www.nasetcentes.com<\/a> \u00a0Email: <a href=\"mailto:finca@nasetcentes.com\">finca@nasetcentes.com<\/a>\u00a0\u00a0 Tel. 971 83 54 29<\/p>\n<p>08.08.14<\/p>\n<p>Agosto<\/p>\n<p><a href=\"https:\/\/www.nasetcentes.info\/wp-content\/uploads\/Piscina-y-sol.jpg\"><img loading=\"lazy\" decoding=\"async\" class=\"aligncenter size-medium wp-image-219\" title=\"Piscina y Sol, Agroturismo Na Set Centes\" src=\"https:\/\/www.nasetcentes.info\/wp-content\/uploads\/Piscina-y-sol-300x225.jpg\" alt=\"\" width=\"300\" height=\"225\" srcset=\"https:\/\/www.nasetcentes.info\/wp-content\/uploads\/Piscina-y-sol-300x225.jpg 300w, https:\/\/www.nasetcentes.info\/wp-content\/uploads\/Piscina-y-sol-1024x768.jpg 1024w\" sizes=\"auto, (max-width: 300px) 100vw, 300px\" \/><\/a><\/p>\n<p>La primavera: Abril<\/p>\n<p class=\"MsoNormal\" style=\"margin-bottom: .0001pt; line-height: normal;\">Este Abril 2014 es de libro: a principios de mes llovi\u00f3 y ahora el cielo es azul, brilla el sol y las temperaturas a diario superan los veinte grados.<span style=\"mso-spacerun: yes;\">\u00a0 <\/span>Los pastos y forrajes, las flores silvestres y del jard\u00edn crecen a diario y Mallorca es una fiesta de la naturaleza. En esta foto tomada desde la terraza de una habitaci\u00f3n, se ve lo verde que est\u00e1 todo este mes. Las ovejas tambi\u00e9n lo est\u00e1n disfrutando.<\/p>\n<p class=\"MsoNormal\" style=\"margin-bottom: .0001pt; line-height: normal;\"><a href=\"https:\/\/www.nasetcentes.info\/wp-content\/uploads\/Iris.jpeg\"><img loading=\"lazy\" decoding=\"async\" class=\"aligncenter size-medium wp-image-246\" title=\"Iris\" src=\"https:\/\/www.nasetcentes.info\/wp-content\/uploads\/Iris-300x225.jpg\" alt=\"Jard\u00edn, Na Set Centes\" width=\"300\" height=\"225\" srcset=\"https:\/\/www.nasetcentes.info\/wp-content\/uploads\/Iris-300x225.jpg 300w, https:\/\/www.nasetcentes.info\/wp-content\/uploads\/Iris-1024x768.jpg 1024w, https:\/\/www.nasetcentes.info\/wp-content\/uploads\/Iris.jpeg 1889w\" sizes=\"auto, (max-width: 300px) 100vw, 300px\" \/><\/a><\/p>\n<p><!-- [if gte mso 9]><xml>\n<o:OfficeDocumentSettings>\n<o:RelyOnVML\/>\n<o:AllowPNG\/>\n<\/o:OfficeDocumentSettings>\n<\/xml><![endif]--> Estos Iris blanco est\u00e1n junto a la piscina. Ya se puede disfrutar de las terrazas y las sombrillas empiezar a cumplir su funci\u00f3n.<\/p>\n<p class=\"MsoNormal\" style=\"margin-bottom: .0001pt; line-height: normal;\">Agroturismo Na Set Centes<\/p>\n<p class=\"MsoNormal\" style=\"margin-bottom: .0001pt; line-height: normal;\">Carretera Art\u00e0 \u2013 Canyamel Km, 2,7, 07570 Art\u00e0, MallorcaTel. (0034) 971 83 54 29<\/p>\n<p>Ahora es posible reservar online directamente con Na Set Centes desde nuestra web <a href=\"http:\/\/www.nasetcentes.com\/\">www.nasetcentes.com<\/a><\/p>","protected":false},"excerpt":{"rendered":"<p>Agroturismo Na Set Centes, Carretera Art\u00e0 \u2013 Canyamel, Km. 2,7, (Carretera Ma-4042) 07570 Art\u00e0 Mallorca. Web: &nbsp; www.nasetcentes.com &nbsp;Email: finca@nasetcentes.com Como siempre, recomendamos visitar nuestra p\u00e1gina web para ver qu\u00e9 tipo de Agroturismo es Na Set Centes, cuantas habitaciones ofrecemos, qu\u00e9 actividades se pueden realizar en los alrededores, etc. Y tambi\u00e9n se puede reservar directamente [&hellip;]<\/p>\n","protected":false},"author":1,"featured_media":0,"parent":0,"menu_order":0,"comment_status":"closed","ping_status":"closed","template":"","meta":{"footnotes":""},"class_list":["post-205","page","type-page","status-publish","hentry"],"_links":{"self":[{"href":"https:\/\/www.nasetcentes.info\/index.php?rest_route=\/wp\/v2\/pages\/205","targetHints":{"allow":["GET"]}}],"collection":[{"href":"https:\/\/www.nasetcentes.info\/index.php?rest_route=\/wp\/v2\/pages"}],"about":[{"href":"https:\/\/www.nasetcentes.info\/index.php?rest_route=\/wp\/v2\/types\/page"}],"author":[{"embeddable":true,"href":"https:\/\/www.nasetcentes.info\/index.php?rest_route=\/wp\/v2\/users\/1"}],"replies":[{"embeddable":true,"href":"https:\/\/www.nasetcentes.info\/index.php?rest_route=%2Fwp%2Fv2%2Fcomments&post=205"}],"version-history":[{"count":165,"href":"https:\/\/www.nasetcentes.info\/index.php?rest_route=\/wp\/v2\/pages\/205\/revisions"}],"predecessor-version":[{"id":2017,"href":"https:\/\/www.nasetcentes.info\/index.php?rest_route=\/wp\/v2\/pages\/205\/revisions\/2017"}],"wp:attachment":[{"href":"https:\/\/www.nasetcentes.info\/index.php?rest_route=%2Fwp%2Fv2%2Fmedia&parent=205"}],"curies":[{"name":"wp","href":"https:\/\/api.w.org\/{rel}","templated":true}]}}